{"id":16331,"date":"2022-02-11T12:12:10","date_gmt":"2022-02-11T12:12:10","guid":{"rendered":"https:\/\/koinecommerce.com\/blog-cerespain\/?page_id=16331"},"modified":"2025-04-23T21:29:59","modified_gmt":"2025-04-23T19:29:59","slug":"inicio","status":"publish","type":"page","link":"https:\/\/koinecommerce.com\/blog-cerespain\/","title":{"rendered":"Blog Cerespain"},"content":{"rendered":"\t\t<div data-elementor-type=\"wp-page\" data-elementor-id=\"16331\" class=\"elementor elementor-16331\" data-elementor-post-type=\"page\">\n\t\t\t\t\t\t<section class=\"elementor-section elementor-top-section elementor-element elementor-element-22e67381 elementor-section-height-min-height elementor-section-content-middle elementor-section-boxed elementor-section-height-default elementor-section-items-middle\" data-id=\"22e67381\" data-element_type=\"section\" data-e-type=\"section\" data-settings=\"{&quot;background_background&quot;:&quot;classic&quot;,&quot;animation&quot;:&quot;none&quot;}\">\n\t\t\t\t\t\t\t<div class=\"elementor-background-overlay\"><\/div>\n\t\t\t\t\t\t\t<div class=\"elementor-container elementor-column-gap-default\">\n\t\t\t\t\t<div class=\"elementor-column elementor-col-50 elementor-top-column elementor-element elementor-element-306a5b18\" data-id=\"306a5b18\" data-element_type=\"column\" data-e-type=\"column\" data-settings=\"{&quot;background_background&quot;:&quot;classic&quot;}\">\n\t\t\t<div class=\"elementor-widget-wrap elementor-element-populated\">\n\t\t\t\t\t\t<div class=\"elementor-element elementor-element-c2f3783 elementor-widget elementor-widget-heading\" data-id=\"c2f3783\" data-element_type=\"widget\" data-e-type=\"widget\" data-widget_type=\"heading.default\">\n\t\t\t\t<div class=\"elementor-widget-container\">\n\t\t\t\t\t<h1 class=\"elementor-heading-title elementor-size-default\">Blog Cerespain<\/h1>\t\t\t\t<\/div>\n\t\t\t\t<\/div>\n\t\t\t\t<div class=\"elementor-element elementor-element-63d191a elementor-widget elementor-widget-text-editor\" data-id=\"63d191a\" data-element_type=\"widget\" data-e-type=\"widget\" data-widget_type=\"text-editor.default\">\n\t\t\t\t<div class=\"elementor-widget-container\">\n\t\t\t\t\t\t\t\t\t<h4>Gastronom\u00eda y turismo en Espa\u00f1a. El pa\u00eds m\u00e1s rico del mundo.<\/h4><h4>\u00a1Food &amp; Tourism in Spain!<\/h4>\t\t\t\t\t\t\t\t<\/div>\n\t\t\t\t<\/div>\n\t\t\t\t\t<\/div>\n\t\t<\/div>\n\t\t\t\t<div class=\"elementor-column elementor-col-50 elementor-top-column elementor-element elementor-element-0220e8a elementor-hidden-mobile\" data-id=\"0220e8a\" data-element_type=\"column\" data-e-type=\"column\">\n\t\t\t<div class=\"elementor-widget-wrap\">\n\t\t\t\t\t\t\t<\/div>\n\t\t<\/div>\n\t\t\t\t\t<\/div>\n\t\t<\/section>\n\t\t\t\t<section class=\"elementor-section elementor-top-section elementor-element elementor-element-323cfe9 elementor-section-full_width elementor-section-stretched elementor-section-height-default elementor-section-height-default\" data-id=\"323cfe9\" data-element_type=\"section\" data-e-type=\"section\" data-settings=\"{&quot;stretch_section&quot;:&quot;section-stretched&quot;}\">\n\t\t\t\t\t\t<div class=\"elementor-container elementor-column-gap-default\">\n\t\t\t\t\t<div class=\"elementor-column elementor-col-100 elementor-top-column elementor-element elementor-element-6c9a471\" data-id=\"6c9a471\" data-element_type=\"column\" data-e-type=\"column\">\n\t\t\t<div class=\"elementor-widget-wrap elementor-element-populated\">\n\t\t\t\t\t\t<div class=\"elementor-element elementor-element-1cf30a6 anwp-pg-widget-header-style--b anwp-pg-post-teaser__post-icon--size-16 elementor-arrows-position-inside elementor-pagination-position-outside elementor-widget elementor-widget-anwp-pg-simple-slider\" data-id=\"1cf30a6\" data-element_type=\"widget\" data-e-type=\"widget\" data-widget_type=\"anwp-pg-simple-slider.default\">\n\t\t\t\t<div class=\"elementor-widget-container\">\n\t\t\t\t\t<div class=\"anwp-pg-wrap\">\n\n\t\n\t<!-- Slider main container -->\n\t<div\n\t\tclass=\"anwp-pg-simple-slider anwp-pg-swiper-wrapper position-relative swiper swiper-container anwp-pg-no-transform\"\n\t\tdata-pg-slides-per-view=\"4\"\n\t\tdata-pg-slides-per-view-mobile=\"1\"\n\t\tdata-pg-slides-per-view-tablet=\"2\"\n\t\tdata-pg-slides-per-group=\"1\"\n\t\tdata-pg-slides-per-group-mobile=\"1\"\n\t\tdata-pg-slides-per-group-tablet=\"1\"\n\t\tdata-pg-autoplay=\"yes\"\n\t\tdata-pg-autoplay-delay=\"5000\"\n\t\tdata-pg-space-between=\"20\"\n\t\tdata-pg-effect=\"slide\"\n\t\tdata-pg-enable-observer=\"no\"\n\t\tdata-pg-loop=\"no\"\n\t\tdir=\"ltr\"\n\t>\n\t\t<!-- Additional required wrapper -->\n\t\t<div class=\"swiper-wrapper\">\n\t\t\t<!-- Slides -->\n\t\t\t<div class=\"anwp-pg-post-teaser anwp-pg-post-teaser--layout-a swiper-slide\">\n\t<div class=\"anwp-pg-post-teaser__thumbnail position-relative\">\n\n\t\t\n\t\t\t\t\t<img loading=\"lazy\" class=\"anwp-pg-post-teaser__thumbnail-img d-block anwp-pg-height-180 anwp-object-cover m-0 w-100\"\n\t\t\t\talt=\"Queso Idiaz\u00e1bal\"\n\t\t\t\tsrc=\"https:\/\/koinecommerce.com\/blog-cerespain\/wp-content\/uploads\/2025\/11\/Elaborar-queso-Idiazabal.jpg\" \/>\n\t\t\n\t\t<div class=\"anwp-pg-post-teaser__muted_bg\"><\/div>\n\t\t<div class=\"anwp-pg-post-teaser__thumbnail-bg anwp-position-cover\"><\/div>\n\n\t\t<div class=\"anwp-pg-post-teaser__content d-flex flex-column anwp-position-cover\">\n\t\t\t<div class=\"anwp-pg-post-teaser__top-meta d-flex mb-2\">\n\t\t\t\t\t\t\t<\/div>\n\n\t\t\t\t\t\t\t<div class=\"d-flex flex-column anwp-pg-post-teaser__category-column ml-auto\">\n\t\t\t\t\t<div class=\"anwp-pg-category__wrapper-filled px-2 d-flex align-items-center anwp-pg-post-teaser__category-wrapper align-self-end anwp-pg-category-parent-0\" style=\"background-color: #1565C0\"><span>M\u00e9todos de Producci\u00f3n Productos<\/span><\/div>\t\t\t\t<\/div>\n\t\t\t\n\t\t\t<div class=\"anwp-pg-post-teaser__title anwp-font-heading mt-auto mb-1\">\n\t\t\t\tQueso Idiaz\u00e1bal\t\t\t<\/div>\n\n\t\t\t\t\t\t\t<div class=\"anwp-pg-post-teaser__bottom-meta mt-1 position-relative mb-2\">\n\t\t\t\t\t<span class=\"posted-on m-0\"><span class=\"screen-reader-text\">Posted on<\/span><time class=\"anwp-pg-published\" datetime=\"2025-12-06T19:19:12+02:00\">6 de diciembre de 2025<\/time><time class=\"anwp-pg-updated\" datetime=\"2025-12-07T20:09:39+02:00\">7 de diciembre de 2025<\/time><\/span>\n\t\t\t\t<\/div>\n\t\t\t\t\t<\/div>\n\n\t\t<a class=\"anwp-position-cover anwp-link-without-effects\" href=\"https:\/\/koinecommerce.com\/blog-cerespain\/queso-idiazabal\/\" aria-hidden=\"true\" ><\/a>\n\t<\/div>\n<\/div>\n<div class=\"anwp-pg-post-teaser anwp-pg-post-teaser--layout-a swiper-slide\">\n\t<div class=\"anwp-pg-post-teaser__thumbnail position-relative\">\n\n\t\t\n\t\t\t\t\t<img loading=\"lazy\" class=\"anwp-pg-post-teaser__thumbnail-img d-block anwp-pg-height-180 anwp-object-cover m-0 w-100\"\n\t\t\t\talt=\"Idiaz\u00e1bal\"\n\t\t\t\tsrc=\"https:\/\/koinecommerce.com\/blog-cerespain\/wp-content\/uploads\/2025\/11\/Quesos-Idiazabal.jpg\" \/>\n\t\t\n\t\t<div class=\"anwp-pg-post-teaser__muted_bg\"><\/div>\n\t\t<div class=\"anwp-pg-post-teaser__thumbnail-bg anwp-position-cover\"><\/div>\n\n\t\t<div class=\"anwp-pg-post-teaser__content d-flex flex-column anwp-position-cover\">\n\t\t\t<div class=\"anwp-pg-post-teaser__top-meta d-flex mb-2\">\n\t\t\t\t\t\t\t<\/div>\n\n\t\t\t\t\t\t\t<div class=\"d-flex flex-column anwp-pg-post-teaser__category-column ml-auto\">\n\t\t\t\t\t<div class=\"anwp-pg-category__wrapper-filled px-2 d-flex align-items-center anwp-pg-post-teaser__category-wrapper align-self-end anwp-pg-category-parent-0\" style=\"background-color: #1565C0\"><span>Denominaciones de Origen<\/span><\/div>\t\t\t\t<\/div>\n\t\t\t\n\t\t\t<div class=\"anwp-pg-post-teaser__title anwp-font-heading mt-auto mb-1\">\n\t\t\t\tIdiaz\u00e1bal\t\t\t<\/div>\n\n\t\t\t\t\t\t\t<div class=\"anwp-pg-post-teaser__bottom-meta mt-1 position-relative mb-2\">\n\t\t\t\t\t<span class=\"posted-on m-0\"><span class=\"screen-reader-text\">Posted on<\/span><time class=\"anwp-pg-published\" datetime=\"2025-12-06T19:18:24+02:00\">6 de diciembre de 2025<\/time><time class=\"anwp-pg-updated\" datetime=\"2025-12-06T20:22:02+02:00\">6 de diciembre de 2025<\/time><\/span>\n\t\t\t\t<\/div>\n\t\t\t\t\t<\/div>\n\n\t\t<a class=\"anwp-position-cover anwp-link-without-effects\" href=\"https:\/\/koinecommerce.com\/blog-cerespain\/idiazabal\/\" aria-hidden=\"true\" ><\/a>\n\t<\/div>\n<\/div>\n<div class=\"anwp-pg-post-teaser anwp-pg-post-teaser--layout-a swiper-slide\">\n\t<div class=\"anwp-pg-post-teaser__thumbnail position-relative\">\n\n\t\t\n\t\t\t\t\t<img loading=\"lazy\" class=\"anwp-pg-post-teaser__thumbnail-img d-block anwp-pg-height-180 anwp-object-cover m-0 w-100\"\n\t\t\t\talt=\"Quesos y Mantequillas\"\n\t\t\t\tsrc=\"https:\/\/koinecommerce.com\/blog-cerespain\/wp-content\/uploads\/2025\/07\/Quesos-y-mantequillas.jpg\" \/>\n\t\t\n\t\t<div class=\"anwp-pg-post-teaser__muted_bg\"><\/div>\n\t\t<div class=\"anwp-pg-post-teaser__thumbnail-bg anwp-position-cover\"><\/div>\n\n\t\t<div class=\"anwp-pg-post-teaser__content d-flex flex-column anwp-position-cover\">\n\t\t\t<div class=\"anwp-pg-post-teaser__top-meta d-flex mb-2\">\n\t\t\t\t\t\t\t<\/div>\n\n\t\t\t\t\t\t\t<div class=\"d-flex flex-column anwp-pg-post-teaser__category-column ml-auto\">\n\t\t\t\t\t<div class=\"anwp-pg-category__wrapper-filled px-2 d-flex align-items-center anwp-pg-post-teaser__category-wrapper align-self-end anwp-pg-category-parent-0\" style=\"background-color: #1565C0\"><span>M\u00e9todos de Producci\u00f3n Productos<\/span><\/div>\t\t\t\t<\/div>\n\t\t\t\n\t\t\t<div class=\"anwp-pg-post-teaser__title anwp-font-heading mt-auto mb-1\">\n\t\t\t\tQuesos y Mantequillas\t\t\t<\/div>\n\n\t\t\t\t\t\t\t<div class=\"anwp-pg-post-teaser__bottom-meta mt-1 position-relative mb-2\">\n\t\t\t\t\t<span class=\"posted-on m-0\"><span class=\"screen-reader-text\">Posted on<\/span><time class=\"anwp-pg-published\" datetime=\"2025-07-21T20:01:46+02:00\">21 de julio de 2025<\/time><time class=\"anwp-pg-updated\" datetime=\"2025-12-08T20:05:12+02:00\">8 de diciembre de 2025<\/time><\/span>\n\t\t\t\t<\/div>\n\t\t\t\t\t<\/div>\n\n\t\t<a class=\"anwp-position-cover anwp-link-without-effects\" href=\"https:\/\/koinecommerce.com\/blog-cerespain\/quesos-y-mantequillas\/\" aria-hidden=\"true\" ><\/a>\n\t<\/div>\n<\/div>\n<div class=\"anwp-pg-post-teaser anwp-pg-post-teaser--layout-a swiper-slide\">\n\t<div class=\"anwp-pg-post-teaser__thumbnail position-relative\">\n\n\t\t\n\t\t\t\t\t<img loading=\"lazy\" class=\"anwp-pg-post-teaser__thumbnail-img d-block anwp-pg-height-180 anwp-object-cover m-0 w-100\"\n\t\t\t\talt=\"Afuega&#8217;l Pitu\"\n\t\t\t\tsrc=\"https:\/\/koinecommerce.com\/blog-cerespain\/wp-content\/uploads\/2025\/07\/Quesos-Afuegal-Pitu.jpg\" \/>\n\t\t\n\t\t<div class=\"anwp-pg-post-teaser__muted_bg\"><\/div>\n\t\t<div class=\"anwp-pg-post-teaser__thumbnail-bg anwp-position-cover\"><\/div>\n\n\t\t<div class=\"anwp-pg-post-teaser__content d-flex flex-column anwp-position-cover\">\n\t\t\t<div class=\"anwp-pg-post-teaser__top-meta d-flex mb-2\">\n\t\t\t\t\t\t\t<\/div>\n\n\t\t\t\t\t\t\t<div class=\"d-flex flex-column anwp-pg-post-teaser__category-column ml-auto\">\n\t\t\t\t\t<div class=\"anwp-pg-category__wrapper-filled px-2 d-flex align-items-center anwp-pg-post-teaser__category-wrapper align-self-end anwp-pg-category-parent-0\" style=\"background-color: #1565C0\"><span>Denominaciones de Origen<\/span><\/div>\t\t\t\t<\/div>\n\t\t\t\n\t\t\t<div class=\"anwp-pg-post-teaser__title anwp-font-heading mt-auto mb-1\">\n\t\t\t\tAfuega&#8217;l Pitu\t\t\t<\/div>\n\n\t\t\t\t\t\t\t<div class=\"anwp-pg-post-teaser__bottom-meta mt-1 position-relative mb-2\">\n\t\t\t\t\t<span class=\"posted-on m-0\"><span class=\"screen-reader-text\">Posted on<\/span><time class=\"anwp-pg-published\" datetime=\"2025-07-15T20:49:11+02:00\">15 de julio de 2025<\/time><time class=\"anwp-pg-updated\" datetime=\"2025-07-21T20:09:30+02:00\">21 de julio de 2025<\/time><\/span>\n\t\t\t\t<\/div>\n\t\t\t\t\t<\/div>\n\n\t\t<a class=\"anwp-position-cover anwp-link-without-effects\" href=\"https:\/\/koinecommerce.com\/blog-cerespain\/afuegal-pitu\/\" aria-hidden=\"true\" ><\/a>\n\t<\/div>\n<\/div>\n<div class=\"anwp-pg-post-teaser anwp-pg-post-teaser--layout-a swiper-slide\">\n\t<div class=\"anwp-pg-post-teaser__thumbnail position-relative\">\n\n\t\t\n\t\t\t\t\t<img loading=\"lazy\" class=\"anwp-pg-post-teaser__thumbnail-img d-block anwp-pg-height-180 anwp-object-cover m-0 w-100\"\n\t\t\t\talt=\"Queso Afuega&#8217;l Pitu\"\n\t\t\t\tsrc=\"https:\/\/koinecommerce.com\/blog-cerespain\/wp-content\/uploads\/2025\/07\/Quesos-Afuegal-Pitu-1.jpg\" \/>\n\t\t\n\t\t<div class=\"anwp-pg-post-teaser__muted_bg\"><\/div>\n\t\t<div class=\"anwp-pg-post-teaser__thumbnail-bg anwp-position-cover\"><\/div>\n\n\t\t<div class=\"anwp-pg-post-teaser__content d-flex flex-column anwp-position-cover\">\n\t\t\t<div class=\"anwp-pg-post-teaser__top-meta d-flex mb-2\">\n\t\t\t\t\t\t\t<\/div>\n\n\t\t\t\t\t\t\t<div class=\"d-flex flex-column anwp-pg-post-teaser__category-column ml-auto\">\n\t\t\t\t\t<div class=\"anwp-pg-category__wrapper-filled px-2 d-flex align-items-center anwp-pg-post-teaser__category-wrapper align-self-end anwp-pg-category-parent-0\" style=\"background-color: #1565C0\"><span>M\u00e9todos de Producci\u00f3n Productos<\/span><\/div>\t\t\t\t<\/div>\n\t\t\t\n\t\t\t<div class=\"anwp-pg-post-teaser__title anwp-font-heading mt-auto mb-1\">\n\t\t\t\tQueso Afuega&#8217;l Pitu\t\t\t<\/div>\n\n\t\t\t\t\t\t\t<div class=\"anwp-pg-post-teaser__bottom-meta mt-1 position-relative mb-2\">\n\t\t\t\t\t<span class=\"posted-on m-0\"><span class=\"screen-reader-text\">Posted on<\/span><time class=\"anwp-pg-published\" datetime=\"2025-07-15T20:48:28+02:00\">15 de julio de 2025<\/time><time class=\"anwp-pg-updated\" datetime=\"2025-07-21T20:07:07+02:00\">21 de julio de 2025<\/time><\/span>\n\t\t\t\t<\/div>\n\t\t\t\t\t<\/div>\n\n\t\t<a class=\"anwp-position-cover anwp-link-without-effects\" href=\"https:\/\/koinecommerce.com\/blog-cerespain\/queso-afuegal-pitu\/\" aria-hidden=\"true\" ><\/a>\n\t<\/div>\n<\/div>\n<div class=\"anwp-pg-post-teaser anwp-pg-post-teaser--layout-a swiper-slide\">\n\t<div class=\"anwp-pg-post-teaser__thumbnail position-relative\">\n\n\t\t\n\t\t\t\t\t<img loading=\"lazy\" class=\"anwp-pg-post-teaser__thumbnail-img d-block anwp-pg-height-180 anwp-object-cover m-0 w-100\"\n\t\t\t\talt=\"Queso manchego\"\n\t\t\t\tsrc=\"https:\/\/koinecommerce.com\/blog-cerespain\/wp-content\/uploads\/2025\/06\/Queso-Manchego.jpg\" \/>\n\t\t\n\t\t<div class=\"anwp-pg-post-teaser__muted_bg\"><\/div>\n\t\t<div class=\"anwp-pg-post-teaser__thumbnail-bg anwp-position-cover\"><\/div>\n\n\t\t<div class=\"anwp-pg-post-teaser__content d-flex flex-column anwp-position-cover\">\n\t\t\t<div class=\"anwp-pg-post-teaser__top-meta d-flex mb-2\">\n\t\t\t\t\t\t\t<\/div>\n\n\t\t\t\t\t\t\t<div class=\"d-flex flex-column anwp-pg-post-teaser__category-column ml-auto\">\n\t\t\t\t\t<div class=\"anwp-pg-category__wrapper-filled px-2 d-flex align-items-center anwp-pg-post-teaser__category-wrapper align-self-end anwp-pg-category-parent-0\" style=\"background-color: #1565C0\"><span>Denominaciones de Origen<\/span><\/div>\t\t\t\t<\/div>\n\t\t\t\n\t\t\t<div class=\"anwp-pg-post-teaser__title anwp-font-heading mt-auto mb-1\">\n\t\t\t\tQueso manchego\t\t\t<\/div>\n\n\t\t\t\t\t\t\t<div class=\"anwp-pg-post-teaser__bottom-meta mt-1 position-relative mb-2\">\n\t\t\t\t\t<span class=\"posted-on m-0\"><span class=\"screen-reader-text\">Posted on<\/span><time class=\"anwp-pg-published\" datetime=\"2025-06-26T20:11:49+02:00\">26 de junio de 2025<\/time><time class=\"anwp-pg-updated\" datetime=\"2025-06-30T19:42:27+02:00\">30 de junio de 2025<\/time><\/span>\n\t\t\t\t<\/div>\n\t\t\t\t\t<\/div>\n\n\t\t<a class=\"anwp-position-cover anwp-link-without-effects\" href=\"https:\/\/koinecommerce.com\/blog-cerespain\/queso-manchego\/\" aria-hidden=\"true\" ><\/a>\n\t<\/div>\n<\/div>\n<div class=\"anwp-pg-post-teaser anwp-pg-post-teaser--layout-a swiper-slide\">\n\t<div class=\"anwp-pg-post-teaser__thumbnail position-relative\">\n\n\t\t\n\t\t\t\t\t<img loading=\"lazy\" class=\"anwp-pg-post-teaser__thumbnail-img d-block anwp-pg-height-180 anwp-object-cover m-0 w-100\"\n\t\t\t\talt=\"Calabacines con at\u00fan\"\n\t\t\t\tsrc=\"https:\/\/koinecommerce.com\/blog-cerespain\/wp-content\/uploads\/2025\/06\/Calabacines-con-atun.jpg\" \/>\n\t\t\n\t\t<div class=\"anwp-pg-post-teaser__muted_bg\"><\/div>\n\t\t<div class=\"anwp-pg-post-teaser__thumbnail-bg anwp-position-cover\"><\/div>\n\n\t\t<div class=\"anwp-pg-post-teaser__content d-flex flex-column anwp-position-cover\">\n\t\t\t<div class=\"anwp-pg-post-teaser__top-meta d-flex mb-2\">\n\t\t\t\t\t\t\t<\/div>\n\n\t\t\t\t\t\t\t<div class=\"d-flex flex-column anwp-pg-post-teaser__category-column ml-auto\">\n\t\t\t\t\t<div class=\"anwp-pg-category__wrapper-filled px-2 d-flex align-items-center anwp-pg-post-teaser__category-wrapper align-self-end anwp-pg-category-parent-0\" style=\"background-color: #1565C0\"><span>Gastronom\u00eda de Espa\u00f1a<\/span><\/div>\t\t\t\t<\/div>\n\t\t\t\n\t\t\t<div class=\"anwp-pg-post-teaser__title anwp-font-heading mt-auto mb-1\">\n\t\t\t\tCalabacines con at\u00fan\t\t\t<\/div>\n\n\t\t\t\t\t\t\t<div class=\"anwp-pg-post-teaser__bottom-meta mt-1 position-relative mb-2\">\n\t\t\t\t\t<span class=\"posted-on m-0\"><span class=\"screen-reader-text\">Posted on<\/span><time class=\"anwp-pg-published\" datetime=\"2025-06-22T19:34:56+02:00\">22 de junio de 2025<\/time><time class=\"anwp-pg-updated\" datetime=\"2025-06-22T19:39:39+02:00\">22 de junio de 2025<\/time><\/span>\n\t\t\t\t<\/div>\n\t\t\t\t\t<\/div>\n\n\t\t<a class=\"anwp-position-cover anwp-link-without-effects\" href=\"https:\/\/koinecommerce.com\/blog-cerespain\/calabacines-con-atun\/\" aria-hidden=\"true\" ><\/a>\n\t<\/div>\n<\/div>\n<div class=\"anwp-pg-post-teaser anwp-pg-post-teaser--layout-a swiper-slide\">\n\t<div class=\"anwp-pg-post-teaser__thumbnail position-relative\">\n\n\t\t\n\t\t\t\t\t<img loading=\"lazy\" class=\"anwp-pg-post-teaser__thumbnail-img d-block anwp-pg-height-180 anwp-object-cover m-0 w-100\"\n\t\t\t\talt=\"Pollo con tomate\"\n\t\t\t\tsrc=\"https:\/\/koinecommerce.com\/blog-cerespain\/wp-content\/uploads\/2025\/06\/Pollo-con-tomate.jpg\" \/>\n\t\t\n\t\t<div class=\"anwp-pg-post-teaser__muted_bg\"><\/div>\n\t\t<div class=\"anwp-pg-post-teaser__thumbnail-bg anwp-position-cover\"><\/div>\n\n\t\t<div class=\"anwp-pg-post-teaser__content d-flex flex-column anwp-position-cover\">\n\t\t\t<div class=\"anwp-pg-post-teaser__top-meta d-flex mb-2\">\n\t\t\t\t\t\t\t<\/div>\n\n\t\t\t\t\t\t\t<div class=\"d-flex flex-column anwp-pg-post-teaser__category-column ml-auto\">\n\t\t\t\t\t<div class=\"anwp-pg-category__wrapper-filled px-2 d-flex align-items-center anwp-pg-post-teaser__category-wrapper align-self-end anwp-pg-category-parent-0\" style=\"background-color: #1565C0\"><span>Gastronom\u00eda de Espa\u00f1a<\/span><\/div>\t\t\t\t<\/div>\n\t\t\t\n\t\t\t<div class=\"anwp-pg-post-teaser__title anwp-font-heading mt-auto mb-1\">\n\t\t\t\tPollo con tomate\t\t\t<\/div>\n\n\t\t\t\t\t\t\t<div class=\"anwp-pg-post-teaser__bottom-meta mt-1 position-relative mb-2\">\n\t\t\t\t\t<span class=\"posted-on m-0\"><span class=\"screen-reader-text\">Posted on<\/span><time class=\"anwp-pg-published\" datetime=\"2025-06-18T19:47:25+02:00\">18 de junio de 2025<\/time><time class=\"anwp-pg-updated\" datetime=\"2025-06-18T20:58:58+02:00\">18 de junio de 2025<\/time><\/span>\n\t\t\t\t<\/div>\n\t\t\t\t\t<\/div>\n\n\t\t<a class=\"anwp-position-cover anwp-link-without-effects\" href=\"https:\/\/koinecommerce.com\/blog-cerespain\/pollo-con-tomate\/\" aria-hidden=\"true\" ><\/a>\n\t<\/div>\n<\/div>\n<div class=\"anwp-pg-post-teaser anwp-pg-post-teaser--layout-a swiper-slide\">\n\t<div class=\"anwp-pg-post-teaser__thumbnail position-relative\">\n\n\t\t\n\t\t\t\t\t<img loading=\"lazy\" class=\"anwp-pg-post-teaser__thumbnail-img d-block anwp-pg-height-180 anwp-object-cover m-0 w-100\"\n\t\t\t\talt=\"Cardo a la navarra\"\n\t\t\t\tsrc=\"https:\/\/koinecommerce.com\/blog-cerespain\/wp-content\/uploads\/2025\/05\/Cardo-a-la-navarra.jpg\" \/>\n\t\t\n\t\t<div class=\"anwp-pg-post-teaser__muted_bg\"><\/div>\n\t\t<div class=\"anwp-pg-post-teaser__thumbnail-bg anwp-position-cover\"><\/div>\n\n\t\t<div class=\"anwp-pg-post-teaser__content d-flex flex-column anwp-position-cover\">\n\t\t\t<div class=\"anwp-pg-post-teaser__top-meta d-flex mb-2\">\n\t\t\t\t\t\t\t<\/div>\n\n\t\t\t\t\t\t\t<div class=\"d-flex flex-column anwp-pg-post-teaser__category-column ml-auto\">\n\t\t\t\t\t<div class=\"anwp-pg-category__wrapper-filled px-2 d-flex align-items-center anwp-pg-post-teaser__category-wrapper align-self-end anwp-pg-category-parent-0\" style=\"background-color: #1565C0\"><span>Gastronom\u00eda de Espa\u00f1a<\/span><\/div>\t\t\t\t<\/div>\n\t\t\t\n\t\t\t<div class=\"anwp-pg-post-teaser__title anwp-font-heading mt-auto mb-1\">\n\t\t\t\tCardo a la navarra\t\t\t<\/div>\n\n\t\t\t\t\t\t\t<div class=\"anwp-pg-post-teaser__bottom-meta mt-1 position-relative mb-2\">\n\t\t\t\t\t<span class=\"posted-on m-0\"><span class=\"screen-reader-text\">Posted on<\/span><time class=\"anwp-pg-published\" datetime=\"2025-05-01T19:36:01+02:00\">1 de mayo de 2025<\/time><time class=\"anwp-pg-updated\" datetime=\"2025-05-02T17:41:41+02:00\">2 de mayo de 2025<\/time><\/span>\n\t\t\t\t<\/div>\n\t\t\t\t\t<\/div>\n\n\t\t<a class=\"anwp-position-cover anwp-link-without-effects\" href=\"https:\/\/koinecommerce.com\/blog-cerespain\/cardo-a-la-navarra\/\" aria-hidden=\"true\" ><\/a>\n\t<\/div>\n<\/div>\n\t\t<\/div>\n\n\t\t\t\t\t\t\t\t\t<div class=\"swiper-pagination\"><\/div>\n\t\t\t\t\t\t\t\t\t\t<div class=\"elementor-swiper-button elementor-swiper-button-prev\">\n\t\t\t\t\t<svg class=\"anwp-pg-icon anwp-pg-icon--feather anwp-pg-icon--s28\">\n\t\t\t\t\t\t<use xlink:href=\"#icon-anwp-pg-chevron-left\"><\/use>\n\t\t\t\t\t<\/svg>\n\t\t\t\t\t<span class=\"elementor-screen-only\">Previous<\/span>\n\t\t\t\t<\/div>\n\t\t\t\t<div class=\"elementor-swiper-button elementor-swiper-button-next\">\n\t\t\t\t\t<svg class=\"anwp-pg-icon anwp-pg-icon--feather anwp-pg-icon--s28\">\n\t\t\t\t\t\t<use xlink:href=\"#icon-anwp-pg-chevron-right\"><\/use>\n\t\t\t\t\t<\/svg>\n\t\t\t\t\t<span class=\"elementor-screen-only\">Next<\/span>\n\t\t\t\t<\/div>\n\t\t\t\t\t\t<\/div>\n<\/div>\n\t\t\t\t<\/div>\n\t\t\t\t<\/div>\n\t\t\t\t\t<\/div>\n\t\t<\/div>\n\t\t\t\t\t<\/div>\n\t\t<\/section>\n\t\t\t\t<section class=\"elementor-section elementor-top-section elementor-element elementor-element-735500e elementor-section-boxed elementor-section-height-default elementor-section-height-default\" data-id=\"735500e\" data-element_type=\"section\" data-e-type=\"section\">\n\t\t\t\t\t\t<div class=\"elementor-container elementor-column-gap-default\">\n\t\t\t\t\t<div class=\"elementor-column elementor-col-50 elementor-top-column elementor-element elementor-element-daeb85d\" data-id=\"daeb85d\" data-element_type=\"column\" data-e-type=\"column\">\n\t\t\t<div class=\"elementor-widget-wrap elementor-element-populated\">\n\t\t\t\t\t\t<section class=\"elementor-section elementor-inner-section elementor-element elementor-element-d4c0d49 elementor-section-boxed elementor-section-height-default elementor-section-height-default\" data-id=\"d4c0d49\" data-element_type=\"section\" data-e-type=\"section\">\n\t\t\t\t\t\t<div class=\"elementor-container elementor-column-gap-default\">\n\t\t\t\t\t<div class=\"elementor-column elementor-col-100 elementor-inner-column elementor-element elementor-element-c0782c7\" data-id=\"c0782c7\" data-element_type=\"column\" data-e-type=\"column\">\n\t\t\t<div class=\"elementor-widget-wrap elementor-element-populated\">\n\t\t\t\t\t\t<div class=\"elementor-element elementor-element-d52bd38 elementor-widget__width-auto elementor-widget elementor-widget-heading\" data-id=\"d52bd38\" data-element_type=\"widget\" data-e-type=\"widget\" data-widget_type=\"heading.default\">\n\t\t\t\t<div class=\"elementor-widget-container\">\n\t\t\t\t\t<p class=\"elementor-heading-title elementor-size-default\"><a href=\"https:\/\/koinecommerce.com\/blog-cerespain\/denominaciones-de-origen\/\">DENOMINACIONES DE ORIGEN<\/a><\/p>\t\t\t\t<\/div>\n\t\t\t\t<\/div>\n\t\t\t\t<div class=\"elementor-element elementor-element-c5d35da elementor-widget-divider--view-line elementor-widget elementor-widget-divider\" data-id=\"c5d35da\" data-element_type=\"widget\" data-e-type=\"widget\" data-widget_type=\"divider.default\">\n\t\t\t\t<div class=\"elementor-widget-container\">\n\t\t\t\t\t\t\t<div class=\"elementor-divider\">\n\t\t\t<span class=\"elementor-divider-separator\">\n\t\t\t\t\t\t<\/span>\n\t\t<\/div>\n\t\t\t\t\t\t<\/div>\n\t\t\t\t<\/div>\n\t\t\t\t\t<\/div>\n\t\t<\/div>\n\t\t\t\t\t<\/div>\n\t\t<\/section>\n\t\t\t\t<div class=\"elementor-element elementor-element-5e44892 anwp-pg-widget-header-style--a anwp-pg-post-teaser__post-icon--size-16 elementor-widget elementor-widget-anwp-pg-classic-blog\" data-id=\"5e44892\" data-element_type=\"widget\" data-e-type=\"widget\" data-widget_type=\"anwp-pg-classic-blog.default\">\n\t\t\t\t<div class=\"elementor-widget-container\">\n\t\t\t\t\t<div class=\"anwp-pg-wrap\">\n\n\t\n\t<div class=\"anwp-pg-classic-blog anwp-pg-posts-wrapper\">\n\t\t<div class=\"anwp-pg-post-teaser anwp-pg-post-teaser--layout-classic anwp-row anwp-no-gutters\">\n\n\t\t\t<div class=\"anwp-pg-post-teaser__thumbnail position-relative mb-2 mb-md-0 anwp-col-md-6\">\n\t\t\t\n\t\t\t<img decoding=\"async\" loading=\"lazy\" src=\"https:\/\/koinecommerce.com\/blog-cerespain\/wp-content\/uploads\/2025\/11\/Quesos-Idiazabal.jpg\"\/>\n\n\t\t\t<div class=\"anwp-pg-post-teaser__thumbnail-classic-bg anwp-position-cover\"><\/div>\n\n\t\t\t<a class=\"anwp-position-cover anwp-link-without-effects\" href=\"https:\/\/koinecommerce.com\/blog-cerespain\/idiazabal\/\" aria-hidden=\"true\" ><\/a>\n\t\t<\/div>\n\t\n\t<div class=\"anwp-pg-post-teaser__content anwp-col-md-6\">\n\n\t\t<div class=\"anwp-pg-post-teaser__title anwp-font-heading my-2\">\n\t\t\t<a class=\"anwp-link-without-effects\" href=\"https:\/\/koinecommerce.com\/blog-cerespain\/idiazabal\/\" aria-hidden=\"true\" >\n\t\t\t\tIdiaz\u00e1bal\t\t\t<\/a>\n\t\t<\/div>\n\n\t\t<div class=\"anwp-pg-post-teaser__bottom-meta d-flex flex-wrap\">\n\n\t\t\t\n\t\t\t\t\t\t\t<div class=\"anwp-pg-post-teaser__bottom-meta-item d-flex align-items-center mr-4\">\n\t\t\t\t\t<svg class=\"anwp-pg-icon anwp-pg-icon--s16 mr-2\">\n\t\t\t\t\t\t<use xlink:href=\"#icon-anwp-pg-calendar\"><\/use>\n\t\t\t\t\t<\/svg>\n\t\t\t\t\t<span class=\"screen-reader-text\">Posted on<\/span><time class=\"anwp-pg-published\" datetime=\"2025-12-06T19:18:24+02:00\">6 de diciembre de 2025<\/time><time class=\"anwp-pg-updated\" datetime=\"2025-12-06T20:22:02+02:00\">6 de diciembre de 2025<\/time>\t\t\t\t<\/div>\n\t\t\t\t\t\t<\/div>\n\n\t\t<div class=\"anwp-pg-post-teaser__excerpt mt-2\">\n\t\t\tIdiaz\u00e1bal, queso con Denominaci\u00f3n de Origen Protegida. La leche para elaborar los quesos con DOP Idiaz\u00e1bal procede sobre ...\t\t<\/div>\n\n\t\t\t<\/div>\n<\/div>\n<div class=\"anwp-pg-post-teaser anwp-pg-post-teaser--layout-classic anwp-row anwp-no-gutters\">\n\n\t\t\t<div class=\"anwp-pg-post-teaser__thumbnail position-relative mb-2 mb-md-0 anwp-col-md-6\">\n\t\t\t\n\t\t\t<img decoding=\"async\" loading=\"lazy\" src=\"https:\/\/koinecommerce.com\/blog-cerespain\/wp-content\/uploads\/2025\/07\/Quesos-Afuegal-Pitu.jpg\"\/>\n\n\t\t\t<div class=\"anwp-pg-post-teaser__thumbnail-classic-bg anwp-position-cover\"><\/div>\n\n\t\t\t<a class=\"anwp-position-cover anwp-link-without-effects\" href=\"https:\/\/koinecommerce.com\/blog-cerespain\/afuegal-pitu\/\" aria-hidden=\"true\" ><\/a>\n\t\t<\/div>\n\t\n\t<div class=\"anwp-pg-post-teaser__content anwp-col-md-6\">\n\n\t\t<div class=\"anwp-pg-post-teaser__title anwp-font-heading my-2\">\n\t\t\t<a class=\"anwp-link-without-effects\" href=\"https:\/\/koinecommerce.com\/blog-cerespain\/afuegal-pitu\/\" aria-hidden=\"true\" >\n\t\t\t\tAfuega&#8217;l Pitu\t\t\t<\/a>\n\t\t<\/div>\n\n\t\t<div class=\"anwp-pg-post-teaser__bottom-meta d-flex flex-wrap\">\n\n\t\t\t\n\t\t\t\t\t\t\t<div class=\"anwp-pg-post-teaser__bottom-meta-item d-flex align-items-center mr-4\">\n\t\t\t\t\t<svg class=\"anwp-pg-icon anwp-pg-icon--s16 mr-2\">\n\t\t\t\t\t\t<use xlink:href=\"#icon-anwp-pg-calendar\"><\/use>\n\t\t\t\t\t<\/svg>\n\t\t\t\t\t<span class=\"screen-reader-text\">Posted on<\/span><time class=\"anwp-pg-published\" datetime=\"2025-07-15T20:49:11+02:00\">15 de julio de 2025<\/time><time class=\"anwp-pg-updated\" datetime=\"2025-07-21T20:09:30+02:00\">21 de julio de 2025<\/time>\t\t\t\t<\/div>\n\t\t\t\t\t\t<\/div>\n\n\t\t<div class=\"anwp-pg-post-teaser__excerpt mt-2\">\n\t\t\tAfuega&#8217;l Pitu con Denominaci\u00f3n de Origen Protegida es un queso graso que puede ser fresco o madurado. Elaborado ...\t\t<\/div>\n\n\t\t\t<\/div>\n<\/div>\n<div class=\"anwp-pg-post-teaser anwp-pg-post-teaser--layout-classic anwp-row anwp-no-gutters\">\n\n\t\t\t<div class=\"anwp-pg-post-teaser__thumbnail position-relative mb-2 mb-md-0 anwp-col-md-6\">\n\t\t\t\n\t\t\t<img decoding=\"async\" loading=\"lazy\" src=\"https:\/\/koinecommerce.com\/blog-cerespain\/wp-content\/uploads\/2025\/06\/Queso-Manchego.jpg\"\/>\n\n\t\t\t<div class=\"anwp-pg-post-teaser__thumbnail-classic-bg anwp-position-cover\"><\/div>\n\n\t\t\t<a class=\"anwp-position-cover anwp-link-without-effects\" href=\"https:\/\/koinecommerce.com\/blog-cerespain\/queso-manchego\/\" aria-hidden=\"true\" ><\/a>\n\t\t<\/div>\n\t\n\t<div class=\"anwp-pg-post-teaser__content anwp-col-md-6\">\n\n\t\t<div class=\"anwp-pg-post-teaser__title anwp-font-heading my-2\">\n\t\t\t<a class=\"anwp-link-without-effects\" href=\"https:\/\/koinecommerce.com\/blog-cerespain\/queso-manchego\/\" aria-hidden=\"true\" >\n\t\t\t\tQueso manchego\t\t\t<\/a>\n\t\t<\/div>\n\n\t\t<div class=\"anwp-pg-post-teaser__bottom-meta d-flex flex-wrap\">\n\n\t\t\t\n\t\t\t\t\t\t\t<div class=\"anwp-pg-post-teaser__bottom-meta-item d-flex align-items-center mr-4\">\n\t\t\t\t\t<svg class=\"anwp-pg-icon anwp-pg-icon--s16 mr-2\">\n\t\t\t\t\t\t<use xlink:href=\"#icon-anwp-pg-calendar\"><\/use>\n\t\t\t\t\t<\/svg>\n\t\t\t\t\t<span class=\"screen-reader-text\">Posted on<\/span><time class=\"anwp-pg-published\" datetime=\"2025-06-26T20:11:49+02:00\">26 de junio de 2025<\/time><time class=\"anwp-pg-updated\" datetime=\"2025-06-30T19:42:27+02:00\">30 de junio de 2025<\/time>\t\t\t\t<\/div>\n\t\t\t\t\t\t<\/div>\n\n\t\t<div class=\"anwp-pg-post-teaser__excerpt mt-2\">\n\t\t\tEl Queso Manchego se elabora en la comarca natural de La Mancha -Espa\u00f1a-, a partir de leche de ...\t\t<\/div>\n\n\t\t\t<\/div>\n<\/div>\n<div class=\"anwp-pg-post-teaser anwp-pg-post-teaser--layout-classic anwp-row anwp-no-gutters\">\n\n\t\t\t<div class=\"anwp-pg-post-teaser__thumbnail position-relative mb-2 mb-md-0 anwp-col-md-6\">\n\t\t\t\n\t\t\t<img decoding=\"async\" loading=\"lazy\" src=\"https:\/\/koinecommerce.com\/blog-cerespain\/wp-content\/uploads\/2025\/02\/Avellana-de-Reus.jpg\"\/>\n\n\t\t\t<div class=\"anwp-pg-post-teaser__thumbnail-classic-bg anwp-position-cover\"><\/div>\n\n\t\t\t<a class=\"anwp-position-cover anwp-link-without-effects\" href=\"https:\/\/koinecommerce.com\/blog-cerespain\/avellana-de-reus\/\" aria-hidden=\"true\" ><\/a>\n\t\t<\/div>\n\t\n\t<div class=\"anwp-pg-post-teaser__content anwp-col-md-6\">\n\n\t\t<div class=\"anwp-pg-post-teaser__title anwp-font-heading my-2\">\n\t\t\t<a class=\"anwp-link-without-effects\" href=\"https:\/\/koinecommerce.com\/blog-cerespain\/avellana-de-reus\/\" aria-hidden=\"true\" >\n\t\t\t\tAvellana de Reus\t\t\t<\/a>\n\t\t<\/div>\n\n\t\t<div class=\"anwp-pg-post-teaser__bottom-meta d-flex flex-wrap\">\n\n\t\t\t\n\t\t\t\t\t\t\t<div class=\"anwp-pg-post-teaser__bottom-meta-item d-flex align-items-center mr-4\">\n\t\t\t\t\t<svg class=\"anwp-pg-icon anwp-pg-icon--s16 mr-2\">\n\t\t\t\t\t\t<use xlink:href=\"#icon-anwp-pg-calendar\"><\/use>\n\t\t\t\t\t<\/svg>\n\t\t\t\t\t<span class=\"screen-reader-text\">Posted on<\/span><time class=\"anwp-pg-published\" datetime=\"2025-02-18T14:14:01+02:00\">18 de febrero de 2025<\/time><time class=\"anwp-pg-updated\" datetime=\"2025-02-18T14:14:01+02:00\">18 de febrero de 2025<\/time>\t\t\t\t<\/div>\n\t\t\t\t\t\t<\/div>\n\n\t\t<div class=\"anwp-pg-post-teaser__excerpt mt-2\">\n\t\t\tLa Avellana de Reus con DOP es la semilla del fruto de los avellaneros &#8211;Corylus avellana L y ...\t\t<\/div>\n\n\t\t\t<\/div>\n<\/div>\n\t<\/div>\n\t\n\t<\/div>\n\t\t\t\t<\/div>\n\t\t\t\t<\/div>\n\t\t\t\t\t<\/div>\n\t\t<\/div>\n\t\t\t\t<div class=\"elementor-column elementor-col-50 elementor-top-column elementor-element elementor-element-bf7e326\" data-id=\"bf7e326\" data-element_type=\"column\" data-e-type=\"column\">\n\t\t\t<div class=\"elementor-widget-wrap elementor-element-populated\">\n\t\t\t\t\t\t<section class=\"elementor-section elementor-inner-section elementor-element elementor-element-23771e8 elementor-section-boxed elementor-section-height-default elementor-section-height-default\" data-id=\"23771e8\" data-element_type=\"section\" data-e-type=\"section\">\n\t\t\t\t\t\t<div class=\"elementor-container elementor-column-gap-default\">\n\t\t\t\t\t<div class=\"elementor-column elementor-col-100 elementor-inner-column elementor-element elementor-element-548747a\" data-id=\"548747a\" data-element_type=\"column\" data-e-type=\"column\">\n\t\t\t<div class=\"elementor-widget-wrap elementor-element-populated\">\n\t\t\t\t\t\t<div class=\"elementor-element elementor-element-5c885e5 elementor-widget__width-auto elementor-widget elementor-widget-heading\" data-id=\"5c885e5\" data-element_type=\"widget\" data-e-type=\"widget\" data-widget_type=\"heading.default\">\n\t\t\t\t<div class=\"elementor-widget-container\">\n\t\t\t\t\t<p class=\"elementor-heading-title elementor-size-default\"><a href=\"https:\/\/koinecommerce.com\/blog-cerespain\/denominaciones-igp\/\">DENOMINACIONES IGP<\/a><\/p>\t\t\t\t<\/div>\n\t\t\t\t<\/div>\n\t\t\t\t<div class=\"elementor-element elementor-element-ea9fcbc elementor-widget-divider--view-line elementor-widget elementor-widget-divider\" data-id=\"ea9fcbc\" data-element_type=\"widget\" data-e-type=\"widget\" data-widget_type=\"divider.default\">\n\t\t\t\t<div class=\"elementor-widget-container\">\n\t\t\t\t\t\t\t<div class=\"elementor-divider\">\n\t\t\t<span class=\"elementor-divider-separator\">\n\t\t\t\t\t\t<\/span>\n\t\t<\/div>\n\t\t\t\t\t\t<\/div>\n\t\t\t\t<\/div>\n\t\t\t\t\t<\/div>\n\t\t<\/div>\n\t\t\t\t\t<\/div>\n\t\t<\/section>\n\t\t\t\t<div class=\"elementor-element elementor-element-c8ac3bf anwp-pg-widget-header-style--a anwp-pg-post-teaser__post-icon--size-16 elementor-widget elementor-widget-anwp-pg-classic-blog\" data-id=\"c8ac3bf\" data-element_type=\"widget\" data-e-type=\"widget\" data-widget_type=\"anwp-pg-classic-blog.default\">\n\t\t\t\t<div class=\"elementor-widget-container\">\n\t\t\t\t\t<div class=\"anwp-pg-wrap\">\n\n\t\n\t<div class=\"anwp-pg-classic-blog anwp-pg-posts-wrapper\">\n\t\t<div class=\"anwp-pg-post-teaser anwp-pg-post-teaser--layout-classic anwp-row anwp-no-gutters\">\n\n\t\t\t<div class=\"anwp-pg-post-teaser__thumbnail position-relative mb-2 mb-md-0 anwp-col-md-6\">\n\t\t\t\n\t\t\t<img decoding=\"async\" loading=\"lazy\" src=\"https:\/\/koinecommerce.com\/blog-cerespain\/wp-content\/uploads\/2025\/03\/Alcachofa-de-Tudela.jpg\"\/>\n\n\t\t\t<div class=\"anwp-pg-post-teaser__thumbnail-classic-bg anwp-position-cover\"><\/div>\n\n\t\t\t<a class=\"anwp-position-cover anwp-link-without-effects\" href=\"https:\/\/koinecommerce.com\/blog-cerespain\/alcachofa-de-tudela\/\" aria-hidden=\"true\" ><\/a>\n\t\t<\/div>\n\t\n\t<div class=\"anwp-pg-post-teaser__content anwp-col-md-6\">\n\n\t\t<div class=\"anwp-pg-post-teaser__title anwp-font-heading my-2\">\n\t\t\t<a class=\"anwp-link-without-effects\" href=\"https:\/\/koinecommerce.com\/blog-cerespain\/alcachofa-de-tudela\/\" aria-hidden=\"true\" >\n\t\t\t\tAlcachofa de Tudela\t\t\t<\/a>\n\t\t<\/div>\n\n\t\t<div class=\"anwp-pg-post-teaser__bottom-meta d-flex flex-wrap\">\n\n\t\t\t\n\t\t\t\t\t\t\t<div class=\"anwp-pg-post-teaser__bottom-meta-item d-flex align-items-center mr-4\">\n\t\t\t\t\t<svg class=\"anwp-pg-icon anwp-pg-icon--s16 mr-2\">\n\t\t\t\t\t\t<use xlink:href=\"#icon-anwp-pg-calendar\"><\/use>\n\t\t\t\t\t<\/svg>\n\t\t\t\t\t<span class=\"screen-reader-text\">Posted on<\/span><time class=\"anwp-pg-published\" datetime=\"2025-03-04T20:46:47+02:00\">4 de marzo de 2025<\/time><time class=\"anwp-pg-updated\" datetime=\"2025-05-02T21:57:47+02:00\">2 de mayo de 2025<\/time>\t\t\t\t<\/div>\n\t\t\t\t\t\t<\/div>\n\n\t\t<div class=\"anwp-pg-post-teaser__excerpt mt-2\">\n\t\t\tAlcachofa de Tudela con denominaci\u00f3n Indicaci\u00f3n Geogr\u00e1fica Protegida (IGP). Son los cap\u00edtulos florales o \u201ccabezas\u201d de plantas procedentes ...\t\t<\/div>\n\n\t\t\t<\/div>\n<\/div>\n<div class=\"anwp-pg-post-teaser anwp-pg-post-teaser--layout-classic anwp-row anwp-no-gutters\">\n\n\t\t\t<div class=\"anwp-pg-post-teaser__thumbnail position-relative mb-2 mb-md-0 anwp-col-md-6\">\n\t\t\t\n\t\t\t<img decoding=\"async\" loading=\"lazy\" src=\"https:\/\/koinecommerce.com\/blog-cerespain\/wp-content\/uploads\/2025\/03\/Productos-hortofruticolas.jpg\"\/>\n\n\t\t\t<div class=\"anwp-pg-post-teaser__thumbnail-classic-bg anwp-position-cover\"><\/div>\n\n\t\t\t<a class=\"anwp-position-cover anwp-link-without-effects\" href=\"https:\/\/koinecommerce.com\/blog-cerespain\/productos-hortofruticolas\/\" aria-hidden=\"true\" ><\/a>\n\t\t<\/div>\n\t\n\t<div class=\"anwp-pg-post-teaser__content anwp-col-md-6\">\n\n\t\t<div class=\"anwp-pg-post-teaser__title anwp-font-heading my-2\">\n\t\t\t<a class=\"anwp-link-without-effects\" href=\"https:\/\/koinecommerce.com\/blog-cerespain\/productos-hortofruticolas\/\" aria-hidden=\"true\" >\n\t\t\t\tProductos hortofrut\u00edcolas\t\t\t<\/a>\n\t\t<\/div>\n\n\t\t<div class=\"anwp-pg-post-teaser__bottom-meta d-flex flex-wrap\">\n\n\t\t\t\n\t\t\t\t\t\t\t<div class=\"anwp-pg-post-teaser__bottom-meta-item d-flex align-items-center mr-4\">\n\t\t\t\t\t<svg class=\"anwp-pg-icon anwp-pg-icon--s16 mr-2\">\n\t\t\t\t\t\t<use xlink:href=\"#icon-anwp-pg-calendar\"><\/use>\n\t\t\t\t\t<\/svg>\n\t\t\t\t\t<span class=\"screen-reader-text\">Posted on<\/span><time class=\"anwp-pg-published\" datetime=\"2025-03-02T20:00:07+02:00\">2 de marzo de 2025<\/time><time class=\"anwp-pg-updated\" datetime=\"2025-03-04T20:50:45+02:00\">4 de marzo de 2025<\/time>\t\t\t\t<\/div>\n\t\t\t\t\t\t<\/div>\n\n\t\t<div class=\"anwp-pg-post-teaser__excerpt mt-2\">\n\t\t\tLos productos hortofrut\u00edcolas con denominaci\u00f3n IGP (Indicaci\u00f3n Geogr\u00e1fica Protegida) son productos que han sido cultivados y\/o procesados en ...\t\t<\/div>\n\n\t\t\t<\/div>\n<\/div>\n<div class=\"anwp-pg-post-teaser anwp-pg-post-teaser--layout-classic anwp-row anwp-no-gutters\">\n\n\t\t\t<div class=\"anwp-pg-post-teaser__thumbnail position-relative mb-2 mb-md-0 anwp-col-md-6\">\n\t\t\t\n\t\t\t<img decoding=\"async\" loading=\"lazy\" src=\"https:\/\/koinecommerce.com\/blog-cerespain\/wp-content\/uploads\/2025\/02\/Chorizo-de-Cantimpalos.jpg\"\/>\n\n\t\t\t<div class=\"anwp-pg-post-teaser__thumbnail-classic-bg anwp-position-cover\"><\/div>\n\n\t\t\t<a class=\"anwp-position-cover anwp-link-without-effects\" href=\"https:\/\/koinecommerce.com\/blog-cerespain\/chorizo-de-cantimpalos\/\" aria-hidden=\"true\" ><\/a>\n\t\t<\/div>\n\t\n\t<div class=\"anwp-pg-post-teaser__content anwp-col-md-6\">\n\n\t\t<div class=\"anwp-pg-post-teaser__title anwp-font-heading my-2\">\n\t\t\t<a class=\"anwp-link-without-effects\" href=\"https:\/\/koinecommerce.com\/blog-cerespain\/chorizo-de-cantimpalos\/\" aria-hidden=\"true\" >\n\t\t\t\tChorizo de Cantimpalos\t\t\t<\/a>\n\t\t<\/div>\n\n\t\t<div class=\"anwp-pg-post-teaser__bottom-meta d-flex flex-wrap\">\n\n\t\t\t\n\t\t\t\t\t\t\t<div class=\"anwp-pg-post-teaser__bottom-meta-item d-flex align-items-center mr-4\">\n\t\t\t\t\t<svg class=\"anwp-pg-icon anwp-pg-icon--s16 mr-2\">\n\t\t\t\t\t\t<use xlink:href=\"#icon-anwp-pg-calendar\"><\/use>\n\t\t\t\t\t<\/svg>\n\t\t\t\t\t<span class=\"screen-reader-text\">Posted on<\/span><time class=\"anwp-pg-published\" datetime=\"2025-02-16T19:23:04+02:00\">16 de febrero de 2025<\/time><time class=\"anwp-pg-updated\" datetime=\"2025-02-16T19:23:04+02:00\">16 de febrero de 2025<\/time>\t\t\t\t<\/div>\n\t\t\t\t\t\t<\/div>\n\n\t\t<div class=\"anwp-pg-post-teaser__excerpt mt-2\">\n\t\t\tEl Chorizo de Cantimpalos con denominaci\u00f3n IGP, es un producto embutido, curado, elaborado a partir de carnes frescas ...\t\t<\/div>\n\n\t\t\t<\/div>\n<\/div>\n<div class=\"anwp-pg-post-teaser anwp-pg-post-teaser--layout-classic anwp-row anwp-no-gutters\">\n\n\t\t\t<div class=\"anwp-pg-post-teaser__thumbnail position-relative mb-2 mb-md-0 anwp-col-md-6\">\n\t\t\t\n\t\t\t<img decoding=\"async\" loading=\"lazy\" src=\"https:\/\/koinecommerce.com\/blog-cerespain\/wp-content\/uploads\/2024\/05\/Chistorra-de-Navarra.jpg\"\/>\n\n\t\t\t<div class=\"anwp-pg-post-teaser__thumbnail-classic-bg anwp-position-cover\"><\/div>\n\n\t\t\t<a class=\"anwp-position-cover anwp-link-without-effects\" href=\"https:\/\/koinecommerce.com\/blog-cerespain\/chistorra-de-navarra\/\" aria-hidden=\"true\" ><\/a>\n\t\t<\/div>\n\t\n\t<div class=\"anwp-pg-post-teaser__content anwp-col-md-6\">\n\n\t\t<div class=\"anwp-pg-post-teaser__title anwp-font-heading my-2\">\n\t\t\t<a class=\"anwp-link-without-effects\" href=\"https:\/\/koinecommerce.com\/blog-cerespain\/chistorra-de-navarra\/\" aria-hidden=\"true\" >\n\t\t\t\tChistorra de Navarra\t\t\t<\/a>\n\t\t<\/div>\n\n\t\t<div class=\"anwp-pg-post-teaser__bottom-meta d-flex flex-wrap\">\n\n\t\t\t\n\t\t\t\t\t\t\t<div class=\"anwp-pg-post-teaser__bottom-meta-item d-flex align-items-center mr-4\">\n\t\t\t\t\t<svg class=\"anwp-pg-icon anwp-pg-icon--s16 mr-2\">\n\t\t\t\t\t\t<use xlink:href=\"#icon-anwp-pg-calendar\"><\/use>\n\t\t\t\t\t<\/svg>\n\t\t\t\t\t<span class=\"screen-reader-text\">Posted on<\/span><time class=\"anwp-pg-published\" datetime=\"2024-05-22T18:03:55+02:00\">22 de mayo de 2024<\/time><time class=\"anwp-pg-updated\" datetime=\"2024-05-22T18:16:57+02:00\">22 de mayo de 2024<\/time>\t\t\t\t<\/div>\n\t\t\t\t\t\t<\/div>\n\n\t\t<div class=\"anwp-pg-post-teaser__excerpt mt-2\">\n\t\t\tChistorra de Navarra o Txistorra de Navarra es un producto c\u00e1rnico que se elabora en la Comunidad Aut\u00f3noma ...\t\t<\/div>\n\n\t\t\t<\/div>\n<\/div>\n<div class=\"anwp-pg-post-teaser anwp-pg-post-teaser--layout-classic anwp-row anwp-no-gutters\">\n\n\t\t\t<div class=\"anwp-pg-post-teaser__thumbnail position-relative mb-2 mb-md-0 anwp-col-md-6\">\n\t\t\t\n\t\t\t<img decoding=\"async\" loading=\"lazy\" src=\"https:\/\/koinecommerce.com\/blog-cerespain\/wp-content\/uploads\/2023\/07\/Ajo-morado-de-Las-Pedroneras.jpg\"\/>\n\n\t\t\t<div class=\"anwp-pg-post-teaser__thumbnail-classic-bg anwp-position-cover\"><\/div>\n\n\t\t\t<a class=\"anwp-position-cover anwp-link-without-effects\" href=\"https:\/\/koinecommerce.com\/blog-cerespain\/ajo-morado-de-las-pedroneras\/\" aria-hidden=\"true\" ><\/a>\n\t\t<\/div>\n\t\n\t<div class=\"anwp-pg-post-teaser__content anwp-col-md-6\">\n\n\t\t<div class=\"anwp-pg-post-teaser__title anwp-font-heading my-2\">\n\t\t\t<a class=\"anwp-link-without-effects\" href=\"https:\/\/koinecommerce.com\/blog-cerespain\/ajo-morado-de-las-pedroneras\/\" aria-hidden=\"true\" >\n\t\t\t\tAjo morado de Las Pedro\u00f1eras\t\t\t<\/a>\n\t\t<\/div>\n\n\t\t<div class=\"anwp-pg-post-teaser__bottom-meta d-flex flex-wrap\">\n\n\t\t\t\n\t\t\t\t\t\t\t<div class=\"anwp-pg-post-teaser__bottom-meta-item d-flex align-items-center mr-4\">\n\t\t\t\t\t<svg class=\"anwp-pg-icon anwp-pg-icon--s16 mr-2\">\n\t\t\t\t\t\t<use xlink:href=\"#icon-anwp-pg-calendar\"><\/use>\n\t\t\t\t\t<\/svg>\n\t\t\t\t\t<span class=\"screen-reader-text\">Posted on<\/span><time class=\"anwp-pg-published\" datetime=\"2023-07-24T14:16:49+02:00\">24 de julio de 2023<\/time><time class=\"anwp-pg-updated\" datetime=\"2023-07-24T18:37:26+02:00\">24 de julio de 2023<\/time>\t\t\t\t<\/div>\n\t\t\t\t\t\t<\/div>\n\n\t\t<div class=\"anwp-pg-post-teaser__excerpt mt-2\">\n\t\t\tEl Ajo Morado de Las Pedro\u00f1eras con Indicaci\u00f3n Geogr\u00e1fica Protegida, proteger\u00e1 los bulbos de la especie Allium sativum ...\t\t<\/div>\n\n\t\t\t<\/div>\n<\/div>\n\t<\/div>\n\t\n\t<\/div>\n\t\t\t\t<\/div>\n\t\t\t\t<\/div>\n\t\t\t\t\t<\/div>\n\t\t<\/div>\n\t\t\t\t\t<\/div>\n\t\t<\/section>\n\t\t\t\t<section class=\"elementor-section elementor-top-section elementor-element elementor-element-d4a8c9c elementor-section-boxed elementor-section-height-default elementor-section-height-default\" data-id=\"d4a8c9c\" data-element_type=\"section\" data-e-type=\"section\">\n\t\t\t\t\t\t<div class=\"elementor-container elementor-column-gap-default\">\n\t\t\t\t\t<div class=\"elementor-column elementor-col-100 elementor-top-column elementor-element elementor-element-174d650\" data-id=\"174d650\" data-element_type=\"column\" data-e-type=\"column\">\n\t\t\t<div class=\"elementor-widget-wrap\">\n\t\t\t\t\t\t\t<\/div>\n\t\t<\/div>\n\t\t\t\t\t<\/div>\n\t\t<\/section>\n\t\t\t\t<section class=\"elementor-section elementor-top-section elementor-element elementor-element-4ddff0c elementor-section-stretched elementor-section-boxed elementor-section-height-default elementor-section-height-default\" data-id=\"4ddff0c\" data-element_type=\"section\" data-e-type=\"section\" data-settings=\"{&quot;stretch_section&quot;:&quot;section-stretched&quot;}\">\n\t\t\t\t\t\t<div class=\"elementor-container elementor-column-gap-default\">\n\t\t\t\t\t<div class=\"elementor-column elementor-col-100 elementor-top-column elementor-element elementor-element-4dfb233\" data-id=\"4dfb233\" data-element_type=\"column\" data-e-type=\"column\">\n\t\t\t<div class=\"elementor-widget-wrap elementor-element-populated\">\n\t\t\t\t\t\t<section class=\"elementor-section elementor-inner-section elementor-element elementor-element-f1fd4be elementor-section-boxed elementor-section-height-default elementor-section-height-default\" data-id=\"f1fd4be\" data-element_type=\"section\" data-e-type=\"section\">\n\t\t\t\t\t\t<div class=\"elementor-container elementor-column-gap-default\">\n\t\t\t\t\t<div class=\"elementor-column elementor-col-100 elementor-inner-column elementor-element elementor-element-ebac529\" data-id=\"ebac529\" data-element_type=\"column\" data-e-type=\"column\">\n\t\t\t<div class=\"elementor-widget-wrap elementor-element-populated\">\n\t\t\t\t\t\t<div class=\"elementor-element elementor-element-61f730f elementor-widget__width-auto elementor-widget elementor-widget-heading\" data-id=\"61f730f\" data-element_type=\"widget\" data-e-type=\"widget\" data-widget_type=\"heading.default\">\n\t\t\t\t<div class=\"elementor-widget-container\">\n\t\t\t\t\t<p class=\"elementor-heading-title elementor-size-default\"><a href=\"https:\/\/koinecommerce.com\/blog-cerespain\/metodos-de-produccion-productos\/\">M\u00c9TODOS DE PRODUCCI\u00d3N Y ELABORACI\u00d3N<\/a><\/p>\t\t\t\t<\/div>\n\t\t\t\t<\/div>\n\t\t\t\t<div class=\"elementor-element elementor-element-9384343 elementor-widget-divider--view-line elementor-widget elementor-widget-divider\" data-id=\"9384343\" data-element_type=\"widget\" data-e-type=\"widget\" data-widget_type=\"divider.default\">\n\t\t\t\t<div class=\"elementor-widget-container\">\n\t\t\t\t\t\t\t<div class=\"elementor-divider\">\n\t\t\t<span class=\"elementor-divider-separator\">\n\t\t\t\t\t\t<\/span>\n\t\t<\/div>\n\t\t\t\t\t\t<\/div>\n\t\t\t\t<\/div>\n\t\t\t\t<div class=\"elementor-element elementor-element-f332e48 anwp-pg-widget-header-style--b anwp-pg-post-teaser__post-icon--size-16 elementor-pagination-position-outside elementor-widget elementor-widget-anwp-pg-classic-slider\" data-id=\"f332e48\" data-element_type=\"widget\" data-e-type=\"widget\" data-widget_type=\"anwp-pg-classic-slider.default\">\n\t\t\t\t<div class=\"elementor-widget-container\">\n\t\t\t\t\t<div class=\"anwp-pg-wrap\">\n\n\t\n\t<!-- Slider main container -->\n\t<div\n\t\tclass=\"anwp-pg-classic-slider anwp-pg-swiper-wrapper position-static swiper swiper-container anwp-pg-no-transform\"\n\t\tdata-pg-slides-per-view=\"3\"\n\t\tdata-pg-slides-per-view-mobile=\"1\"\n\t\tdata-pg-slides-per-view-tablet=\"2\"\n\t\tdata-pg-slides-per-group=\"3\"\n\t\tdata-pg-slides-per-group-mobile=\"1\"\n\t\tdata-pg-slides-per-group-tablet=\"1\"\n\t\tdata-pg-autoplay=\"yes\"\n\t\tdata-pg-autoplay-delay=\"5000\"\n\t\tdata-pg-space-between=\"20\"\n\t\tdata-pg-effect=\"slide\"\n\t\tdata-pg-show-read-more=\"\"\n\t\tdata-pg-enable-observer=\"no\"\n\t\tdata-pg-loop=\"no\"\n\t\tdir=\"ltr\"\n\t>\n\t\t<!-- Additional required wrapper -->\n\t\t<div class=\"swiper-wrapper\">\n\t\t\t<!-- Slides -->\n\t\t\t<div class=\"anwp-pg-post-teaser anwp-pg-post-teaser--inner-cover-link anwp-pg-post-teaser--layout-d d-flex flex-column swiper-slide\">\n\t<div class=\"anwp-pg-post-teaser__thumbnail position-relative\">\n\n\t\t\n\t\t\n\t\t\t\t\t<img loading=\"lazy\" class=\"anwp-pg-post-teaser__thumbnail-img d-block anwp-pg-height-250 anwp-object-cover m-0 w-100\"\n\t\t\t\talt=\"Queso Idiaz\u00e1bal\"\n\t\t\t\tsrc=\"https:\/\/koinecommerce.com\/blog-cerespain\/wp-content\/uploads\/2025\/11\/Elaborar-queso-Idiazabal.jpg\"\/>\n\t\t\n\t\t<div class=\"anwp-pg-post-teaser__thumbnail-bg anwp-position-cover\"><\/div>\n\n\t\t<a class=\"anwp-position-cover anwp-link-without-effects\" href=\"https:\/\/koinecommerce.com\/blog-cerespain\/queso-idiazabal\/\" aria-hidden=\"true\" ><\/a>\n\t<\/div>\n\n\t<div class=\"anwp-pg-post-teaser__content flex-grow-1 pt-1 d-flex flex-column\">\n\n\t\t<div class=\"anwp-pg-post-teaser__title anwp-font-heading mt-2\">\n\t\t\t<a class=\"anwp-link-without-effects\" href=\"https:\/\/koinecommerce.com\/blog-cerespain\/queso-idiazabal\/\" aria-hidden=\"true\" >\n\t\t\t\tQueso Idiaz\u00e1bal\t\t\t<\/a>\n\t\t<\/div>\n\n\t\t<div class=\"anwp-pg-post-teaser__bottom-meta d-flex flex-wrap\">\n\n\t\t\t\t\t\t\t<div class=\"anwp-pg-post-teaser__bottom-meta-item d-flex align-items-center mr-3\">\n\t\t\t\t\t<svg class=\"anwp-pg-icon anwp-pg-icon--s16 mr-1\">\n\t\t\t\t\t\t<use xlink:href=\"#icon-anwp-pg-calendar\"><\/use>\n\t\t\t\t\t<\/svg>\n\t\t\t\t\t<span class=\"posted-on m-0\"><span class=\"screen-reader-text\">Posted on<\/span><time class=\"anwp-pg-published\" datetime=\"2025-12-06T19:19:12+02:00\">6 de diciembre de 2025<\/time><time class=\"anwp-pg-updated\" datetime=\"2025-12-07T20:09:39+02:00\">7 de diciembre de 2025<\/time><\/span>\n\t\t\t\t<\/div>\n\t\t\t\t\n\t\t\t\t\t<\/div>\n\n\t\t\t\t\t<div class=\"anwp-pg-post-teaser__excerpt mb-2\">\n\t\t\t\tEl queso Idiaz\u00e1bal se elabora con leche cruda y entera de ovejas, de las razas Latxa y Carranzana, con un m\u00ednimo del 6% de materia grasa. Sin ninguna transformaci\u00f3n previa ...\t\t\t<\/div>\n\t\t\n\t\t\n\t<\/div>\n\n<\/div>\n<div class=\"anwp-pg-post-teaser anwp-pg-post-teaser--inner-cover-link anwp-pg-post-teaser--layout-d d-flex flex-column swiper-slide\">\n\t<div class=\"anwp-pg-post-teaser__thumbnail position-relative\">\n\n\t\t\n\t\t\n\t\t\t\t\t<img loading=\"lazy\" class=\"anwp-pg-post-teaser__thumbnail-img d-block anwp-pg-height-250 anwp-object-cover m-0 w-100\"\n\t\t\t\talt=\"Quesos y Mantequillas\"\n\t\t\t\tsrc=\"https:\/\/koinecommerce.com\/blog-cerespain\/wp-content\/uploads\/2025\/07\/Quesos-y-mantequillas.jpg\"\/>\n\t\t\n\t\t<div class=\"anwp-pg-post-teaser__thumbnail-bg anwp-position-cover\"><\/div>\n\n\t\t<a class=\"anwp-position-cover anwp-link-without-effects\" href=\"https:\/\/koinecommerce.com\/blog-cerespain\/quesos-y-mantequillas\/\" aria-hidden=\"true\" ><\/a>\n\t<\/div>\n\n\t<div class=\"anwp-pg-post-teaser__content flex-grow-1 pt-1 d-flex flex-column\">\n\n\t\t<div class=\"anwp-pg-post-teaser__title anwp-font-heading mt-2\">\n\t\t\t<a class=\"anwp-link-without-effects\" href=\"https:\/\/koinecommerce.com\/blog-cerespain\/quesos-y-mantequillas\/\" aria-hidden=\"true\" >\n\t\t\t\tQuesos y Mantequillas\t\t\t<\/a>\n\t\t<\/div>\n\n\t\t<div class=\"anwp-pg-post-teaser__bottom-meta d-flex flex-wrap\">\n\n\t\t\t\t\t\t\t<div class=\"anwp-pg-post-teaser__bottom-meta-item d-flex align-items-center mr-3\">\n\t\t\t\t\t<svg class=\"anwp-pg-icon anwp-pg-icon--s16 mr-1\">\n\t\t\t\t\t\t<use xlink:href=\"#icon-anwp-pg-calendar\"><\/use>\n\t\t\t\t\t<\/svg>\n\t\t\t\t\t<span class=\"posted-on m-0\"><span class=\"screen-reader-text\">Posted on<\/span><time class=\"anwp-pg-published\" datetime=\"2025-07-21T20:01:46+02:00\">21 de julio de 2025<\/time><time class=\"anwp-pg-updated\" datetime=\"2025-12-08T20:05:12+02:00\">8 de diciembre de 2025<\/time><\/span>\n\t\t\t\t<\/div>\n\t\t\t\t\n\t\t\t\t\t<\/div>\n\n\t\t\t\t\t<div class=\"anwp-pg-post-teaser__excerpt mb-2\">\n\t\t\t\tQuesos y mantequillas de Espa\u00f1a. Cada regi\u00f3n tiene el suyo, productos de una tradici\u00f3n de a\u00f1os. El buen hacer de quesos y mantequillas se ha transmitido de generaci\u00f3n en generaci\u00f3n ...\t\t\t<\/div>\n\t\t\n\t\t\n\t<\/div>\n\n<\/div>\n<div class=\"anwp-pg-post-teaser anwp-pg-post-teaser--inner-cover-link anwp-pg-post-teaser--layout-d d-flex flex-column swiper-slide\">\n\t<div class=\"anwp-pg-post-teaser__thumbnail position-relative\">\n\n\t\t\n\t\t\n\t\t\t\t\t<img loading=\"lazy\" class=\"anwp-pg-post-teaser__thumbnail-img d-block anwp-pg-height-250 anwp-object-cover m-0 w-100\"\n\t\t\t\talt=\"Queso Afuega&#8217;l Pitu\"\n\t\t\t\tsrc=\"https:\/\/koinecommerce.com\/blog-cerespain\/wp-content\/uploads\/2025\/07\/Quesos-Afuegal-Pitu-1.jpg\"\/>\n\t\t\n\t\t<div class=\"anwp-pg-post-teaser__thumbnail-bg anwp-position-cover\"><\/div>\n\n\t\t<a class=\"anwp-position-cover anwp-link-without-effects\" href=\"https:\/\/koinecommerce.com\/blog-cerespain\/queso-afuegal-pitu\/\" aria-hidden=\"true\" ><\/a>\n\t<\/div>\n\n\t<div class=\"anwp-pg-post-teaser__content flex-grow-1 pt-1 d-flex flex-column\">\n\n\t\t<div class=\"anwp-pg-post-teaser__title anwp-font-heading mt-2\">\n\t\t\t<a class=\"anwp-link-without-effects\" href=\"https:\/\/koinecommerce.com\/blog-cerespain\/queso-afuegal-pitu\/\" aria-hidden=\"true\" >\n\t\t\t\tQueso Afuega&#8217;l Pitu\t\t\t<\/a>\n\t\t<\/div>\n\n\t\t<div class=\"anwp-pg-post-teaser__bottom-meta d-flex flex-wrap\">\n\n\t\t\t\t\t\t\t<div class=\"anwp-pg-post-teaser__bottom-meta-item d-flex align-items-center mr-3\">\n\t\t\t\t\t<svg class=\"anwp-pg-icon anwp-pg-icon--s16 mr-1\">\n\t\t\t\t\t\t<use xlink:href=\"#icon-anwp-pg-calendar\"><\/use>\n\t\t\t\t\t<\/svg>\n\t\t\t\t\t<span class=\"posted-on m-0\"><span class=\"screen-reader-text\">Posted on<\/span><time class=\"anwp-pg-published\" datetime=\"2025-07-15T20:48:28+02:00\">15 de julio de 2025<\/time><time class=\"anwp-pg-updated\" datetime=\"2025-07-21T20:07:07+02:00\">21 de julio de 2025<\/time><\/span>\n\t\t\t\t<\/div>\n\t\t\t\t\n\t\t\t\t\t<\/div>\n\n\t\t\t\t\t<div class=\"anwp-pg-post-teaser__excerpt mb-2\">\n\t\t\t\tQueso Afuega\u2019l Pitu es un queso asturiano con DOP. Se elabora con la leche procedente del orde\u00f1o de las vacas de las razas Frisona, Asturiana de los Valles y sus ...\t\t\t<\/div>\n\t\t\n\t\t\n\t<\/div>\n\n<\/div>\n<div class=\"anwp-pg-post-teaser anwp-pg-post-teaser--inner-cover-link anwp-pg-post-teaser--layout-d d-flex flex-column swiper-slide\">\n\t<div class=\"anwp-pg-post-teaser__thumbnail position-relative\">\n\n\t\t\n\t\t\n\t\t\t\t\t<img loading=\"lazy\" class=\"anwp-pg-post-teaser__thumbnail-img d-block anwp-pg-height-250 anwp-object-cover m-0 w-100\"\n\t\t\t\talt=\"Cultivo de manzanos y manzanas\"\n\t\t\t\tsrc=\"https:\/\/koinecommerce.com\/blog-cerespain\/wp-content\/uploads\/2025\/03\/Cultivo-de-manzanos-y-manzanas.jpg\"\/>\n\t\t\n\t\t<div class=\"anwp-pg-post-teaser__thumbnail-bg anwp-position-cover\"><\/div>\n\n\t\t<a class=\"anwp-position-cover anwp-link-without-effects\" href=\"https:\/\/koinecommerce.com\/blog-cerespain\/cultivo-de-manzanos-y-manzanas\/\" aria-hidden=\"true\" ><\/a>\n\t<\/div>\n\n\t<div class=\"anwp-pg-post-teaser__content flex-grow-1 pt-1 d-flex flex-column\">\n\n\t\t<div class=\"anwp-pg-post-teaser__title anwp-font-heading mt-2\">\n\t\t\t<a class=\"anwp-link-without-effects\" href=\"https:\/\/koinecommerce.com\/blog-cerespain\/cultivo-de-manzanos-y-manzanas\/\" aria-hidden=\"true\" >\n\t\t\t\tCultivo de manzanos y manzanas\t\t\t<\/a>\n\t\t<\/div>\n\n\t\t<div class=\"anwp-pg-post-teaser__bottom-meta d-flex flex-wrap\">\n\n\t\t\t\t\t\t\t<div class=\"anwp-pg-post-teaser__bottom-meta-item d-flex align-items-center mr-3\">\n\t\t\t\t\t<svg class=\"anwp-pg-icon anwp-pg-icon--s16 mr-1\">\n\t\t\t\t\t\t<use xlink:href=\"#icon-anwp-pg-calendar\"><\/use>\n\t\t\t\t\t<\/svg>\n\t\t\t\t\t<span class=\"posted-on m-0\"><span class=\"screen-reader-text\">Posted on<\/span><time class=\"anwp-pg-published\" datetime=\"2025-03-09T20:54:59+02:00\">9 de marzo de 2025<\/time><time class=\"anwp-pg-updated\" datetime=\"2025-03-09T21:03:44+02:00\">9 de marzo de 2025<\/time><\/span>\n\t\t\t\t<\/div>\n\t\t\t\t\n\t\t\t\t\t<\/div>\n\n\t\t\t\t\t<div class=\"anwp-pg-post-teaser__excerpt mb-2\">\n\t\t\t\tCultivo de manzanos y manzanas. Las variedades de manzanos actualmente, la historia y origen de los manzanas. La Producci\u00f3n integrada de manzanos en El Bierzo. La manzana es el fruto ...\t\t\t<\/div>\n\t\t\n\t\t\n\t<\/div>\n\n<\/div>\n<div class=\"anwp-pg-post-teaser anwp-pg-post-teaser--inner-cover-link anwp-pg-post-teaser--layout-d d-flex flex-column swiper-slide\">\n\t<div class=\"anwp-pg-post-teaser__thumbnail position-relative\">\n\n\t\t\n\t\t\n\t\t\t\t\t<img loading=\"lazy\" class=\"anwp-pg-post-teaser__thumbnail-img d-block anwp-pg-height-250 anwp-object-cover m-0 w-100\"\n\t\t\t\talt=\"Cultivo de la Alcachofa de Tudela\"\n\t\t\t\tsrc=\"https:\/\/koinecommerce.com\/blog-cerespain\/wp-content\/uploads\/2025\/03\/Cultivar-alcachofa-de-Tudela.jpg\"\/>\n\t\t\n\t\t<div class=\"anwp-pg-post-teaser__thumbnail-bg anwp-position-cover\"><\/div>\n\n\t\t<a class=\"anwp-position-cover anwp-link-without-effects\" href=\"https:\/\/koinecommerce.com\/blog-cerespain\/cultivo-de-la-alcachofa-de-tudela\/\" aria-hidden=\"true\" ><\/a>\n\t<\/div>\n\n\t<div class=\"anwp-pg-post-teaser__content flex-grow-1 pt-1 d-flex flex-column\">\n\n\t\t<div class=\"anwp-pg-post-teaser__title anwp-font-heading mt-2\">\n\t\t\t<a class=\"anwp-link-without-effects\" href=\"https:\/\/koinecommerce.com\/blog-cerespain\/cultivo-de-la-alcachofa-de-tudela\/\" aria-hidden=\"true\" >\n\t\t\t\tCultivo de la Alcachofa de Tudela\t\t\t<\/a>\n\t\t<\/div>\n\n\t\t<div class=\"anwp-pg-post-teaser__bottom-meta d-flex flex-wrap\">\n\n\t\t\t\t\t\t\t<div class=\"anwp-pg-post-teaser__bottom-meta-item d-flex align-items-center mr-3\">\n\t\t\t\t\t<svg class=\"anwp-pg-icon anwp-pg-icon--s16 mr-1\">\n\t\t\t\t\t\t<use xlink:href=\"#icon-anwp-pg-calendar\"><\/use>\n\t\t\t\t\t<\/svg>\n\t\t\t\t\t<span class=\"posted-on m-0\"><span class=\"screen-reader-text\">Posted on<\/span><time class=\"anwp-pg-published\" datetime=\"2025-03-07T19:44:10+02:00\">7 de marzo de 2025<\/time><time class=\"anwp-pg-updated\" datetime=\"2025-03-07T19:44:10+02:00\">7 de marzo de 2025<\/time><\/span>\n\t\t\t\t<\/div>\n\t\t\t\t\n\t\t\t\t\t<\/div>\n\n\t\t\t\t\t<div class=\"anwp-pg-post-teaser__excerpt mb-2\">\n\t\t\t\tEl cultivo de la alcachofa de Tudela, variedad Blanca de Tudela, protegidas por la Indicaci\u00f3n Geogr\u00e1fica Protegida (IGP) Alcachofa de Tudela es anual. Tambi\u00e9n se admite la modalidad de cultivo ...\t\t\t<\/div>\n\t\t\n\t\t\n\t<\/div>\n\n<\/div>\n<div class=\"anwp-pg-post-teaser anwp-pg-post-teaser--inner-cover-link anwp-pg-post-teaser--layout-d d-flex flex-column swiper-slide\">\n\t<div class=\"anwp-pg-post-teaser__thumbnail position-relative\">\n\n\t\t\n\t\t\n\t\t\t\t\t<img loading=\"lazy\" class=\"anwp-pg-post-teaser__thumbnail-img d-block anwp-pg-height-250 anwp-object-cover m-0 w-100\"\n\t\t\t\talt=\"Cultivo de cerezos y cerezas\"\n\t\t\t\tsrc=\"https:\/\/koinecommerce.com\/blog-cerespain\/wp-content\/uploads\/2025\/02\/Cerezas.jpg\"\/>\n\t\t\n\t\t<div class=\"anwp-pg-post-teaser__thumbnail-bg anwp-position-cover\"><\/div>\n\n\t\t<a class=\"anwp-position-cover anwp-link-without-effects\" href=\"https:\/\/koinecommerce.com\/blog-cerespain\/cultivo-de-cerezos-y-cerezas\/\" aria-hidden=\"true\" ><\/a>\n\t<\/div>\n\n\t<div class=\"anwp-pg-post-teaser__content flex-grow-1 pt-1 d-flex flex-column\">\n\n\t\t<div class=\"anwp-pg-post-teaser__title anwp-font-heading mt-2\">\n\t\t\t<a class=\"anwp-link-without-effects\" href=\"https:\/\/koinecommerce.com\/blog-cerespain\/cultivo-de-cerezos-y-cerezas\/\" aria-hidden=\"true\" >\n\t\t\t\tCultivo de cerezos y cerezas\t\t\t<\/a>\n\t\t<\/div>\n\n\t\t<div class=\"anwp-pg-post-teaser__bottom-meta d-flex flex-wrap\">\n\n\t\t\t\t\t\t\t<div class=\"anwp-pg-post-teaser__bottom-meta-item d-flex align-items-center mr-3\">\n\t\t\t\t\t<svg class=\"anwp-pg-icon anwp-pg-icon--s16 mr-1\">\n\t\t\t\t\t\t<use xlink:href=\"#icon-anwp-pg-calendar\"><\/use>\n\t\t\t\t\t<\/svg>\n\t\t\t\t\t<span class=\"posted-on m-0\"><span class=\"screen-reader-text\">Posted on<\/span><time class=\"anwp-pg-published\" datetime=\"2025-02-26T22:35:37+02:00\">26 de febrero de 2025<\/time><time class=\"anwp-pg-updated\" datetime=\"2025-02-26T22:35:37+02:00\">26 de febrero de 2025<\/time><\/span>\n\t\t\t\t<\/div>\n\t\t\t\t\n\t\t\t\t\t<\/div>\n\n\t\t\t\t\t<div class=\"anwp-pg-post-teaser__excerpt mb-2\">\n\t\t\t\tEl cultivo de cerezos y cerezas. La cereza es el fruto del cerezo, \u00e1rbol perteneciente a la familia de las \u00abros\u00e1ceas\u00bb. Bajo el t\u00e9rmino cerezo se distinguen dos \u00e1rboles: el ...\t\t\t<\/div>\n\t\t\n\t\t\n\t<\/div>\n\n<\/div>\n<div class=\"anwp-pg-post-teaser anwp-pg-post-teaser--inner-cover-link anwp-pg-post-teaser--layout-d d-flex flex-column swiper-slide\">\n\t<div class=\"anwp-pg-post-teaser__thumbnail position-relative\">\n\n\t\t\n\t\t\n\t\t\t\t\t<img loading=\"lazy\" class=\"anwp-pg-post-teaser__thumbnail-img d-block anwp-pg-height-250 anwp-object-cover m-0 w-100\"\n\t\t\t\talt=\"Cultivo de los avellanos\"\n\t\t\t\tsrc=\"https:\/\/koinecommerce.com\/blog-cerespain\/wp-content\/uploads\/2025\/02\/Avellanas.jpg\"\/>\n\t\t\n\t\t<div class=\"anwp-pg-post-teaser__thumbnail-bg anwp-position-cover\"><\/div>\n\n\t\t<a class=\"anwp-position-cover anwp-link-without-effects\" href=\"https:\/\/koinecommerce.com\/blog-cerespain\/cultivo-de-los-avellanos\/\" aria-hidden=\"true\" ><\/a>\n\t<\/div>\n\n\t<div class=\"anwp-pg-post-teaser__content flex-grow-1 pt-1 d-flex flex-column\">\n\n\t\t<div class=\"anwp-pg-post-teaser__title anwp-font-heading mt-2\">\n\t\t\t<a class=\"anwp-link-without-effects\" href=\"https:\/\/koinecommerce.com\/blog-cerespain\/cultivo-de-los-avellanos\/\" aria-hidden=\"true\" >\n\t\t\t\tCultivo de los avellanos\t\t\t<\/a>\n\t\t<\/div>\n\n\t\t<div class=\"anwp-pg-post-teaser__bottom-meta d-flex flex-wrap\">\n\n\t\t\t\t\t\t\t<div class=\"anwp-pg-post-teaser__bottom-meta-item d-flex align-items-center mr-3\">\n\t\t\t\t\t<svg class=\"anwp-pg-icon anwp-pg-icon--s16 mr-1\">\n\t\t\t\t\t\t<use xlink:href=\"#icon-anwp-pg-calendar\"><\/use>\n\t\t\t\t\t<\/svg>\n\t\t\t\t\t<span class=\"posted-on m-0\"><span class=\"screen-reader-text\">Posted on<\/span><time class=\"anwp-pg-published\" datetime=\"2025-02-18T20:43:20+02:00\">18 de febrero de 2025<\/time><time class=\"anwp-pg-updated\" datetime=\"2025-02-19T19:05:31+02:00\">19 de febrero de 2025<\/time><\/span>\n\t\t\t\t<\/div>\n\t\t\t\t\n\t\t\t\t\t<\/div>\n\n\t\t\t\t\t<div class=\"anwp-pg-post-teaser__excerpt mb-2\">\n\t\t\t\tCultivo de los avellanos, recolecci\u00f3n y procesado de las avellanas. En regad\u00edo, la variedad de avellana Negreta tiene un marco de plantaci\u00f3n de 6-7 metros por 3-3,5 metros para las ...\t\t\t<\/div>\n\t\t\n\t\t\n\t<\/div>\n\n<\/div>\n<div class=\"anwp-pg-post-teaser anwp-pg-post-teaser--inner-cover-link anwp-pg-post-teaser--layout-d d-flex flex-column swiper-slide\">\n\t<div class=\"anwp-pg-post-teaser__thumbnail position-relative\">\n\n\t\t\n\t\t\n\t\t\t\t\t<img loading=\"lazy\" class=\"anwp-pg-post-teaser__thumbnail-img d-block anwp-pg-height-250 anwp-object-cover m-0 w-100\"\n\t\t\t\talt=\"Carnes frescas, embutidos y salazones\"\n\t\t\t\tsrc=\"https:\/\/koinecommerce.com\/blog-cerespain\/wp-content\/uploads\/2025\/02\/Carnes-frescas-embutidos-y-salazones.jpg\"\/>\n\t\t\n\t\t<div class=\"anwp-pg-post-teaser__thumbnail-bg anwp-position-cover\"><\/div>\n\n\t\t<a class=\"anwp-position-cover anwp-link-without-effects\" href=\"https:\/\/koinecommerce.com\/blog-cerespain\/carnes-frescas-embutidos-y-salazones\/\" aria-hidden=\"true\" ><\/a>\n\t<\/div>\n\n\t<div class=\"anwp-pg-post-teaser__content flex-grow-1 pt-1 d-flex flex-column\">\n\n\t\t<div class=\"anwp-pg-post-teaser__title anwp-font-heading mt-2\">\n\t\t\t<a class=\"anwp-link-without-effects\" href=\"https:\/\/koinecommerce.com\/blog-cerespain\/carnes-frescas-embutidos-y-salazones\/\" aria-hidden=\"true\" >\n\t\t\t\tCarnes frescas, embutidos y salazones\t\t\t<\/a>\n\t\t<\/div>\n\n\t\t<div class=\"anwp-pg-post-teaser__bottom-meta d-flex flex-wrap\">\n\n\t\t\t\t\t\t\t<div class=\"anwp-pg-post-teaser__bottom-meta-item d-flex align-items-center mr-3\">\n\t\t\t\t\t<svg class=\"anwp-pg-icon anwp-pg-icon--s16 mr-1\">\n\t\t\t\t\t\t<use xlink:href=\"#icon-anwp-pg-calendar\"><\/use>\n\t\t\t\t\t<\/svg>\n\t\t\t\t\t<span class=\"posted-on m-0\"><span class=\"screen-reader-text\">Posted on<\/span><time class=\"anwp-pg-published\" datetime=\"2025-02-16T19:47:29+02:00\">16 de febrero de 2025<\/time><time class=\"anwp-pg-updated\" datetime=\"2025-02-16T20:01:54+02:00\">16 de febrero de 2025<\/time><\/span>\n\t\t\t\t<\/div>\n\t\t\t\t\n\t\t\t\t\t<\/div>\n\n\t\t\t\t\t<div class=\"anwp-pg-post-teaser__excerpt mb-2\">\n\t\t\t\tCarnes frescas, embutidos y salazones, sus m\u00e9todos de producci\u00f3n y elaboraci\u00f3n. La tradici\u00f3n espa\u00f1ola sobre embutidos, carnes frescas, jamones y salazones viene de muy antiguo. \u00bfAlguna vez te has preguntado ...\t\t\t<\/div>\n\t\t\n\t\t\n\t<\/div>\n\n<\/div>\n<div class=\"anwp-pg-post-teaser anwp-pg-post-teaser--inner-cover-link anwp-pg-post-teaser--layout-d d-flex flex-column swiper-slide\">\n\t<div class=\"anwp-pg-post-teaser__thumbnail position-relative\">\n\n\t\t\n\t\t\n\t\t\t\t\t<img loading=\"lazy\" class=\"anwp-pg-post-teaser__thumbnail-img d-block anwp-pg-height-250 anwp-object-cover m-0 w-100\"\n\t\t\t\talt=\"Licores espirituosos\"\n\t\t\t\tsrc=\"https:\/\/koinecommerce.com\/blog-cerespain\/wp-content\/uploads\/2025\/01\/Elaboracion-de-licores.jpg\"\/>\n\t\t\n\t\t<div class=\"anwp-pg-post-teaser__thumbnail-bg anwp-position-cover\"><\/div>\n\n\t\t<a class=\"anwp-position-cover anwp-link-without-effects\" href=\"https:\/\/koinecommerce.com\/blog-cerespain\/licores-espirituosos\/\" aria-hidden=\"true\" ><\/a>\n\t<\/div>\n\n\t<div class=\"anwp-pg-post-teaser__content flex-grow-1 pt-1 d-flex flex-column\">\n\n\t\t<div class=\"anwp-pg-post-teaser__title anwp-font-heading mt-2\">\n\t\t\t<a class=\"anwp-link-without-effects\" href=\"https:\/\/koinecommerce.com\/blog-cerespain\/licores-espirituosos\/\" aria-hidden=\"true\" >\n\t\t\t\tLicores espirituosos\t\t\t<\/a>\n\t\t<\/div>\n\n\t\t<div class=\"anwp-pg-post-teaser__bottom-meta d-flex flex-wrap\">\n\n\t\t\t\t\t\t\t<div class=\"anwp-pg-post-teaser__bottom-meta-item d-flex align-items-center mr-3\">\n\t\t\t\t\t<svg class=\"anwp-pg-icon anwp-pg-icon--s16 mr-1\">\n\t\t\t\t\t\t<use xlink:href=\"#icon-anwp-pg-calendar\"><\/use>\n\t\t\t\t\t<\/svg>\n\t\t\t\t\t<span class=\"posted-on m-0\"><span class=\"screen-reader-text\">Posted on<\/span><time class=\"anwp-pg-published\" datetime=\"2025-02-05T22:07:30+02:00\">5 de febrero de 2025<\/time><time class=\"anwp-pg-updated\" datetime=\"2025-02-10T13:46:58+02:00\">10 de febrero de 2025<\/time><\/span>\n\t\t\t\t<\/div>\n\t\t\t\t\n\t\t\t\t\t<\/div>\n\n\t\t\t\t\t<div class=\"anwp-pg-post-teaser__excerpt mb-2\">\n\t\t\t\tLicores espirituosos espa\u00f1oles: tradici\u00f3n y m\u00e9todos de elaboraci\u00f3n. Espa\u00f1a tiene fama por su gastronom\u00eda y tambi\u00e9n por sus licores espirituosos. Elaborados durante siglos con m\u00e9todos tradicionales y que han sido ...\t\t\t<\/div>\n\t\t\n\t\t\n\t<\/div>\n\n<\/div>\n<div class=\"anwp-pg-post-teaser anwp-pg-post-teaser--inner-cover-link anwp-pg-post-teaser--layout-d d-flex flex-column swiper-slide\">\n\t<div class=\"anwp-pg-post-teaser__thumbnail position-relative\">\n\n\t\t\n\t\t\n\t\t\t\t\t<img loading=\"lazy\" class=\"anwp-pg-post-teaser__thumbnail-img d-block anwp-pg-height-250 anwp-object-cover m-0 w-100\"\n\t\t\t\talt=\"Elaboraci\u00f3n del Licor de Hierbas de Galicia\"\n\t\t\t\tsrc=\"https:\/\/koinecommerce.com\/blog-cerespain\/wp-content\/uploads\/2025\/02\/Elaboracion-Licor-de-hierbas-Galicia-1-rotated.jpg\"\/>\n\t\t\n\t\t<div class=\"anwp-pg-post-teaser__thumbnail-bg anwp-position-cover\"><\/div>\n\n\t\t<a class=\"anwp-position-cover anwp-link-without-effects\" href=\"https:\/\/koinecommerce.com\/blog-cerespain\/elaboracion-del-licor-de-hierbas-de-galicia\/\" aria-hidden=\"true\" ><\/a>\n\t<\/div>\n\n\t<div class=\"anwp-pg-post-teaser__content flex-grow-1 pt-1 d-flex flex-column\">\n\n\t\t<div class=\"anwp-pg-post-teaser__title anwp-font-heading mt-2\">\n\t\t\t<a class=\"anwp-link-without-effects\" href=\"https:\/\/koinecommerce.com\/blog-cerespain\/elaboracion-del-licor-de-hierbas-de-galicia\/\" aria-hidden=\"true\" >\n\t\t\t\tElaboraci\u00f3n del Licor de Hierbas de Galicia\t\t\t<\/a>\n\t\t<\/div>\n\n\t\t<div class=\"anwp-pg-post-teaser__bottom-meta d-flex flex-wrap\">\n\n\t\t\t\t\t\t\t<div class=\"anwp-pg-post-teaser__bottom-meta-item d-flex align-items-center mr-3\">\n\t\t\t\t\t<svg class=\"anwp-pg-icon anwp-pg-icon--s16 mr-1\">\n\t\t\t\t\t\t<use xlink:href=\"#icon-anwp-pg-calendar\"><\/use>\n\t\t\t\t\t<\/svg>\n\t\t\t\t\t<span class=\"posted-on m-0\"><span class=\"screen-reader-text\">Posted on<\/span><time class=\"anwp-pg-published\" datetime=\"2025-02-05T22:02:39+02:00\">5 de febrero de 2025<\/time><time class=\"anwp-pg-updated\" datetime=\"2025-02-05T22:03:31+02:00\">5 de febrero de 2025<\/time><\/span>\n\t\t\t\t<\/div>\n\t\t\t\t\n\t\t\t\t\t<\/div>\n\n\t\t\t\t\t<div class=\"anwp-pg-post-teaser__excerpt mb-2\">\n\t\t\t\tLa elaboraci\u00f3n del Licor de Hierbas de Galicia se hace a partir de aguardiente acogido a la IGP Orujo de Galicia y alcohol et\u00edlico de origen agr\u00edcola. En la mezcla ...\t\t\t<\/div>\n\t\t\n\t\t\n\t<\/div>\n\n<\/div>\n\t\t<\/div>\n\n\t\t\t\t\t\t\t\t\t<div class=\"swiper-pagination\"><\/div>\n\t\t\t\t\t\t\t\t\t<\/div>\n<\/div>\n\t\t\t\t<\/div>\n\t\t\t\t<\/div>\n\t\t\t\t\t<\/div>\n\t\t<\/div>\n\t\t\t\t\t<\/div>\n\t\t<\/section>\n\t\t\t\t\t<\/div>\n\t\t<\/div>\n\t\t\t\t\t<\/div>\n\t\t<\/section>\n\t\t\t\t<section class=\"elementor-section elementor-top-section elementor-element elementor-element-452ab59 elementor-section-stretched elementor-section-boxed elementor-section-height-default elementor-section-height-default\" data-id=\"452ab59\" data-element_type=\"section\" data-e-type=\"section\" data-settings=\"{&quot;stretch_section&quot;:&quot;section-stretched&quot;}\">\n\t\t\t\t\t\t<div class=\"elementor-container elementor-column-gap-default\">\n\t\t\t\t\t<div class=\"elementor-column elementor-col-100 elementor-top-column elementor-element elementor-element-cc5ed80\" data-id=\"cc5ed80\" data-element_type=\"column\" data-e-type=\"column\">\n\t\t\t<div class=\"elementor-widget-wrap elementor-element-populated\">\n\t\t\t\t\t\t<div class=\"elementor-element elementor-element-b01bc6e elementor-widget elementor-widget-image\" data-id=\"b01bc6e\" data-element_type=\"widget\" data-e-type=\"widget\" data-widget_type=\"image.default\">\n\t\t\t\t<div class=\"elementor-widget-container\">\n\t\t\t\t\t\t\t\t\t\t\t\t<figure class=\"wp-caption\">\n\t\t\t\t\t\t\t\t\t\t\t<a href=\"https:\/\/koinecommerce.com\/blog-cerespain\/contacte-con-nosotros\/\" target=\"_blank\">\n\t\t\t\t\t\t\t<img fetchpriority=\"high\" decoding=\"async\" width=\"1349\" height=\"440\" src=\"https:\/\/koinecommerce.com\/blog-cerespain\/wp-content\/uploads\/2025\/01\/godello-bierzo-campo-redondo.jpg\" class=\"attachment-full size-full wp-image-20559\" alt=\"Campo Redondo godello, comprar\" srcset=\"https:\/\/koinecommerce.com\/blog-cerespain\/wp-content\/uploads\/2025\/01\/godello-bierzo-campo-redondo.jpg 1349w, https:\/\/koinecommerce.com\/blog-cerespain\/wp-content\/uploads\/2025\/01\/godello-bierzo-campo-redondo-300x98.jpg 300w, https:\/\/koinecommerce.com\/blog-cerespain\/wp-content\/uploads\/2025\/01\/godello-bierzo-campo-redondo-1024x334.jpg 1024w, https:\/\/koinecommerce.com\/blog-cerespain\/wp-content\/uploads\/2025\/01\/godello-bierzo-campo-redondo-768x250.jpg 768w\" sizes=\"(max-width: 1349px) 100vw, 1349px\" \/>\t\t\t\t\t\t\t\t<\/a>\n\t\t\t\t\t\t\t\t\t\t\t<figcaption class=\"widget-image-caption wp-caption-text\">95\u20ac caja (12 botellas). \u00bfTe interesa?. \u00a1Portes gratis!. Clic sobre imagen.<\/figcaption>\n\t\t\t\t\t\t\t\t\t\t<\/figure>\n\t\t\t\t\t\t\t\t\t<\/div>\n\t\t\t\t<\/div>\n\t\t\t\t<section class=\"elementor-section elementor-inner-section elementor-element elementor-element-f58f3af elementor-section-boxed elementor-section-height-default elementor-section-height-default\" data-id=\"f58f3af\" data-element_type=\"section\" data-e-type=\"section\">\n\t\t\t\t\t\t<div class=\"elementor-container elementor-column-gap-default\">\n\t\t\t\t\t<div class=\"elementor-column elementor-col-100 elementor-inner-column elementor-element elementor-element-85efeb7\" data-id=\"85efeb7\" data-element_type=\"column\" data-e-type=\"column\">\n\t\t\t<div class=\"elementor-widget-wrap elementor-element-populated\">\n\t\t\t\t\t\t<div class=\"elementor-element elementor-element-42ee366 elementor-widget__width-auto elementor-widget elementor-widget-heading\" data-id=\"42ee366\" data-element_type=\"widget\" data-e-type=\"widget\" data-widget_type=\"heading.default\">\n\t\t\t\t<div class=\"elementor-widget-container\">\n\t\t\t\t\t<p class=\"elementor-heading-title elementor-size-default\"><a href=\"https:\/\/koinecommerce.com\/blog-cerespain\/otros-productos-de-calidad\/\">OTROS PRODUCTOS DE CALIDAD<\/a><\/p>\t\t\t\t<\/div>\n\t\t\t\t<\/div>\n\t\t\t\t<div class=\"elementor-element elementor-element-138691a elementor-widget-divider--view-line elementor-widget elementor-widget-divider\" data-id=\"138691a\" data-element_type=\"widget\" data-e-type=\"widget\" data-widget_type=\"divider.default\">\n\t\t\t\t<div class=\"elementor-widget-container\">\n\t\t\t\t\t\t\t<div class=\"elementor-divider\">\n\t\t\t<span class=\"elementor-divider-separator\">\n\t\t\t\t\t\t<\/span>\n\t\t<\/div>\n\t\t\t\t\t\t<\/div>\n\t\t\t\t<\/div>\n\t\t\t\t\t<\/div>\n\t\t<\/div>\n\t\t\t\t\t<\/div>\n\t\t<\/section>\n\t\t\t\t<div class=\"elementor-element elementor-element-b119e62 anwp-pg-widget-header-style--b anwp-pg-post-teaser__post-icon--size-16 elementor-pagination-position-outside elementor-widget elementor-widget-anwp-pg-classic-slider\" data-id=\"b119e62\" data-element_type=\"widget\" data-e-type=\"widget\" data-widget_type=\"anwp-pg-classic-slider.default\">\n\t\t\t\t<div class=\"elementor-widget-container\">\n\t\t\t\t\t<div class=\"anwp-pg-wrap\">\n\n\t\n\t<!-- Slider main container -->\n\t<div\n\t\tclass=\"anwp-pg-classic-slider anwp-pg-swiper-wrapper position-static swiper swiper-container anwp-pg-no-transform\"\n\t\tdata-pg-slides-per-view=\"3\"\n\t\tdata-pg-slides-per-view-mobile=\"1\"\n\t\tdata-pg-slides-per-view-tablet=\"2\"\n\t\tdata-pg-slides-per-group=\"1\"\n\t\tdata-pg-slides-per-group-mobile=\"1\"\n\t\tdata-pg-slides-per-group-tablet=\"1\"\n\t\tdata-pg-autoplay=\"yes\"\n\t\tdata-pg-autoplay-delay=\"5000\"\n\t\tdata-pg-space-between=\"20\"\n\t\tdata-pg-effect=\"slide\"\n\t\tdata-pg-show-read-more=\"\"\n\t\tdata-pg-enable-observer=\"no\"\n\t\tdata-pg-loop=\"no\"\n\t\tdir=\"ltr\"\n\t>\n\t\t<!-- Additional required wrapper -->\n\t\t<div class=\"swiper-wrapper\">\n\t\t\t<!-- Slides -->\n\t\t\t<div class=\"anwp-pg-post-teaser anwp-pg-post-teaser--inner-cover-link anwp-pg-post-teaser--layout-d d-flex flex-column swiper-slide\">\n\t<div class=\"anwp-pg-post-teaser__thumbnail position-relative\">\n\n\t\t\n\t\t\n\t\t\t\t\t<img loading=\"lazy\" class=\"anwp-pg-post-teaser__thumbnail-img d-block anwp-pg-height-250 anwp-object-cover m-0 w-100\"\n\t\t\t\talt=\"Torrezno de Soria\"\n\t\t\t\tsrc=\"https:\/\/koinecommerce.com\/blog-cerespain\/wp-content\/uploads\/2023\/10\/Torrezno-de-Soria.jpg\"\/>\n\t\t\n\t\t<div class=\"anwp-pg-post-teaser__thumbnail-bg anwp-position-cover\"><\/div>\n\n\t\t<a class=\"anwp-position-cover anwp-link-without-effects\" href=\"https:\/\/koinecommerce.com\/blog-cerespain\/torrezno-de-soria\/\" aria-hidden=\"true\" ><\/a>\n\t<\/div>\n\n\t<div class=\"anwp-pg-post-teaser__content flex-grow-1 pt-1 d-flex flex-column\">\n\n\t\t<div class=\"anwp-pg-post-teaser__title anwp-font-heading mt-2\">\n\t\t\t<a class=\"anwp-link-without-effects\" href=\"https:\/\/koinecommerce.com\/blog-cerespain\/torrezno-de-soria\/\" aria-hidden=\"true\" >\n\t\t\t\tTorrezno de Soria\t\t\t<\/a>\n\t\t<\/div>\n\n\t\t<div class=\"anwp-pg-post-teaser__bottom-meta d-flex flex-wrap\">\n\n\t\t\t\t\t\t\t<div class=\"anwp-pg-post-teaser__bottom-meta-item d-flex align-items-center mr-3\">\n\t\t\t\t\t<svg class=\"anwp-pg-icon anwp-pg-icon--s16 mr-1\">\n\t\t\t\t\t\t<use xlink:href=\"#icon-anwp-pg-calendar\"><\/use>\n\t\t\t\t\t<\/svg>\n\t\t\t\t\t<span class=\"posted-on m-0\"><span class=\"screen-reader-text\">Posted on<\/span><time class=\"anwp-pg-published\" datetime=\"2023-10-11T19:23:20+02:00\">11 de octubre de 2023<\/time><time class=\"anwp-pg-updated\" datetime=\"2024-01-02T22:37:23+02:00\">2 de enero de 2024<\/time><\/span>\n\t\t\t\t<\/div>\n\t\t\t\t\n\t\t\t\t\t<\/div>\n\n\t\t\t\t\t<div class=\"anwp-pg-post-teaser__excerpt mb-2\">\n\t\t\t\tTorrezno de Soria: Un Bocado Inigualable. En el coraz\u00f3n de la gastronom\u00eda castellana, los Torreznos de Soria se alzan como una aut\u00e9ntica joya culinaria. Adem\u00e1s estos irresistibles trozos de panceta, ...\t\t\t<\/div>\n\t\t\n\t\t\n\t<\/div>\n\n<\/div>\n<div class=\"anwp-pg-post-teaser anwp-pg-post-teaser--inner-cover-link anwp-pg-post-teaser--layout-d d-flex flex-column swiper-slide\">\n\t<div class=\"anwp-pg-post-teaser__thumbnail position-relative\">\n\n\t\t\n\t\t\n\t\t\t\t\t<img loading=\"lazy\" class=\"anwp-pg-post-teaser__thumbnail-img d-block anwp-pg-height-250 anwp-object-cover m-0 w-100\"\n\t\t\t\talt=\"Cereza del Bierzo\"\n\t\t\t\tsrc=\"https:\/\/koinecommerce.com\/blog-cerespain\/wp-content\/uploads\/2023\/05\/Cereza-del-Bierzo.jpg\"\/>\n\t\t\n\t\t<div class=\"anwp-pg-post-teaser__thumbnail-bg anwp-position-cover\"><\/div>\n\n\t\t<a class=\"anwp-position-cover anwp-link-without-effects\" href=\"https:\/\/koinecommerce.com\/blog-cerespain\/cereza-del-bierzo\/\" aria-hidden=\"true\" ><\/a>\n\t<\/div>\n\n\t<div class=\"anwp-pg-post-teaser__content flex-grow-1 pt-1 d-flex flex-column\">\n\n\t\t<div class=\"anwp-pg-post-teaser__title anwp-font-heading mt-2\">\n\t\t\t<a class=\"anwp-link-without-effects\" href=\"https:\/\/koinecommerce.com\/blog-cerespain\/cereza-del-bierzo\/\" aria-hidden=\"true\" >\n\t\t\t\tCereza del Bierzo\t\t\t<\/a>\n\t\t<\/div>\n\n\t\t<div class=\"anwp-pg-post-teaser__bottom-meta d-flex flex-wrap\">\n\n\t\t\t\t\t\t\t<div class=\"anwp-pg-post-teaser__bottom-meta-item d-flex align-items-center mr-3\">\n\t\t\t\t\t<svg class=\"anwp-pg-icon anwp-pg-icon--s16 mr-1\">\n\t\t\t\t\t\t<use xlink:href=\"#icon-anwp-pg-calendar\"><\/use>\n\t\t\t\t\t<\/svg>\n\t\t\t\t\t<span class=\"posted-on m-0\"><span class=\"screen-reader-text\">Posted on<\/span><time class=\"anwp-pg-published\" datetime=\"2023-05-16T17:52:58+02:00\">16 de mayo de 2023<\/time><time class=\"anwp-pg-updated\" datetime=\"2023-05-16T17:52:58+02:00\">16 de mayo de 2023<\/time><\/span>\n\t\t\t\t<\/div>\n\t\t\t\t\n\t\t\t\t\t<\/div>\n\n\t\t\t\t\t<div class=\"anwp-pg-post-teaser__excerpt mb-2\">\n\t\t\t\tLa Cereza del Bierzo es una fruta de verano, fruto de los cerezos, \u00e1rboles de crecimiento r\u00e1pido, pertenece a la familia Rosaceae, el g\u00e9nero Prunas y la especie comercial se ...\t\t\t<\/div>\n\t\t\n\t\t\n\t<\/div>\n\n<\/div>\n<div class=\"anwp-pg-post-teaser anwp-pg-post-teaser--inner-cover-link anwp-pg-post-teaser--layout-d d-flex flex-column swiper-slide\">\n\t<div class=\"anwp-pg-post-teaser__thumbnail position-relative\">\n\n\t\t\n\t\t\n\t\t\t\t\t<img loading=\"lazy\" class=\"anwp-pg-post-teaser__thumbnail-img d-block anwp-pg-height-250 anwp-object-cover m-0 w-100\"\n\t\t\t\talt=\"Casta\u00f1a del Bierzo\"\n\t\t\t\tsrc=\"https:\/\/koinecommerce.com\/blog-cerespain\/wp-content\/uploads\/2022\/07\/Castana-del-Bierzo.jpg\"\/>\n\t\t\n\t\t<div class=\"anwp-pg-post-teaser__thumbnail-bg anwp-position-cover\"><\/div>\n\n\t\t<a class=\"anwp-position-cover anwp-link-without-effects\" href=\"https:\/\/koinecommerce.com\/blog-cerespain\/castana-del-bierzo\/\" aria-hidden=\"true\" ><\/a>\n\t<\/div>\n\n\t<div class=\"anwp-pg-post-teaser__content flex-grow-1 pt-1 d-flex flex-column\">\n\n\t\t<div class=\"anwp-pg-post-teaser__title anwp-font-heading mt-2\">\n\t\t\t<a class=\"anwp-link-without-effects\" href=\"https:\/\/koinecommerce.com\/blog-cerespain\/castana-del-bierzo\/\" aria-hidden=\"true\" >\n\t\t\t\tCasta\u00f1a del Bierzo\t\t\t<\/a>\n\t\t<\/div>\n\n\t\t<div class=\"anwp-pg-post-teaser__bottom-meta d-flex flex-wrap\">\n\n\t\t\t\t\t\t\t<div class=\"anwp-pg-post-teaser__bottom-meta-item d-flex align-items-center mr-3\">\n\t\t\t\t\t<svg class=\"anwp-pg-icon anwp-pg-icon--s16 mr-1\">\n\t\t\t\t\t\t<use xlink:href=\"#icon-anwp-pg-calendar\"><\/use>\n\t\t\t\t\t<\/svg>\n\t\t\t\t\t<span class=\"posted-on m-0\"><span class=\"screen-reader-text\">Posted on<\/span><time class=\"anwp-pg-published\" datetime=\"2022-07-21T21:27:02+02:00\">21 de julio de 2022<\/time><time class=\"anwp-pg-updated\" datetime=\"2025-06-30T19:55:37+02:00\">30 de junio de 2025<\/time><\/span>\n\t\t\t\t<\/div>\n\t\t\t\t\n\t\t\t\t\t<\/div>\n\n\t\t\t\t\t<div class=\"anwp-pg-post-teaser__excerpt mb-2\">\n\t\t\t\tDescripci\u00f3n de la Marca de Garant\u00eda Casta\u00f1a del Bierzo.- La zona de producci\u00f3n de la casta\u00f1a berciana con el sello de calidad de la Marca de Garant\u00eda Casta\u00f1a del Bierzo ...\t\t\t<\/div>\n\t\t\n\t\t\n\t<\/div>\n\n<\/div>\n<div class=\"anwp-pg-post-teaser anwp-pg-post-teaser--inner-cover-link anwp-pg-post-teaser--layout-d d-flex flex-column swiper-slide\">\n\t<div class=\"anwp-pg-post-teaser__thumbnail position-relative\">\n\n\t\t\n\t\t\n\t\t\t\t\t<img loading=\"lazy\" class=\"anwp-pg-post-teaser__thumbnail-img d-block anwp-pg-height-250 anwp-object-cover m-0 w-100\"\n\t\t\t\talt=\"Pera Conferencia del Bierzo\"\n\t\t\t\tsrc=\"https:\/\/koinecommerce.com\/blog-cerespain\/wp-content\/uploads\/2022\/07\/Pera-conferencia-del-Bierzo.jpg\"\/>\n\t\t\n\t\t<div class=\"anwp-pg-post-teaser__thumbnail-bg anwp-position-cover\"><\/div>\n\n\t\t<a class=\"anwp-position-cover anwp-link-without-effects\" href=\"https:\/\/koinecommerce.com\/blog-cerespain\/pera-conferencia-del-bierzo\/\" aria-hidden=\"true\" ><\/a>\n\t<\/div>\n\n\t<div class=\"anwp-pg-post-teaser__content flex-grow-1 pt-1 d-flex flex-column\">\n\n\t\t<div class=\"anwp-pg-post-teaser__title anwp-font-heading mt-2\">\n\t\t\t<a class=\"anwp-link-without-effects\" href=\"https:\/\/koinecommerce.com\/blog-cerespain\/pera-conferencia-del-bierzo\/\" aria-hidden=\"true\" >\n\t\t\t\tPera Conferencia del Bierzo\t\t\t<\/a>\n\t\t<\/div>\n\n\t\t<div class=\"anwp-pg-post-teaser__bottom-meta d-flex flex-wrap\">\n\n\t\t\t\t\t\t\t<div class=\"anwp-pg-post-teaser__bottom-meta-item d-flex align-items-center mr-3\">\n\t\t\t\t\t<svg class=\"anwp-pg-icon anwp-pg-icon--s16 mr-1\">\n\t\t\t\t\t\t<use xlink:href=\"#icon-anwp-pg-calendar\"><\/use>\n\t\t\t\t\t<\/svg>\n\t\t\t\t\t<span class=\"posted-on m-0\"><span class=\"screen-reader-text\">Posted on<\/span><time class=\"anwp-pg-published\" datetime=\"2022-07-17T19:11:16+02:00\">17 de julio de 2022<\/time><time class=\"anwp-pg-updated\" datetime=\"2023-04-18T17:48:43+02:00\">18 de abril de 2023<\/time><\/span>\n\t\t\t\t<\/div>\n\t\t\t\t\n\t\t\t\t\t<\/div>\n\n\t\t\t\t\t<div class=\"anwp-pg-post-teaser__excerpt mb-2\">\n\t\t\t\tDescripci\u00f3n de la Marca de Garant\u00eda Pera Conferencia del Bierzo.- La Pera Conferencia del Bierzo tiene una gran adaptaci\u00f3n en la Comarca del El Bierzo -Le\u00f3n-. Adem\u00e1s es un cultivo ...\t\t\t<\/div>\n\t\t\n\t\t\n\t<\/div>\n\n<\/div>\n<div class=\"anwp-pg-post-teaser anwp-pg-post-teaser--inner-cover-link anwp-pg-post-teaser--layout-d d-flex flex-column swiper-slide\">\n\t<div class=\"anwp-pg-post-teaser__thumbnail position-relative\">\n\n\t\t\n\t\t\n\t\t\t\t\t<img loading=\"lazy\" class=\"anwp-pg-post-teaser__thumbnail-img d-block anwp-pg-height-250 anwp-object-cover m-0 w-100\"\n\t\t\t\talt=\"Productos de Calidad Agroalimentaria\"\n\t\t\t\tsrc=\"https:\/\/koinecommerce.com\/blog-cerespain\/wp-content\/uploads\/2022\/07\/Otros-productos-de-calidad.jpg\"\/>\n\t\t\n\t\t<div class=\"anwp-pg-post-teaser__thumbnail-bg anwp-position-cover\"><\/div>\n\n\t\t<a class=\"anwp-position-cover anwp-link-without-effects\" href=\"https:\/\/koinecommerce.com\/blog-cerespain\/productos-de-calidad-agroalimentaria\/\" aria-hidden=\"true\" ><\/a>\n\t<\/div>\n\n\t<div class=\"anwp-pg-post-teaser__content flex-grow-1 pt-1 d-flex flex-column\">\n\n\t\t<div class=\"anwp-pg-post-teaser__title anwp-font-heading mt-2\">\n\t\t\t<a class=\"anwp-link-without-effects\" href=\"https:\/\/koinecommerce.com\/blog-cerespain\/productos-de-calidad-agroalimentaria\/\" aria-hidden=\"true\" >\n\t\t\t\tProductos de Calidad Agroalimentaria\t\t\t<\/a>\n\t\t<\/div>\n\n\t\t<div class=\"anwp-pg-post-teaser__bottom-meta d-flex flex-wrap\">\n\n\t\t\t\t\t\t\t<div class=\"anwp-pg-post-teaser__bottom-meta-item d-flex align-items-center mr-3\">\n\t\t\t\t\t<svg class=\"anwp-pg-icon anwp-pg-icon--s16 mr-1\">\n\t\t\t\t\t\t<use xlink:href=\"#icon-anwp-pg-calendar\"><\/use>\n\t\t\t\t\t<\/svg>\n\t\t\t\t\t<span class=\"posted-on m-0\"><span class=\"screen-reader-text\">Posted on<\/span><time class=\"anwp-pg-published\" datetime=\"2022-07-12T22:49:34+02:00\">12 de julio de 2022<\/time><time class=\"anwp-pg-updated\" datetime=\"2023-04-18T13:56:27+02:00\">18 de abril de 2023<\/time><\/span>\n\t\t\t\t<\/div>\n\t\t\t\t\n\t\t\t\t\t<\/div>\n\n\t\t\t\t\t<div class=\"anwp-pg-post-teaser__excerpt mb-2\">\n\t\t\t\tLos productos de calidad agroalimentaria son aquellos alimentos que cumplen con ciertas caracter\u00edsticas y est\u00e1ndares de calidad establecidos por una entidad reguladora o certificadora. Estos productos se destacan por su ...\t\t\t<\/div>\n\t\t\n\t\t\n\t<\/div>\n\n<\/div>\n<div class=\"anwp-pg-post-teaser anwp-pg-post-teaser--inner-cover-link anwp-pg-post-teaser--layout-d d-flex flex-column swiper-slide\">\n\t<div class=\"anwp-pg-post-teaser__thumbnail position-relative\">\n\n\t\t\n\t\t\n\t\t\t\t\t<img loading=\"lazy\" class=\"anwp-pg-post-teaser__thumbnail-img d-block anwp-pg-height-250 anwp-object-cover m-0 w-100\"\n\t\t\t\talt=\"Marcas de Garant\u00eda Agroalimentarias\"\n\t\t\t\tsrc=\"https:\/\/koinecommerce.com\/blog-cerespain\/wp-content\/uploads\/2022\/07\/Productos-espanoles-1.jpg\"\/>\n\t\t\n\t\t<div class=\"anwp-pg-post-teaser__thumbnail-bg anwp-position-cover\"><\/div>\n\n\t\t<a class=\"anwp-position-cover anwp-link-without-effects\" href=\"https:\/\/koinecommerce.com\/blog-cerespain\/marcas-de-garantia-agroalimentarias\/\" aria-hidden=\"true\" ><\/a>\n\t<\/div>\n\n\t<div class=\"anwp-pg-post-teaser__content flex-grow-1 pt-1 d-flex flex-column\">\n\n\t\t<div class=\"anwp-pg-post-teaser__title anwp-font-heading mt-2\">\n\t\t\t<a class=\"anwp-link-without-effects\" href=\"https:\/\/koinecommerce.com\/blog-cerespain\/marcas-de-garantia-agroalimentarias\/\" aria-hidden=\"true\" >\n\t\t\t\tMarcas de Garant\u00eda Agroalimentarias\t\t\t<\/a>\n\t\t<\/div>\n\n\t\t<div class=\"anwp-pg-post-teaser__bottom-meta d-flex flex-wrap\">\n\n\t\t\t\t\t\t\t<div class=\"anwp-pg-post-teaser__bottom-meta-item d-flex align-items-center mr-3\">\n\t\t\t\t\t<svg class=\"anwp-pg-icon anwp-pg-icon--s16 mr-1\">\n\t\t\t\t\t\t<use xlink:href=\"#icon-anwp-pg-calendar\"><\/use>\n\t\t\t\t\t<\/svg>\n\t\t\t\t\t<span class=\"posted-on m-0\"><span class=\"screen-reader-text\">Posted on<\/span><time class=\"anwp-pg-published\" datetime=\"2022-07-12T22:46:55+02:00\">12 de julio de 2022<\/time><time class=\"anwp-pg-updated\" datetime=\"2023-10-11T19:26:31+02:00\">11 de octubre de 2023<\/time><\/span>\n\t\t\t\t<\/div>\n\t\t\t\t\n\t\t\t\t\t<\/div>\n\n\t\t\t\t\t<div class=\"anwp-pg-post-teaser__excerpt mb-2\">\n\t\t\t\tLas Marcas de Garant\u00eda Agroalimentarias son aut\u00e9nticos tesoros gastron\u00f3micos que representan la identidad y la calidad de una regi\u00f3n o territorio espec\u00edfico. Adem\u00e1s estas marcas certifican que los productos han ...\t\t\t<\/div>\n\t\t\n\t\t\n\t<\/div>\n\n<\/div>\n\t\t<\/div>\n\n\t\t\t\t\t\t\t\t\t<div class=\"swiper-pagination\"><\/div>\n\t\t\t\t\t\t\t\t\t<\/div>\n<\/div>\n\t\t\t\t<\/div>\n\t\t\t\t<\/div>\n\t\t\t\t\t<\/div>\n\t\t<\/div>\n\t\t\t\t\t<\/div>\n\t\t<\/section>\n\t\t\t\t<section class=\"elementor-section elementor-top-section elementor-element elementor-element-1fc7fe6 elementor-section-boxed elementor-section-height-default elementor-section-height-default\" data-id=\"1fc7fe6\" data-element_type=\"section\" data-e-type=\"section\">\n\t\t\t\t\t\t<div class=\"elementor-container elementor-column-gap-default\">\n\t\t\t\t\t<div class=\"elementor-column elementor-col-100 elementor-top-column elementor-element elementor-element-b3a976d\" data-id=\"b3a976d\" data-element_type=\"column\" data-e-type=\"column\">\n\t\t\t<div class=\"elementor-widget-wrap elementor-element-populated\">\n\t\t\t\t\t\t<section class=\"elementor-section elementor-inner-section elementor-element elementor-element-4c74f1f elementor-section-boxed elementor-section-height-default elementor-section-height-default\" data-id=\"4c74f1f\" data-element_type=\"section\" data-e-type=\"section\">\n\t\t\t\t\t\t<div class=\"elementor-container elementor-column-gap-default\">\n\t\t\t\t\t<div class=\"elementor-column elementor-col-100 elementor-inner-column elementor-element elementor-element-ab8de5c\" data-id=\"ab8de5c\" data-element_type=\"column\" data-e-type=\"column\">\n\t\t\t<div class=\"elementor-widget-wrap elementor-element-populated\">\n\t\t\t\t\t\t<div class=\"elementor-element elementor-element-fd094e3 elementor-widget__width-auto elementor-widget elementor-widget-heading\" data-id=\"fd094e3\" data-element_type=\"widget\" data-e-type=\"widget\" data-widget_type=\"heading.default\">\n\t\t\t\t<div class=\"elementor-widget-container\">\n\t\t\t\t\t<p class=\"elementor-heading-title elementor-size-default\"><a href=\"https:\/\/koinecommerce.com\/blog-cerespain\/gastronomia-de-espana\/\">GASTRONOM\u00cdA DE ESPA\u00d1A<\/a><\/p>\t\t\t\t<\/div>\n\t\t\t\t<\/div>\n\t\t\t\t<div class=\"elementor-element elementor-element-5d5b3a1 elementor-widget-divider--view-line elementor-widget elementor-widget-divider\" data-id=\"5d5b3a1\" data-element_type=\"widget\" data-e-type=\"widget\" data-widget_type=\"divider.default\">\n\t\t\t\t<div class=\"elementor-widget-container\">\n\t\t\t\t\t\t\t<div class=\"elementor-divider\">\n\t\t\t<span class=\"elementor-divider-separator\">\n\t\t\t\t\t\t<\/span>\n\t\t<\/div>\n\t\t\t\t\t\t<\/div>\n\t\t\t\t<\/div>\n\t\t\t\t\t<\/div>\n\t\t<\/div>\n\t\t\t\t\t<\/div>\n\t\t<\/section>\n\t\t\t\t\t<\/div>\n\t\t<\/div>\n\t\t\t\t\t<\/div>\n\t\t<\/section>\n\t\t\t\t<section class=\"elementor-section elementor-top-section elementor-element elementor-element-e77a382 elementor-section-boxed elementor-section-height-default elementor-section-height-default\" data-id=\"e77a382\" data-element_type=\"section\" data-e-type=\"section\">\n\t\t\t\t\t\t<div class=\"elementor-container elementor-column-gap-default\">\n\t\t\t\t\t<div class=\"elementor-column elementor-col-100 elementor-top-column elementor-element elementor-element-b295560\" data-id=\"b295560\" data-element_type=\"column\" data-e-type=\"column\">\n\t\t\t<div class=\"elementor-widget-wrap elementor-element-populated\">\n\t\t\t\t\t\t<div class=\"elementor-element elementor-element-38c640e anwp-pg-post-teaser__post-icon--size-16 elementor-widget elementor-widget-anwp-pg-hero-block\" data-id=\"38c640e\" data-element_type=\"widget\" data-e-type=\"widget\" data-widget_type=\"anwp-pg-hero-block.default\">\n\t\t\t\t<div class=\"elementor-widget-container\">\n\t\t\t\t\t<div class=\"anwp-pg-wrap\">\n\t<div class=\"d-flex anwp-row flex-wrap anwp-no-gutters anwp-pg-hero-block anwp-pg-posts-wrapper anwp-pg-gutter--thin\">\n\n\t\t<div class=\"anwp-col-sm-9 anwp-col-lg-6 anwp-pg-height-2x anwp-pg-hero-main-block-wrapper\">\n\t\t\t<div class=\"anwp-pg-post-teaser anwp-pg-post-teaser--layout-a anwp-pg-hero-main-block my-0\">\n\t<div class=\"anwp-pg-post-teaser__thumbnail position-relative\">\n\n\t\t\n\t\t\t\t\t<img loading=\"lazy\" class=\"anwp-pg-post-teaser__thumbnail-img d-block anwp-pg-height-180 anwp-object-cover m-0 w-100\"\n\t\t\t\talt=\"Calabacines con at\u00fan\"\n\t\t\t\tsrc=\"https:\/\/koinecommerce.com\/blog-cerespain\/wp-content\/uploads\/2025\/06\/Calabacines-con-atun.jpg\" \/>\n\t\t\n\t\t<div class=\"anwp-pg-post-teaser__muted_bg\"><\/div>\n\t\t<div class=\"anwp-pg-post-teaser__thumbnail-bg anwp-position-cover\"><\/div>\n\n\t\t<div class=\"anwp-pg-post-teaser__content d-flex flex-column anwp-position-cover\">\n\t\t\t<div class=\"anwp-pg-post-teaser__top-meta d-flex mb-2\">\n\t\t\t\t\t\t\t<\/div>\n\n\t\t\t\n\t\t\t<div class=\"anwp-pg-post-teaser__title anwp-font-heading mt-auto mb-1\">\n\t\t\t\tCalabacines con at\u00fan\t\t\t<\/div>\n\n\t\t\t\t\t\t\t<div class=\"anwp-pg-post-teaser__bottom-meta mt-1 position-relative mb-2\">\n\t\t\t\t\t<span class=\"posted-on m-0\"><span class=\"screen-reader-text\">Posted on<\/span><time class=\"anwp-pg-published\" datetime=\"2025-06-22T19:34:56+02:00\">22 de junio de 2025<\/time><time class=\"anwp-pg-updated\" datetime=\"2025-06-22T19:39:39+02:00\">22 de junio de 2025<\/time><\/span>\n\t\t\t\t<\/div>\n\t\t\t\t\t<\/div>\n\n\t\t<a class=\"anwp-position-cover anwp-link-without-effects\" href=\"https:\/\/koinecommerce.com\/blog-cerespain\/calabacines-con-atun\/\" aria-hidden=\"true\" ><\/a>\n\t<\/div>\n<\/div>\n\t\t<\/div>\n\t\t<div class=\"anwp-col-sm-3 anwp-pg-hero-secondary-block-wrapper\">\n\t\t\t<div class=\"anwp-pg-post-teaser anwp-pg-post-teaser--layout-a anwp-pg-hero-secondary-block\">\n\t<div class=\"anwp-pg-post-teaser__thumbnail position-relative\">\n\n\t\t\n\t\t\t\t\t<img loading=\"lazy\" class=\"anwp-pg-post-teaser__thumbnail-img d-block anwp-pg-height-180 anwp-object-cover m-0 w-100\"\n\t\t\t\talt=\"Pollo con tomate\"\n\t\t\t\tsrc=\"https:\/\/koinecommerce.com\/blog-cerespain\/wp-content\/uploads\/2025\/06\/Pollo-con-tomate.jpg\" \/>\n\t\t\n\t\t<div class=\"anwp-pg-post-teaser__muted_bg\"><\/div>\n\t\t<div class=\"anwp-pg-post-teaser__thumbnail-bg anwp-position-cover\"><\/div>\n\n\t\t<div class=\"anwp-pg-post-teaser__content d-flex flex-column anwp-position-cover\">\n\t\t\t<div class=\"anwp-pg-post-teaser__top-meta d-flex mb-2\">\n\t\t\t\t\t\t\t<\/div>\n\n\t\t\t\n\t\t\t<div class=\"anwp-pg-post-teaser__title anwp-font-heading mt-auto mb-1\">\n\t\t\t\tPollo con tomate\t\t\t<\/div>\n\n\t\t\t\t\t\t\t<div class=\"anwp-pg-post-teaser__bottom-meta mt-1 position-relative mb-2\">\n\t\t\t\t\t<span class=\"posted-on m-0\"><span class=\"screen-reader-text\">Posted on<\/span><time class=\"anwp-pg-published\" datetime=\"2025-06-18T19:47:25+02:00\">18 de junio de 2025<\/time><time class=\"anwp-pg-updated\" datetime=\"2025-06-18T20:58:58+02:00\">18 de junio de 2025<\/time><\/span>\n\t\t\t\t<\/div>\n\t\t\t\t\t<\/div>\n\n\t\t<a class=\"anwp-position-cover anwp-link-without-effects\" href=\"https:\/\/koinecommerce.com\/blog-cerespain\/pollo-con-tomate\/\" aria-hidden=\"true\" ><\/a>\n\t<\/div>\n<\/div>\n<div class=\"anwp-pg-post-teaser anwp-pg-post-teaser--layout-a anwp-pg-hero-secondary-block\">\n\t<div class=\"anwp-pg-post-teaser__thumbnail position-relative\">\n\n\t\t\n\t\t\t\t\t<img loading=\"lazy\" class=\"anwp-pg-post-teaser__thumbnail-img d-block anwp-pg-height-180 anwp-object-cover m-0 w-100\"\n\t\t\t\talt=\"Cardo a la navarra\"\n\t\t\t\tsrc=\"https:\/\/koinecommerce.com\/blog-cerespain\/wp-content\/uploads\/2025\/05\/Cardo-a-la-navarra.jpg\" \/>\n\t\t\n\t\t<div class=\"anwp-pg-post-teaser__muted_bg\"><\/div>\n\t\t<div class=\"anwp-pg-post-teaser__thumbnail-bg anwp-position-cover\"><\/div>\n\n\t\t<div class=\"anwp-pg-post-teaser__content d-flex flex-column anwp-position-cover\">\n\t\t\t<div class=\"anwp-pg-post-teaser__top-meta d-flex mb-2\">\n\t\t\t\t\t\t\t<\/div>\n\n\t\t\t\n\t\t\t<div class=\"anwp-pg-post-teaser__title anwp-font-heading mt-auto mb-1\">\n\t\t\t\tCardo a la navarra\t\t\t<\/div>\n\n\t\t\t\t\t\t\t<div class=\"anwp-pg-post-teaser__bottom-meta mt-1 position-relative mb-2\">\n\t\t\t\t\t<span class=\"posted-on m-0\"><span class=\"screen-reader-text\">Posted on<\/span><time class=\"anwp-pg-published\" datetime=\"2025-05-01T19:36:01+02:00\">1 de mayo de 2025<\/time><time class=\"anwp-pg-updated\" datetime=\"2025-05-02T17:41:41+02:00\">2 de mayo de 2025<\/time><\/span>\n\t\t\t\t<\/div>\n\t\t\t\t\t<\/div>\n\n\t\t<a class=\"anwp-position-cover anwp-link-without-effects\" href=\"https:\/\/koinecommerce.com\/blog-cerespain\/cardo-a-la-navarra\/\" aria-hidden=\"true\" ><\/a>\n\t<\/div>\n<\/div>\n\t\t<\/div>\n\t\t<div class=\"anwp-col-sm-3 anwp-pg-hero-secondary-block-wrapper d-sm-none d-lg-block\">\n\t\t\t<div class=\"anwp-pg-post-teaser anwp-pg-post-teaser--layout-a anwp-pg-hero-secondary-block\">\n\t<div class=\"anwp-pg-post-teaser__thumbnail position-relative\">\n\n\t\t\n\t\t\t\t\t<img loading=\"lazy\" class=\"anwp-pg-post-teaser__thumbnail-img d-block anwp-pg-height-180 anwp-object-cover m-0 w-100\"\n\t\t\t\talt=\"Ensalada alemana\"\n\t\t\t\tsrc=\"https:\/\/koinecommerce.com\/blog-cerespain\/wp-content\/uploads\/2025\/02\/Ensalada-alemana.jpg\" \/>\n\t\t\n\t\t<div class=\"anwp-pg-post-teaser__muted_bg\"><\/div>\n\t\t<div class=\"anwp-pg-post-teaser__thumbnail-bg anwp-position-cover\"><\/div>\n\n\t\t<div class=\"anwp-pg-post-teaser__content d-flex flex-column anwp-position-cover\">\n\t\t\t<div class=\"anwp-pg-post-teaser__top-meta d-flex mb-2\">\n\t\t\t\t\t\t\t<\/div>\n\n\t\t\t\n\t\t\t<div class=\"anwp-pg-post-teaser__title anwp-font-heading mt-auto mb-1\">\n\t\t\t\tEnsalada alemana\t\t\t<\/div>\n\n\t\t\t\t\t\t\t<div class=\"anwp-pg-post-teaser__bottom-meta mt-1 position-relative mb-2\">\n\t\t\t\t\t<span class=\"posted-on m-0\"><span class=\"screen-reader-text\">Posted on<\/span><time class=\"anwp-pg-published\" datetime=\"2025-03-02T21:51:27+02:00\">2 de marzo de 2025<\/time><time class=\"anwp-pg-updated\" datetime=\"2025-06-26T19:59:53+02:00\">26 de junio de 2025<\/time><\/span>\n\t\t\t\t<\/div>\n\t\t\t\t\t<\/div>\n\n\t\t<a class=\"anwp-position-cover anwp-link-without-effects\" href=\"https:\/\/koinecommerce.com\/blog-cerespain\/ensalada-alemana\/\" aria-hidden=\"true\" ><\/a>\n\t<\/div>\n<\/div>\n<div class=\"anwp-pg-post-teaser anwp-pg-post-teaser--layout-a anwp-pg-hero-secondary-block\">\n\t<div class=\"anwp-pg-post-teaser__thumbnail position-relative\">\n\n\t\t\n\t\t\t\t\t<img loading=\"lazy\" class=\"anwp-pg-post-teaser__thumbnail-img d-block anwp-pg-height-180 anwp-object-cover m-0 w-100\"\n\t\t\t\talt=\"Ensalada campera\"\n\t\t\t\tsrc=\"https:\/\/koinecommerce.com\/blog-cerespain\/wp-content\/uploads\/2025\/01\/Ensalada-campera.jpg\" \/>\n\t\t\n\t\t<div class=\"anwp-pg-post-teaser__muted_bg\"><\/div>\n\t\t<div class=\"anwp-pg-post-teaser__thumbnail-bg anwp-position-cover\"><\/div>\n\n\t\t<div class=\"anwp-pg-post-teaser__content d-flex flex-column anwp-position-cover\">\n\t\t\t<div class=\"anwp-pg-post-teaser__top-meta d-flex mb-2\">\n\t\t\t\t\t\t\t<\/div>\n\n\t\t\t\n\t\t\t<div class=\"anwp-pg-post-teaser__title anwp-font-heading mt-auto mb-1\">\n\t\t\t\tEnsalada campera\t\t\t<\/div>\n\n\t\t\t\t\t\t\t<div class=\"anwp-pg-post-teaser__bottom-meta mt-1 position-relative mb-2\">\n\t\t\t\t\t<span class=\"posted-on m-0\"><span class=\"screen-reader-text\">Posted on<\/span><time class=\"anwp-pg-published\" datetime=\"2025-01-27T14:54:16+02:00\">27 de enero de 2025<\/time><time class=\"anwp-pg-updated\" datetime=\"2025-03-01T21:11:06+02:00\">1 de marzo de 2025<\/time><\/span>\n\t\t\t\t<\/div>\n\t\t\t\t\t<\/div>\n\n\t\t<a class=\"anwp-position-cover anwp-link-without-effects\" href=\"https:\/\/koinecommerce.com\/blog-cerespain\/ensalada-campera\/\" aria-hidden=\"true\" ><\/a>\n\t<\/div>\n<\/div>\n\t\t<\/div>\n\t<\/div>\n<\/div>\n\t\t\t\t<\/div>\n\t\t\t\t<\/div>\n\t\t\t\t\t<\/div>\n\t\t<\/div>\n\t\t\t\t\t<\/div>\n\t\t<\/section>\n\t\t\t\t<section class=\"elementor-section elementor-top-section elementor-element elementor-element-2393f51 elementor-section-boxed elementor-section-height-default elementor-section-height-default\" data-id=\"2393f51\" data-element_type=\"section\" data-e-type=\"section\">\n\t\t\t\t\t\t<div class=\"elementor-container elementor-column-gap-default\">\n\t\t\t\t\t<div class=\"elementor-column elementor-col-100 elementor-top-column elementor-element elementor-element-46736c5\" data-id=\"46736c5\" data-element_type=\"column\" data-e-type=\"column\">\n\t\t\t<div class=\"elementor-widget-wrap elementor-element-populated\">\n\t\t\t\t\t\t<section class=\"elementor-section elementor-inner-section elementor-element elementor-element-b89de5b elementor-section-boxed elementor-section-height-default elementor-section-height-default\" data-id=\"b89de5b\" data-element_type=\"section\" data-e-type=\"section\">\n\t\t\t\t\t\t<div class=\"elementor-container elementor-column-gap-default\">\n\t\t\t\t\t<div class=\"elementor-column elementor-col-100 elementor-inner-column elementor-element elementor-element-f1dac81\" data-id=\"f1dac81\" data-element_type=\"column\" data-e-type=\"column\">\n\t\t\t<div class=\"elementor-widget-wrap elementor-element-populated\">\n\t\t\t\t\t\t<div class=\"elementor-element elementor-element-f751af0 elementor-widget__width-auto elementor-widget elementor-widget-heading\" data-id=\"f751af0\" data-element_type=\"widget\" data-e-type=\"widget\" data-widget_type=\"heading.default\">\n\t\t\t\t<div class=\"elementor-widget-container\">\n\t\t\t\t\t<p class=\"elementor-heading-title elementor-size-default\"><a href=\"https:\/\/koinecommerce.com\/blog-cerespain\/municipios-de-espana\/\">MUNICIPIOS DE ESPA\u00d1A<\/a><\/p>\t\t\t\t<\/div>\n\t\t\t\t<\/div>\n\t\t\t\t<div class=\"elementor-element elementor-element-0533dee elementor-widget-divider--view-line elementor-widget elementor-widget-divider\" data-id=\"0533dee\" data-element_type=\"widget\" data-e-type=\"widget\" data-widget_type=\"divider.default\">\n\t\t\t\t<div class=\"elementor-widget-container\">\n\t\t\t\t\t\t\t<div class=\"elementor-divider\">\n\t\t\t<span class=\"elementor-divider-separator\">\n\t\t\t\t\t\t<\/span>\n\t\t<\/div>\n\t\t\t\t\t\t<\/div>\n\t\t\t\t<\/div>\n\t\t\t\t<div class=\"elementor-element elementor-element-5d0a3b3 anwp-pg-widget-header-style--b anwp-pg-post-teaser__post-icon--size-16 elementor-pagination-position-outside elementor-widget elementor-widget-anwp-pg-classic-slider\" data-id=\"5d0a3b3\" data-element_type=\"widget\" data-e-type=\"widget\" data-widget_type=\"anwp-pg-classic-slider.default\">\n\t\t\t\t<div class=\"elementor-widget-container\">\n\t\t\t\t\t<div class=\"anwp-pg-wrap\">\n\n\t\n\t<!-- Slider main container -->\n\t<div\n\t\tclass=\"anwp-pg-classic-slider anwp-pg-swiper-wrapper position-static swiper swiper-container anwp-pg-no-transform\"\n\t\tdata-pg-slides-per-view=\"3\"\n\t\tdata-pg-slides-per-view-mobile=\"1\"\n\t\tdata-pg-slides-per-view-tablet=\"2\"\n\t\tdata-pg-slides-per-group=\"1\"\n\t\tdata-pg-slides-per-group-mobile=\"1\"\n\t\tdata-pg-slides-per-group-tablet=\"1\"\n\t\tdata-pg-autoplay=\"yes\"\n\t\tdata-pg-autoplay-delay=\"5000\"\n\t\tdata-pg-space-between=\"20\"\n\t\tdata-pg-effect=\"slide\"\n\t\tdata-pg-show-read-more=\"\"\n\t\tdata-pg-enable-observer=\"no\"\n\t\tdata-pg-loop=\"no\"\n\t\tdir=\"ltr\"\n\t>\n\t\t<!-- Additional required wrapper -->\n\t\t<div class=\"swiper-wrapper\">\n\t\t\t<!-- Slides -->\n\t\t\t<div class=\"anwp-pg-post-teaser anwp-pg-post-teaser--inner-cover-link anwp-pg-post-teaser--layout-d d-flex flex-column swiper-slide\">\n\t<div class=\"anwp-pg-post-teaser__thumbnail position-relative\">\n\n\t\t\n\t\t\n\t\t\t\t\t<img loading=\"lazy\" class=\"anwp-pg-post-teaser__thumbnail-img d-block anwp-pg-height-250 anwp-object-cover m-0 w-100\"\n\t\t\t\talt=\"Villafranca del Bierzo\"\n\t\t\t\tsrc=\"https:\/\/koinecommerce.com\/blog-cerespain\/wp-content\/uploads\/2024\/06\/Villafranca-del-Bierzo.jpg\"\/>\n\t\t\n\t\t<div class=\"anwp-pg-post-teaser__thumbnail-bg anwp-position-cover\"><\/div>\n\n\t\t<a class=\"anwp-position-cover anwp-link-without-effects\" href=\"https:\/\/koinecommerce.com\/blog-cerespain\/villafranca-del-bierzo\/\" aria-hidden=\"true\" ><\/a>\n\t<\/div>\n\n\t<div class=\"anwp-pg-post-teaser__content flex-grow-1 pt-1 d-flex flex-column\">\n\n\t\t<div class=\"anwp-pg-post-teaser__title anwp-font-heading mt-2\">\n\t\t\t<a class=\"anwp-link-without-effects\" href=\"https:\/\/koinecommerce.com\/blog-cerespain\/villafranca-del-bierzo\/\" aria-hidden=\"true\" >\n\t\t\t\tVillafranca del Bierzo\t\t\t<\/a>\n\t\t<\/div>\n\n\t\t<div class=\"anwp-pg-post-teaser__bottom-meta d-flex flex-wrap\">\n\n\t\t\t\t\t\t\t<div class=\"anwp-pg-post-teaser__bottom-meta-item d-flex align-items-center mr-3\">\n\t\t\t\t\t<svg class=\"anwp-pg-icon anwp-pg-icon--s16 mr-1\">\n\t\t\t\t\t\t<use xlink:href=\"#icon-anwp-pg-calendar\"><\/use>\n\t\t\t\t\t<\/svg>\n\t\t\t\t\t<span class=\"posted-on m-0\"><span class=\"screen-reader-text\">Posted on<\/span><time class=\"anwp-pg-published\" datetime=\"2024-06-11T19:50:33+02:00\">11 de junio de 2024<\/time><time class=\"anwp-pg-updated\" datetime=\"2024-06-11T19:50:33+02:00\">11 de junio de 2024<\/time><\/span>\n\t\t\t\t<\/div>\n\t\t\t\t\n\t\t\t\t\t<\/div>\n\n\t\t\t\t\t<div class=\"anwp-pg-post-teaser__excerpt mb-2\">\n\t\t\t\tVillafranca del Bierzo, municipio y ayuntamiento. Se encuentra situado en la Comarca del Bierzo, provincia de Le\u00f3n. Su t\u00e9rmino municipal ocupa parte de la Reserva de la Biosfera de los ...\t\t\t<\/div>\n\t\t\n\t\t\n\t<\/div>\n\n<\/div>\n<div class=\"anwp-pg-post-teaser anwp-pg-post-teaser--inner-cover-link anwp-pg-post-teaser--layout-d d-flex flex-column swiper-slide\">\n\t<div class=\"anwp-pg-post-teaser__thumbnail position-relative\">\n\n\t\t\n\t\t\n\t\t\t\t\t<img loading=\"lazy\" class=\"anwp-pg-post-teaser__thumbnail-img d-block anwp-pg-height-250 anwp-object-cover m-0 w-100\"\n\t\t\t\talt=\"Puente de Domingo Fl\u00f3rez\"\n\t\t\t\tsrc=\"https:\/\/koinecommerce.com\/blog-cerespain\/wp-content\/uploads\/2023\/05\/Puente-de-Domingo-Florez.jpg\"\/>\n\t\t\n\t\t<div class=\"anwp-pg-post-teaser__thumbnail-bg anwp-position-cover\"><\/div>\n\n\t\t<a class=\"anwp-position-cover anwp-link-without-effects\" href=\"https:\/\/koinecommerce.com\/blog-cerespain\/puente-de-domingo-florez\/\" aria-hidden=\"true\" ><\/a>\n\t<\/div>\n\n\t<div class=\"anwp-pg-post-teaser__content flex-grow-1 pt-1 d-flex flex-column\">\n\n\t\t<div class=\"anwp-pg-post-teaser__title anwp-font-heading mt-2\">\n\t\t\t<a class=\"anwp-link-without-effects\" href=\"https:\/\/koinecommerce.com\/blog-cerespain\/puente-de-domingo-florez\/\" aria-hidden=\"true\" >\n\t\t\t\tPuente de Domingo Fl\u00f3rez\t\t\t<\/a>\n\t\t<\/div>\n\n\t\t<div class=\"anwp-pg-post-teaser__bottom-meta d-flex flex-wrap\">\n\n\t\t\t\t\t\t\t<div class=\"anwp-pg-post-teaser__bottom-meta-item d-flex align-items-center mr-3\">\n\t\t\t\t\t<svg class=\"anwp-pg-icon anwp-pg-icon--s16 mr-1\">\n\t\t\t\t\t\t<use xlink:href=\"#icon-anwp-pg-calendar\"><\/use>\n\t\t\t\t\t<\/svg>\n\t\t\t\t\t<span class=\"posted-on m-0\"><span class=\"screen-reader-text\">Posted on<\/span><time class=\"anwp-pg-published\" datetime=\"2023-05-04T19:31:52+02:00\">4 de mayo de 2023<\/time><time class=\"anwp-pg-updated\" datetime=\"2023-07-09T18:42:41+02:00\">9 de julio de 2023<\/time><\/span>\n\t\t\t\t<\/div>\n\t\t\t\t\n\t\t\t\t\t<\/div>\n\n\t\t\t\t\t<div class=\"anwp-pg-post-teaser__excerpt mb-2\">\n\t\t\t\tPuente de Domingo Fl\u00f3rez, municipio y ayuntamiento.- Puente de Domingo Fl\u00f3rez, municipio y ayuntamiento situado en la Comarca del Bierzo en la provincia de Le\u00f3n, es famoso por sus canteras ...\t\t\t<\/div>\n\t\t\n\t\t\n\t<\/div>\n\n<\/div>\n<div class=\"anwp-pg-post-teaser anwp-pg-post-teaser--inner-cover-link anwp-pg-post-teaser--layout-d d-flex flex-column swiper-slide\">\n\t<div class=\"anwp-pg-post-teaser__thumbnail position-relative\">\n\n\t\t\n\t\t\n\t\t\t\t\t<img loading=\"lazy\" class=\"anwp-pg-post-teaser__thumbnail-img d-block anwp-pg-height-250 anwp-object-cover m-0 w-100\"\n\t\t\t\talt=\"Carucedo, municipio y ayuntamiento\"\n\t\t\t\tsrc=\"https:\/\/koinecommerce.com\/blog-cerespain\/wp-content\/uploads\/2023\/01\/Las-Medulas.jpg\"\/>\n\t\t\n\t\t<div class=\"anwp-pg-post-teaser__thumbnail-bg anwp-position-cover\"><\/div>\n\n\t\t<a class=\"anwp-position-cover anwp-link-without-effects\" href=\"https:\/\/koinecommerce.com\/blog-cerespain\/carucedo-municipio-y-ayuntamiento\/\" aria-hidden=\"true\" ><\/a>\n\t<\/div>\n\n\t<div class=\"anwp-pg-post-teaser__content flex-grow-1 pt-1 d-flex flex-column\">\n\n\t\t<div class=\"anwp-pg-post-teaser__title anwp-font-heading mt-2\">\n\t\t\t<a class=\"anwp-link-without-effects\" href=\"https:\/\/koinecommerce.com\/blog-cerespain\/carucedo-municipio-y-ayuntamiento\/\" aria-hidden=\"true\" >\n\t\t\t\tCarucedo, municipio y ayuntamiento\t\t\t<\/a>\n\t\t<\/div>\n\n\t\t<div class=\"anwp-pg-post-teaser__bottom-meta d-flex flex-wrap\">\n\n\t\t\t\t\t\t\t<div class=\"anwp-pg-post-teaser__bottom-meta-item d-flex align-items-center mr-3\">\n\t\t\t\t\t<svg class=\"anwp-pg-icon anwp-pg-icon--s16 mr-1\">\n\t\t\t\t\t\t<use xlink:href=\"#icon-anwp-pg-calendar\"><\/use>\n\t\t\t\t\t<\/svg>\n\t\t\t\t\t<span class=\"posted-on m-0\"><span class=\"screen-reader-text\">Posted on<\/span><time class=\"anwp-pg-published\" datetime=\"2023-02-04T19:23:48+02:00\">4 de febrero de 2023<\/time><time class=\"anwp-pg-updated\" datetime=\"2023-07-09T18:44:26+02:00\">9 de julio de 2023<\/time><\/span>\n\t\t\t\t<\/div>\n\t\t\t\t\n\t\t\t\t\t<\/div>\n\n\t\t\t\t\t<div class=\"anwp-pg-post-teaser__excerpt mb-2\">\n\t\t\t\tCarucedo.- Carucedo, municipio y ayuntamiento, se encuentra en la Comarca del Bierzo, provincia de Le\u00f3n. En la antigua carretera de Orense -N-536-. Linda con el Municipio de Borrenes. La agricultura ...\t\t\t<\/div>\n\t\t\n\t\t\n\t<\/div>\n\n<\/div>\n<div class=\"anwp-pg-post-teaser anwp-pg-post-teaser--inner-cover-link anwp-pg-post-teaser--layout-d d-flex flex-column swiper-slide\">\n\t<div class=\"anwp-pg-post-teaser__thumbnail position-relative\">\n\n\t\t\n\t\t\n\t\t\t\t\t<img loading=\"lazy\" class=\"anwp-pg-post-teaser__thumbnail-img d-block anwp-pg-height-250 anwp-object-cover m-0 w-100\"\n\t\t\t\talt=\"Municipio y Ayuntamiento de Borrenes\"\n\t\t\t\tsrc=\"https:\/\/koinecommerce.com\/blog-cerespain\/wp-content\/uploads\/2023\/01\/Mirador-Orellan.jpg\"\/>\n\t\t\n\t\t<div class=\"anwp-pg-post-teaser__thumbnail-bg anwp-position-cover\"><\/div>\n\n\t\t<a class=\"anwp-position-cover anwp-link-without-effects\" href=\"https:\/\/koinecommerce.com\/blog-cerespain\/municipio-y-ayuntamiento-de-borrenes\/\" aria-hidden=\"true\" ><\/a>\n\t<\/div>\n\n\t<div class=\"anwp-pg-post-teaser__content flex-grow-1 pt-1 d-flex flex-column\">\n\n\t\t<div class=\"anwp-pg-post-teaser__title anwp-font-heading mt-2\">\n\t\t\t<a class=\"anwp-link-without-effects\" href=\"https:\/\/koinecommerce.com\/blog-cerespain\/municipio-y-ayuntamiento-de-borrenes\/\" aria-hidden=\"true\" >\n\t\t\t\tMunicipio y Ayuntamiento de Borrenes\t\t\t<\/a>\n\t\t<\/div>\n\n\t\t<div class=\"anwp-pg-post-teaser__bottom-meta d-flex flex-wrap\">\n\n\t\t\t\t\t\t\t<div class=\"anwp-pg-post-teaser__bottom-meta-item d-flex align-items-center mr-3\">\n\t\t\t\t\t<svg class=\"anwp-pg-icon anwp-pg-icon--s16 mr-1\">\n\t\t\t\t\t\t<use xlink:href=\"#icon-anwp-pg-calendar\"><\/use>\n\t\t\t\t\t<\/svg>\n\t\t\t\t\t<span class=\"posted-on m-0\"><span class=\"screen-reader-text\">Posted on<\/span><time class=\"anwp-pg-published\" datetime=\"2023-01-25T22:30:00+02:00\">25 de enero de 2023<\/time><time class=\"anwp-pg-updated\" datetime=\"2023-07-09T18:45:36+02:00\">9 de julio de 2023<\/time><\/span>\n\t\t\t\t<\/div>\n\t\t\t\t\n\t\t\t\t\t<\/div>\n\n\t\t\t\t\t<div class=\"anwp-pg-post-teaser__excerpt mb-2\">\n\t\t\t\tBorrenes.- Municipio y ayuntamiento de Borrenes, se encuentra situado en la Comarca del Bierzo, provincia de Le\u00f3n. En la antigua carretera de Orense -N-536-, y en la margen izquierda del ...\t\t\t<\/div>\n\t\t\n\t\t\n\t<\/div>\n\n<\/div>\n<div class=\"anwp-pg-post-teaser anwp-pg-post-teaser--inner-cover-link anwp-pg-post-teaser--layout-d d-flex flex-column swiper-slide\">\n\t<div class=\"anwp-pg-post-teaser__thumbnail position-relative\">\n\n\t\t\n\t\t\n\t\t\t\t\t<img loading=\"lazy\" class=\"anwp-pg-post-teaser__thumbnail-img d-block anwp-pg-height-250 anwp-object-cover m-0 w-100\"\n\t\t\t\talt=\"Priaranza del Bierzo, municipio y ayuntamiento\"\n\t\t\t\tsrc=\"https:\/\/koinecommerce.com\/blog-cerespain\/wp-content\/uploads\/2023\/01\/Castillo-de-Cornatel.jpg\"\/>\n\t\t\n\t\t<div class=\"anwp-pg-post-teaser__thumbnail-bg anwp-position-cover\"><\/div>\n\n\t\t<a class=\"anwp-position-cover anwp-link-without-effects\" href=\"https:\/\/koinecommerce.com\/blog-cerespain\/priaranza-del-bierzo-municipio-y-ayuntamiento\/\" aria-hidden=\"true\" ><\/a>\n\t<\/div>\n\n\t<div class=\"anwp-pg-post-teaser__content flex-grow-1 pt-1 d-flex flex-column\">\n\n\t\t<div class=\"anwp-pg-post-teaser__title anwp-font-heading mt-2\">\n\t\t\t<a class=\"anwp-link-without-effects\" href=\"https:\/\/koinecommerce.com\/blog-cerespain\/priaranza-del-bierzo-municipio-y-ayuntamiento\/\" aria-hidden=\"true\" >\n\t\t\t\tPriaranza del Bierzo, municipio y ayuntamiento\t\t\t<\/a>\n\t\t<\/div>\n\n\t\t<div class=\"anwp-pg-post-teaser__bottom-meta d-flex flex-wrap\">\n\n\t\t\t\t\t\t\t<div class=\"anwp-pg-post-teaser__bottom-meta-item d-flex align-items-center mr-3\">\n\t\t\t\t\t<svg class=\"anwp-pg-icon anwp-pg-icon--s16 mr-1\">\n\t\t\t\t\t\t<use xlink:href=\"#icon-anwp-pg-calendar\"><\/use>\n\t\t\t\t\t<\/svg>\n\t\t\t\t\t<span class=\"posted-on m-0\"><span class=\"screen-reader-text\">Posted on<\/span><time class=\"anwp-pg-published\" datetime=\"2023-01-18T20:34:54+02:00\">18 de enero de 2023<\/time><time class=\"anwp-pg-updated\" datetime=\"2023-07-09T18:47:14+02:00\">9 de julio de 2023<\/time><\/span>\n\t\t\t\t<\/div>\n\t\t\t\t\n\t\t\t\t\t<\/div>\n\n\t\t\t\t\t<div class=\"anwp-pg-post-teaser__excerpt mb-2\">\n\t\t\t\tMunicipio y ayuntamiento de Priaranza del Bierzo.- El t\u00e9rmino municipal de Priaranza del Bierzo se encuentra situado en la Comarca del Bierzo, provincia de Le\u00f3n a muy pocos kil\u00f3metros de ...\t\t\t<\/div>\n\t\t\n\t\t\n\t<\/div>\n\n<\/div>\n<div class=\"anwp-pg-post-teaser anwp-pg-post-teaser--inner-cover-link anwp-pg-post-teaser--layout-d d-flex flex-column swiper-slide\">\n\t<div class=\"anwp-pg-post-teaser__thumbnail position-relative\">\n\n\t\t\n\t\t\n\t\t\t\t\t<img loading=\"lazy\" class=\"anwp-pg-post-teaser__thumbnail-img d-block anwp-pg-height-250 anwp-object-cover m-0 w-100\"\n\t\t\t\talt=\"Provincia de Zamora\"\n\t\t\t\tsrc=\"https:\/\/koinecommerce.com\/blog-cerespain\/wp-content\/uploads\/2022\/05\/Provincia-de-Zamora.jpg\"\/>\n\t\t\n\t\t<div class=\"anwp-pg-post-teaser__thumbnail-bg anwp-position-cover\"><\/div>\n\n\t\t<a class=\"anwp-position-cover anwp-link-without-effects\" href=\"https:\/\/koinecommerce.com\/blog-cerespain\/provincia-de-zamora\/\" aria-hidden=\"true\" ><\/a>\n\t<\/div>\n\n\t<div class=\"anwp-pg-post-teaser__content flex-grow-1 pt-1 d-flex flex-column\">\n\n\t\t<div class=\"anwp-pg-post-teaser__title anwp-font-heading mt-2\">\n\t\t\t<a class=\"anwp-link-without-effects\" href=\"https:\/\/koinecommerce.com\/blog-cerespain\/provincia-de-zamora\/\" aria-hidden=\"true\" >\n\t\t\t\tProvincia de Zamora\t\t\t<\/a>\n\t\t<\/div>\n\n\t\t<div class=\"anwp-pg-post-teaser__bottom-meta d-flex flex-wrap\">\n\n\t\t\t\t\t\t\t<div class=\"anwp-pg-post-teaser__bottom-meta-item d-flex align-items-center mr-3\">\n\t\t\t\t\t<svg class=\"anwp-pg-icon anwp-pg-icon--s16 mr-1\">\n\t\t\t\t\t\t<use xlink:href=\"#icon-anwp-pg-calendar\"><\/use>\n\t\t\t\t\t<\/svg>\n\t\t\t\t\t<span class=\"posted-on m-0\"><span class=\"screen-reader-text\">Posted on<\/span><time class=\"anwp-pg-published\" datetime=\"2022-05-26T17:45:53+02:00\">26 de mayo de 2022<\/time><time class=\"anwp-pg-updated\" datetime=\"2023-04-25T19:52:19+02:00\">25 de abril de 2023<\/time><\/span>\n\t\t\t\t<\/div>\n\t\t\t\t\n\t\t\t\t\t<\/div>\n\n\t\t\t\t\t<div class=\"anwp-pg-post-teaser__excerpt mb-2\">\n\t\t\t\tProvincia de Zamora, Espa\u00f1a.- La Provincia de Zamora, ubicada en la comunidad aut\u00f3noma de Castilla y Le\u00f3n, en el noroeste de Espa\u00f1a, cuenta con una situaci\u00f3n geogr\u00e1fica \u00fanica y un ...\t\t\t<\/div>\n\t\t\n\t\t\n\t<\/div>\n\n<\/div>\n<div class=\"anwp-pg-post-teaser anwp-pg-post-teaser--inner-cover-link anwp-pg-post-teaser--layout-d d-flex flex-column swiper-slide\">\n\t<div class=\"anwp-pg-post-teaser__thumbnail position-relative\">\n\n\t\t\n\t\t\n\t\t\t\t\t<img loading=\"lazy\" class=\"anwp-pg-post-teaser__thumbnail-img d-block anwp-pg-height-250 anwp-object-cover m-0 w-100\"\n\t\t\t\talt=\"Toro, municipio y ayuntamiento\"\n\t\t\t\tsrc=\"https:\/\/koinecommerce.com\/blog-cerespain\/wp-content\/uploads\/2022\/05\/Ayuntamiento-de-Toro.jpg\"\/>\n\t\t\n\t\t<div class=\"anwp-pg-post-teaser__thumbnail-bg anwp-position-cover\"><\/div>\n\n\t\t<a class=\"anwp-position-cover anwp-link-without-effects\" href=\"https:\/\/koinecommerce.com\/blog-cerespain\/toro-municipio-y-ayuntamiento\/\" aria-hidden=\"true\" ><\/a>\n\t<\/div>\n\n\t<div class=\"anwp-pg-post-teaser__content flex-grow-1 pt-1 d-flex flex-column\">\n\n\t\t<div class=\"anwp-pg-post-teaser__title anwp-font-heading mt-2\">\n\t\t\t<a class=\"anwp-link-without-effects\" href=\"https:\/\/koinecommerce.com\/blog-cerespain\/toro-municipio-y-ayuntamiento\/\" aria-hidden=\"true\" >\n\t\t\t\tToro, municipio y ayuntamiento\t\t\t<\/a>\n\t\t<\/div>\n\n\t\t<div class=\"anwp-pg-post-teaser__bottom-meta d-flex flex-wrap\">\n\n\t\t\t\t\t\t\t<div class=\"anwp-pg-post-teaser__bottom-meta-item d-flex align-items-center mr-3\">\n\t\t\t\t\t<svg class=\"anwp-pg-icon anwp-pg-icon--s16 mr-1\">\n\t\t\t\t\t\t<use xlink:href=\"#icon-anwp-pg-calendar\"><\/use>\n\t\t\t\t\t<\/svg>\n\t\t\t\t\t<span class=\"posted-on m-0\"><span class=\"screen-reader-text\">Posted on<\/span><time class=\"anwp-pg-published\" datetime=\"2022-05-25T18:52:35+02:00\">25 de mayo de 2022<\/time><time class=\"anwp-pg-updated\" datetime=\"2023-07-09T18:53:02+02:00\">9 de julio de 2023<\/time><\/span>\n\t\t\t\t<\/div>\n\t\t\t\t\n\t\t\t\t\t<\/div>\n\n\t\t\t\t\t<div class=\"anwp-pg-post-teaser__excerpt mb-2\">\n\t\t\t\tToro, municipio y ayuntamiento.- El municipio y ayuntamiento de Toro se encuentra en la provincia de Zamora. Los or\u00edgenes son muy antiguos pues los restos arqueol\u00f3gicos encontrados nos llevan a ...\t\t\t<\/div>\n\t\t\n\t\t\n\t<\/div>\n\n<\/div>\n\t\t<\/div>\n\n\t\t\t\t\t\t\t\t\t<div class=\"swiper-pagination\"><\/div>\n\t\t\t\t\t\t\t\t\t<\/div>\n<\/div>\n\t\t\t\t<\/div>\n\t\t\t\t<\/div>\n\t\t\t\t\t<\/div>\n\t\t<\/div>\n\t\t\t\t\t<\/div>\n\t\t<\/section>\n\t\t\t\t<section class=\"elementor-section elementor-inner-section elementor-element elementor-element-6b2839f elementor-section-boxed elementor-section-height-default elementor-section-height-default\" data-id=\"6b2839f\" data-element_type=\"section\" data-e-type=\"section\">\n\t\t\t\t\t\t<div class=\"elementor-container elementor-column-gap-default\">\n\t\t\t\t\t<div class=\"elementor-column elementor-col-100 elementor-inner-column elementor-element elementor-element-d34f6a2\" data-id=\"d34f6a2\" data-element_type=\"column\" data-e-type=\"column\">\n\t\t\t<div class=\"elementor-widget-wrap elementor-element-populated\">\n\t\t\t\t\t\t<div class=\"elementor-element elementor-element-90238e5 elementor-widget__width-auto elementor-widget elementor-widget-heading\" data-id=\"90238e5\" data-element_type=\"widget\" data-e-type=\"widget\" data-widget_type=\"heading.default\">\n\t\t\t\t<div class=\"elementor-widget-container\">\n\t\t\t\t\t<p class=\"elementor-heading-title elementor-size-default\"><a href=\"https:\/\/koinecommerce.com\/blog-cerespain\/rutas-turisticas\/\">RUTAS TUR\u00cdSTICAS<\/a><\/p>\t\t\t\t<\/div>\n\t\t\t\t<\/div>\n\t\t\t\t<div class=\"elementor-element elementor-element-64fd624 elementor-widget-divider--view-line elementor-widget elementor-widget-divider\" data-id=\"64fd624\" data-element_type=\"widget\" data-e-type=\"widget\" data-widget_type=\"divider.default\">\n\t\t\t\t<div class=\"elementor-widget-container\">\n\t\t\t\t\t\t\t<div class=\"elementor-divider\">\n\t\t\t<span class=\"elementor-divider-separator\">\n\t\t\t\t\t\t<\/span>\n\t\t<\/div>\n\t\t\t\t\t\t<\/div>\n\t\t\t\t<\/div>\n\t\t\t\t<div class=\"elementor-element elementor-element-c96bc67 anwp-pg-widget-header-style--b anwp-pg-post-teaser__post-icon--size-16 elementor-pagination-position-outside elementor-widget elementor-widget-anwp-pg-classic-slider\" data-id=\"c96bc67\" data-element_type=\"widget\" data-e-type=\"widget\" data-widget_type=\"anwp-pg-classic-slider.default\">\n\t\t\t\t<div class=\"elementor-widget-container\">\n\t\t\t\t\t<div class=\"anwp-pg-wrap\">\n\n\t\n\t<!-- Slider main container -->\n\t<div\n\t\tclass=\"anwp-pg-classic-slider anwp-pg-swiper-wrapper position-static swiper swiper-container anwp-pg-no-transform\"\n\t\tdata-pg-slides-per-view=\"3\"\n\t\tdata-pg-slides-per-view-mobile=\"1\"\n\t\tdata-pg-slides-per-view-tablet=\"2\"\n\t\tdata-pg-slides-per-group=\"1\"\n\t\tdata-pg-slides-per-group-mobile=\"1\"\n\t\tdata-pg-slides-per-group-tablet=\"1\"\n\t\tdata-pg-autoplay=\"yes\"\n\t\tdata-pg-autoplay-delay=\"5000\"\n\t\tdata-pg-space-between=\"20\"\n\t\tdata-pg-effect=\"slide\"\n\t\tdata-pg-show-read-more=\"\"\n\t\tdata-pg-enable-observer=\"no\"\n\t\tdata-pg-loop=\"no\"\n\t\tdir=\"ltr\"\n\t>\n\t\t<!-- Additional required wrapper -->\n\t\t<div class=\"swiper-wrapper\">\n\t\t\t<!-- Slides -->\n\t\t\t<div class=\"anwp-pg-post-teaser anwp-pg-post-teaser--inner-cover-link anwp-pg-post-teaser--layout-d d-flex flex-column swiper-slide\">\n\t<div class=\"anwp-pg-post-teaser__thumbnail position-relative\">\n\n\t\t\n\t\t\n\t\t\t\t\t<img loading=\"lazy\" class=\"anwp-pg-post-teaser__thumbnail-img d-block anwp-pg-height-250 anwp-object-cover m-0 w-100\"\n\t\t\t\talt=\"Comarca del Matarra\u00f1a\"\n\t\t\t\tsrc=\"https:\/\/koinecommerce.com\/blog-cerespain\/wp-content\/uploads\/2025\/03\/Valderrobles.jpg\"\/>\n\t\t\n\t\t<div class=\"anwp-pg-post-teaser__thumbnail-bg anwp-position-cover\"><\/div>\n\n\t\t<a class=\"anwp-position-cover anwp-link-without-effects\" href=\"https:\/\/koinecommerce.com\/blog-cerespain\/comarca-del-matarrana\/\" aria-hidden=\"true\" ><\/a>\n\t<\/div>\n\n\t<div class=\"anwp-pg-post-teaser__content flex-grow-1 pt-1 d-flex flex-column\">\n\n\t\t<div class=\"anwp-pg-post-teaser__title anwp-font-heading mt-2\">\n\t\t\t<a class=\"anwp-link-without-effects\" href=\"https:\/\/koinecommerce.com\/blog-cerespain\/comarca-del-matarrana\/\" aria-hidden=\"true\" >\n\t\t\t\tComarca del Matarra\u00f1a\t\t\t<\/a>\n\t\t<\/div>\n\n\t\t<div class=\"anwp-pg-post-teaser__bottom-meta d-flex flex-wrap\">\n\n\t\t\t\t\t\t\t<div class=\"anwp-pg-post-teaser__bottom-meta-item d-flex align-items-center mr-3\">\n\t\t\t\t\t<svg class=\"anwp-pg-icon anwp-pg-icon--s16 mr-1\">\n\t\t\t\t\t\t<use xlink:href=\"#icon-anwp-pg-calendar\"><\/use>\n\t\t\t\t\t<\/svg>\n\t\t\t\t\t<span class=\"posted-on m-0\"><span class=\"screen-reader-text\">Posted on<\/span><time class=\"anwp-pg-published\" datetime=\"2025-03-13T21:07:49+02:00\">13 de marzo de 2025<\/time><time class=\"anwp-pg-updated\" datetime=\"2025-06-13T18:00:52+02:00\">13 de junio de 2025<\/time><\/span>\n\t\t\t\t<\/div>\n\t\t\t\t\n\t\t\t\t\t<\/div>\n\n\t\t\t\t\t<div class=\"anwp-pg-post-teaser__excerpt mb-2\">\n\t\t\t\tPor la Comarca del Matarra\u00f1a. Viaje tur\u00edstico y gastron\u00f3mico. La ruta tur\u00edstica en coche que proponemos se centra en la preciosa Comarca del Matarra\u00f1a, en la provincia de Teruel -Espa\u00f1a-. ...\t\t\t<\/div>\n\t\t\n\t\t\n\t<\/div>\n\n<\/div>\n<div class=\"anwp-pg-post-teaser anwp-pg-post-teaser--inner-cover-link anwp-pg-post-teaser--layout-d d-flex flex-column swiper-slide\">\n\t<div class=\"anwp-pg-post-teaser__thumbnail position-relative\">\n\n\t\t\n\t\t\n\t\t\t\t\t<img loading=\"lazy\" class=\"anwp-pg-post-teaser__thumbnail-img d-block anwp-pg-height-250 anwp-object-cover m-0 w-100\"\n\t\t\t\talt=\"Senda de los Zufreiros del Frade\"\n\t\t\t\tsrc=\"https:\/\/koinecommerce.com\/blog-cerespain\/wp-content\/uploads\/2023\/04\/Senda-Zufreiros-del-Frade.jpg\"\/>\n\t\t\n\t\t<div class=\"anwp-pg-post-teaser__thumbnail-bg anwp-position-cover\"><\/div>\n\n\t\t<a class=\"anwp-position-cover anwp-link-without-effects\" href=\"https:\/\/koinecommerce.com\/blog-cerespain\/senda-de-los-zufreiros-del-frade\/\" aria-hidden=\"true\" ><\/a>\n\t<\/div>\n\n\t<div class=\"anwp-pg-post-teaser__content flex-grow-1 pt-1 d-flex flex-column\">\n\n\t\t<div class=\"anwp-pg-post-teaser__title anwp-font-heading mt-2\">\n\t\t\t<a class=\"anwp-link-without-effects\" href=\"https:\/\/koinecommerce.com\/blog-cerespain\/senda-de-los-zufreiros-del-frade\/\" aria-hidden=\"true\" >\n\t\t\t\tSenda de los Zufreiros del Frade\t\t\t<\/a>\n\t\t<\/div>\n\n\t\t<div class=\"anwp-pg-post-teaser__bottom-meta d-flex flex-wrap\">\n\n\t\t\t\t\t\t\t<div class=\"anwp-pg-post-teaser__bottom-meta-item d-flex align-items-center mr-3\">\n\t\t\t\t\t<svg class=\"anwp-pg-icon anwp-pg-icon--s16 mr-1\">\n\t\t\t\t\t\t<use xlink:href=\"#icon-anwp-pg-calendar\"><\/use>\n\t\t\t\t\t<\/svg>\n\t\t\t\t\t<span class=\"posted-on m-0\"><span class=\"screen-reader-text\">Posted on<\/span><time class=\"anwp-pg-published\" datetime=\"2023-04-27T18:53:03+02:00\">27 de abril de 2023<\/time><time class=\"anwp-pg-updated\" datetime=\"2023-04-29T15:21:02+02:00\">29 de abril de 2023<\/time><\/span>\n\t\t\t\t<\/div>\n\t\t\t\t\n\t\t\t\t\t<\/div>\n\n\t\t\t\t\t<div class=\"anwp-pg-post-teaser__excerpt mb-2\">\n\t\t\t\tRuta de senderismo Senda de los Zufreiros del Frade.- Senda de los Zufreiros del Frade en el entorno del Espacio Natural de Las M\u00e9dulas, una ruta de senderismo que te ...\t\t\t<\/div>\n\t\t\n\t\t\n\t<\/div>\n\n<\/div>\n<div class=\"anwp-pg-post-teaser anwp-pg-post-teaser--inner-cover-link anwp-pg-post-teaser--layout-d d-flex flex-column swiper-slide\">\n\t<div class=\"anwp-pg-post-teaser__thumbnail position-relative\">\n\n\t\t\n\t\t\n\t\t\t\t\t<img loading=\"lazy\" class=\"anwp-pg-post-teaser__thumbnail-img d-block anwp-pg-height-250 anwp-object-cover m-0 w-100\"\n\t\t\t\talt=\"Ruta por las Barrancas de Santalla\"\n\t\t\t\tsrc=\"https:\/\/koinecommerce.com\/blog-cerespain\/wp-content\/uploads\/2023\/01\/Barrancas-Santalla.jpg\"\/>\n\t\t\n\t\t<div class=\"anwp-pg-post-teaser__thumbnail-bg anwp-position-cover\"><\/div>\n\n\t\t<a class=\"anwp-position-cover anwp-link-without-effects\" href=\"https:\/\/koinecommerce.com\/blog-cerespain\/ruta-por-las-barrancas-de-santalla\/\" aria-hidden=\"true\" ><\/a>\n\t<\/div>\n\n\t<div class=\"anwp-pg-post-teaser__content flex-grow-1 pt-1 d-flex flex-column\">\n\n\t\t<div class=\"anwp-pg-post-teaser__title anwp-font-heading mt-2\">\n\t\t\t<a class=\"anwp-link-without-effects\" href=\"https:\/\/koinecommerce.com\/blog-cerespain\/ruta-por-las-barrancas-de-santalla\/\" aria-hidden=\"true\" >\n\t\t\t\tRuta por las Barrancas de Santalla\t\t\t<\/a>\n\t\t<\/div>\n\n\t\t<div class=\"anwp-pg-post-teaser__bottom-meta d-flex flex-wrap\">\n\n\t\t\t\t\t\t\t<div class=\"anwp-pg-post-teaser__bottom-meta-item d-flex align-items-center mr-3\">\n\t\t\t\t\t<svg class=\"anwp-pg-icon anwp-pg-icon--s16 mr-1\">\n\t\t\t\t\t\t<use xlink:href=\"#icon-anwp-pg-calendar\"><\/use>\n\t\t\t\t\t<\/svg>\n\t\t\t\t\t<span class=\"posted-on m-0\"><span class=\"screen-reader-text\">Posted on<\/span><time class=\"anwp-pg-published\" datetime=\"2023-01-20T21:29:50+02:00\">20 de enero de 2023<\/time><time class=\"anwp-pg-updated\" datetime=\"2023-04-28T18:03:13+02:00\">28 de abril de 2023<\/time><\/span>\n\t\t\t\t<\/div>\n\t\t\t\t\n\t\t\t\t\t<\/div>\n\n\t\t\t\t\t<div class=\"anwp-pg-post-teaser__excerpt mb-2\">\n\t\t\t\tRuta de las Barrancas de Santalla.- La ruta senderista de las Barrancas de Santalla, en el Municipio de Priaranza del Bierzo, ofrece al caminante la oportunidad de conocer una zona ...\t\t\t<\/div>\n\t\t\n\t\t\n\t<\/div>\n\n<\/div>\n<div class=\"anwp-pg-post-teaser anwp-pg-post-teaser--inner-cover-link anwp-pg-post-teaser--layout-d d-flex flex-column swiper-slide\">\n\t<div class=\"anwp-pg-post-teaser__thumbnail position-relative\">\n\n\t\t\n\t\t\n\t\t\t\t\t<img loading=\"lazy\" class=\"anwp-pg-post-teaser__thumbnail-img d-block anwp-pg-height-250 anwp-object-cover m-0 w-100\"\n\t\t\t\talt=\"Ruta tur\u00edstica por los Valles del Jerte y la Vera\"\n\t\t\t\tsrc=\"https:\/\/koinecommerce.com\/blog-cerespain\/wp-content\/uploads\/2022\/08\/Mirador-de-la-Memoria-el-Torno.jpg\"\/>\n\t\t\n\t\t<div class=\"anwp-pg-post-teaser__thumbnail-bg anwp-position-cover\"><\/div>\n\n\t\t<a class=\"anwp-position-cover anwp-link-without-effects\" href=\"https:\/\/koinecommerce.com\/blog-cerespain\/ruta-turistica-por-los-valles-del-jerte-y-la-vera\/\" aria-hidden=\"true\" ><\/a>\n\t<\/div>\n\n\t<div class=\"anwp-pg-post-teaser__content flex-grow-1 pt-1 d-flex flex-column\">\n\n\t\t<div class=\"anwp-pg-post-teaser__title anwp-font-heading mt-2\">\n\t\t\t<a class=\"anwp-link-without-effects\" href=\"https:\/\/koinecommerce.com\/blog-cerespain\/ruta-turistica-por-los-valles-del-jerte-y-la-vera\/\" aria-hidden=\"true\" >\n\t\t\t\tRuta tur\u00edstica por los Valles del Jerte y la Vera\t\t\t<\/a>\n\t\t<\/div>\n\n\t\t<div class=\"anwp-pg-post-teaser__bottom-meta d-flex flex-wrap\">\n\n\t\t\t\t\t\t\t<div class=\"anwp-pg-post-teaser__bottom-meta-item d-flex align-items-center mr-3\">\n\t\t\t\t\t<svg class=\"anwp-pg-icon anwp-pg-icon--s16 mr-1\">\n\t\t\t\t\t\t<use xlink:href=\"#icon-anwp-pg-calendar\"><\/use>\n\t\t\t\t\t<\/svg>\n\t\t\t\t\t<span class=\"posted-on m-0\"><span class=\"screen-reader-text\">Posted on<\/span><time class=\"anwp-pg-published\" datetime=\"2022-08-14T19:22:27+02:00\">14 de agosto de 2022<\/time><time class=\"anwp-pg-updated\" datetime=\"2023-07-11T18:29:53+02:00\">11 de julio de 2023<\/time><\/span>\n\t\t\t\t<\/div>\n\t\t\t\t\n\t\t\t\t\t<\/div>\n\n\t\t\t\t\t<div class=\"anwp-pg-post-teaser__excerpt mb-2\">\n\t\t\t\tLos valles del Jerte y la Vera se encuentra en la provincia de C\u00e1ceres, en la Comunidad Aut\u00f3noma de Extremadura. Empezamos nuestra ruta tur\u00edstica en el Puerto de Tornavacas, en ...\t\t\t<\/div>\n\t\t\n\t\t\n\t<\/div>\n\n<\/div>\n<div class=\"anwp-pg-post-teaser anwp-pg-post-teaser--inner-cover-link anwp-pg-post-teaser--layout-d d-flex flex-column swiper-slide\">\n\t<div class=\"anwp-pg-post-teaser__thumbnail position-relative\">\n\n\t\t\n\t\t\n\t\t\t\t\t<img loading=\"lazy\" class=\"anwp-pg-post-teaser__thumbnail-img d-block anwp-pg-height-250 anwp-object-cover m-0 w-100\"\n\t\t\t\talt=\"Entierro de Genar\u00edn\"\n\t\t\t\tsrc=\"https:\/\/koinecommerce.com\/blog-cerespain\/wp-content\/uploads\/2022\/04\/Genarin.jpg\"\/>\n\t\t\n\t\t<div class=\"anwp-pg-post-teaser__thumbnail-bg anwp-position-cover\"><\/div>\n\n\t\t<a class=\"anwp-position-cover anwp-link-without-effects\" href=\"https:\/\/koinecommerce.com\/blog-cerespain\/entierro-de-genarin\/\" aria-hidden=\"true\" ><\/a>\n\t<\/div>\n\n\t<div class=\"anwp-pg-post-teaser__content flex-grow-1 pt-1 d-flex flex-column\">\n\n\t\t<div class=\"anwp-pg-post-teaser__title anwp-font-heading mt-2\">\n\t\t\t<a class=\"anwp-link-without-effects\" href=\"https:\/\/koinecommerce.com\/blog-cerespain\/entierro-de-genarin\/\" aria-hidden=\"true\" >\n\t\t\t\tEntierro de Genar\u00edn\t\t\t<\/a>\n\t\t<\/div>\n\n\t\t<div class=\"anwp-pg-post-teaser__bottom-meta d-flex flex-wrap\">\n\n\t\t\t\t\t\t\t<div class=\"anwp-pg-post-teaser__bottom-meta-item d-flex align-items-center mr-3\">\n\t\t\t\t\t<svg class=\"anwp-pg-icon anwp-pg-icon--s16 mr-1\">\n\t\t\t\t\t\t<use xlink:href=\"#icon-anwp-pg-calendar\"><\/use>\n\t\t\t\t\t<\/svg>\n\t\t\t\t\t<span class=\"posted-on m-0\"><span class=\"screen-reader-text\">Posted on<\/span><time class=\"anwp-pg-published\" datetime=\"2022-04-11T16:17:47+02:00\">11 de abril de 2022<\/time><time class=\"anwp-pg-updated\" datetime=\"2023-03-13T21:33:14+02:00\">13 de marzo de 2023<\/time><\/span>\n\t\t\t\t<\/div>\n\t\t\t\t\n\t\t\t\t\t<\/div>\n\n\t\t\t\t\t<div class=\"anwp-pg-post-teaser__excerpt mb-2\">\n\t\t\t\tEl Entierro de Genar\u00edn.- Entierro de Genar\u00edn tiene lugar durante la noche del Jueves al Viernes Santo, en Le\u00f3n. Es la procesi\u00f3n pagana m\u00e1s popular de Espa\u00f1a en honor de ...\t\t\t<\/div>\n\t\t\n\t\t\n\t<\/div>\n\n<\/div>\n<div class=\"anwp-pg-post-teaser anwp-pg-post-teaser--inner-cover-link anwp-pg-post-teaser--layout-d d-flex flex-column swiper-slide\">\n\t<div class=\"anwp-pg-post-teaser__thumbnail position-relative\">\n\n\t\t\n\t\t\n\t\t\t\t\t<img loading=\"lazy\" class=\"anwp-pg-post-teaser__thumbnail-img d-block anwp-pg-height-250 anwp-object-cover m-0 w-100\"\n\t\t\t\talt=\"Ruta Tur\u00edstica por El Bierzo\"\n\t\t\t\tsrc=\"https:\/\/koinecommerce.com\/blog-cerespain\/wp-content\/uploads\/2022\/03\/Castillo-de-Ponferrada.jpg\"\/>\n\t\t\n\t\t<div class=\"anwp-pg-post-teaser__thumbnail-bg anwp-position-cover\"><\/div>\n\n\t\t<a class=\"anwp-position-cover anwp-link-without-effects\" href=\"https:\/\/koinecommerce.com\/blog-cerespain\/ruta-turistica-por-el-bierzo\/\" aria-hidden=\"true\" ><\/a>\n\t<\/div>\n\n\t<div class=\"anwp-pg-post-teaser__content flex-grow-1 pt-1 d-flex flex-column\">\n\n\t\t<div class=\"anwp-pg-post-teaser__title anwp-font-heading mt-2\">\n\t\t\t<a class=\"anwp-link-without-effects\" href=\"https:\/\/koinecommerce.com\/blog-cerespain\/ruta-turistica-por-el-bierzo\/\" aria-hidden=\"true\" >\n\t\t\t\tRuta Tur\u00edstica por El Bierzo\t\t\t<\/a>\n\t\t<\/div>\n\n\t\t<div class=\"anwp-pg-post-teaser__bottom-meta d-flex flex-wrap\">\n\n\t\t\t\t\t\t\t<div class=\"anwp-pg-post-teaser__bottom-meta-item d-flex align-items-center mr-3\">\n\t\t\t\t\t<svg class=\"anwp-pg-icon anwp-pg-icon--s16 mr-1\">\n\t\t\t\t\t\t<use xlink:href=\"#icon-anwp-pg-calendar\"><\/use>\n\t\t\t\t\t<\/svg>\n\t\t\t\t\t<span class=\"posted-on m-0\"><span class=\"screen-reader-text\">Posted on<\/span><time class=\"anwp-pg-published\" datetime=\"2022-03-29T16:41:00+02:00\">29 de marzo de 2022<\/time><time class=\"anwp-pg-updated\" datetime=\"2023-04-28T18:01:22+02:00\">28 de abril de 2023<\/time><\/span>\n\t\t\t\t<\/div>\n\t\t\t\t\n\t\t\t\t\t<\/div>\n\n\t\t\t\t\t<div class=\"anwp-pg-post-teaser__excerpt mb-2\">\n\t\t\t\tRuta Tur\u00edstica por El Bierzo.- Ruta tur\u00edstica por El Bierzo bajo lo iniciamos en Ponferrada, la capital de la Comarca del Bierzo. provincia de Le\u00f3n. Zona de Producci\u00f3n de la ...\t\t\t<\/div>\n\t\t\n\t\t\n\t<\/div>\n\n<\/div>\n<div class=\"anwp-pg-post-teaser anwp-pg-post-teaser--inner-cover-link anwp-pg-post-teaser--layout-d d-flex flex-column swiper-slide\">\n\t<div class=\"anwp-pg-post-teaser__thumbnail position-relative\">\n\n\t\t\n\t\t\n\t\t\t\t\t<img loading=\"lazy\" class=\"anwp-pg-post-teaser__thumbnail-img d-block anwp-pg-height-250 anwp-object-cover m-0 w-100\"\n\t\t\t\talt=\"Rutas Tur\u00edsticas del Vino\"\n\t\t\t\tsrc=\"https:\/\/koinecommerce.com\/blog-cerespain\/wp-content\/uploads\/2022\/03\/Ruta-turistica-vinos.jpg\"\/>\n\t\t\n\t\t<div class=\"anwp-pg-post-teaser__thumbnail-bg anwp-position-cover\"><\/div>\n\n\t\t<a class=\"anwp-position-cover anwp-link-without-effects\" href=\"https:\/\/koinecommerce.com\/blog-cerespain\/rutas-turisticas-del-vino\/\" aria-hidden=\"true\" ><\/a>\n\t<\/div>\n\n\t<div class=\"anwp-pg-post-teaser__content flex-grow-1 pt-1 d-flex flex-column\">\n\n\t\t<div class=\"anwp-pg-post-teaser__title anwp-font-heading mt-2\">\n\t\t\t<a class=\"anwp-link-without-effects\" href=\"https:\/\/koinecommerce.com\/blog-cerespain\/rutas-turisticas-del-vino\/\" aria-hidden=\"true\" >\n\t\t\t\tRutas Tur\u00edsticas del Vino\t\t\t<\/a>\n\t\t<\/div>\n\n\t\t<div class=\"anwp-pg-post-teaser__bottom-meta d-flex flex-wrap\">\n\n\t\t\t\t\t\t\t<div class=\"anwp-pg-post-teaser__bottom-meta-item d-flex align-items-center mr-3\">\n\t\t\t\t\t<svg class=\"anwp-pg-icon anwp-pg-icon--s16 mr-1\">\n\t\t\t\t\t\t<use xlink:href=\"#icon-anwp-pg-calendar\"><\/use>\n\t\t\t\t\t<\/svg>\n\t\t\t\t\t<span class=\"posted-on m-0\"><span class=\"screen-reader-text\">Posted on<\/span><time class=\"anwp-pg-published\" datetime=\"2022-03-29T16:40:17+02:00\">29 de marzo de 2022<\/time><time class=\"anwp-pg-updated\" datetime=\"2023-03-17T22:27:36+02:00\">17 de marzo de 2023<\/time><\/span>\n\t\t\t\t<\/div>\n\t\t\t\t\n\t\t\t\t\t<\/div>\n\n\t\t\t\t\t<div class=\"anwp-pg-post-teaser__excerpt mb-2\">\n\t\t\t\tRutas tur\u00edsticas del Vino.- Espa\u00f1a es conocida por sus excelentes vinos y las rutas tur\u00edsticas por las zonas de producci\u00f3n son una forma maravillosa de explorar la cultura, la historia ...\t\t\t<\/div>\n\t\t\n\t\t\n\t<\/div>\n\n<\/div>\n\t\t<\/div>\n\n\t\t\t\t\t\t\t\t\t<div class=\"swiper-pagination\"><\/div>\n\t\t\t\t\t\t\t\t\t<\/div>\n<\/div>\n\t\t\t\t<\/div>\n\t\t\t\t<\/div>\n\t\t\t\t\t<\/div>\n\t\t<\/div>\n\t\t\t\t\t<\/div>\n\t\t<\/section>\n\t\t\t\t<section class=\"elementor-section elementor-inner-section elementor-element elementor-element-a6da18a elementor-section-boxed elementor-section-height-default elementor-section-height-default\" data-id=\"a6da18a\" data-element_type=\"section\" data-e-type=\"section\">\n\t\t\t\t\t\t<div class=\"elementor-container elementor-column-gap-default\">\n\t\t\t\t\t<div class=\"elementor-column elementor-col-100 elementor-inner-column elementor-element elementor-element-58d1b26\" data-id=\"58d1b26\" data-element_type=\"column\" data-e-type=\"column\">\n\t\t\t<div class=\"elementor-widget-wrap elementor-element-populated\">\n\t\t\t\t\t\t<div class=\"elementor-element elementor-element-ba0cd28 elementor-widget__width-auto elementor-widget elementor-widget-heading\" data-id=\"ba0cd28\" data-element_type=\"widget\" data-e-type=\"widget\" data-widget_type=\"heading.default\">\n\t\t\t\t<div class=\"elementor-widget-container\">\n\t\t\t\t\t<p class=\"elementor-heading-title elementor-size-default\"><a href=\"https:\/\/koinecommerce.com\/blog-cerespain\/espacios-naturales-protegidos\/\">ESPACIOS NATURALES<\/a><\/p>\t\t\t\t<\/div>\n\t\t\t\t<\/div>\n\t\t\t\t<div class=\"elementor-element elementor-element-d3977c6 elementor-widget-divider--view-line elementor-widget elementor-widget-divider\" data-id=\"d3977c6\" data-element_type=\"widget\" data-e-type=\"widget\" data-widget_type=\"divider.default\">\n\t\t\t\t<div class=\"elementor-widget-container\">\n\t\t\t\t\t\t\t<div class=\"elementor-divider\">\n\t\t\t<span class=\"elementor-divider-separator\">\n\t\t\t\t\t\t<\/span>\n\t\t<\/div>\n\t\t\t\t\t\t<\/div>\n\t\t\t\t<\/div>\n\t\t\t\t<div class=\"elementor-element elementor-element-9d27dbe anwp-pg-widget-header-style--b anwp-pg-post-teaser__post-icon--size-16 elementor-pagination-position-outside elementor-widget elementor-widget-anwp-pg-classic-slider\" data-id=\"9d27dbe\" data-element_type=\"widget\" data-e-type=\"widget\" data-widget_type=\"anwp-pg-classic-slider.default\">\n\t\t\t\t<div class=\"elementor-widget-container\">\n\t\t\t\t\t<div class=\"anwp-pg-wrap\">\n\n\t\n\t<!-- Slider main container -->\n\t<div\n\t\tclass=\"anwp-pg-classic-slider anwp-pg-swiper-wrapper position-static swiper swiper-container anwp-pg-no-transform\"\n\t\tdata-pg-slides-per-view=\"3\"\n\t\tdata-pg-slides-per-view-mobile=\"1\"\n\t\tdata-pg-slides-per-view-tablet=\"2\"\n\t\tdata-pg-slides-per-group=\"1\"\n\t\tdata-pg-slides-per-group-mobile=\"1\"\n\t\tdata-pg-slides-per-group-tablet=\"1\"\n\t\tdata-pg-autoplay=\"yes\"\n\t\tdata-pg-autoplay-delay=\"5000\"\n\t\tdata-pg-space-between=\"20\"\n\t\tdata-pg-effect=\"slide\"\n\t\tdata-pg-show-read-more=\"\"\n\t\tdata-pg-enable-observer=\"no\"\n\t\tdata-pg-loop=\"no\"\n\t\tdir=\"ltr\"\n\t>\n\t\t<!-- Additional required wrapper -->\n\t\t<div class=\"swiper-wrapper\">\n\t\t\t<!-- Slides -->\n\t\t\t<div class=\"anwp-pg-post-teaser anwp-pg-post-teaser--inner-cover-link anwp-pg-post-teaser--layout-d d-flex flex-column swiper-slide\">\n\t<div class=\"anwp-pg-post-teaser__thumbnail position-relative\">\n\n\t\t\n\t\t\n\t\t\t\t\t<img loading=\"lazy\" class=\"anwp-pg-post-teaser__thumbnail-img d-block anwp-pg-height-250 anwp-object-cover m-0 w-100\"\n\t\t\t\talt=\"Ancares leoneses\"\n\t\t\t\tsrc=\"https:\/\/koinecommerce.com\/blog-cerespain\/wp-content\/uploads\/2022\/06\/Reserva-de-la-Biosfera-Ancares-leonesesn.jpg\"\/>\n\t\t\n\t\t<div class=\"anwp-pg-post-teaser__thumbnail-bg anwp-position-cover\"><\/div>\n\n\t\t<a class=\"anwp-position-cover anwp-link-without-effects\" href=\"https:\/\/koinecommerce.com\/blog-cerespain\/ancares-leoneses\/\" aria-hidden=\"true\" ><\/a>\n\t<\/div>\n\n\t<div class=\"anwp-pg-post-teaser__content flex-grow-1 pt-1 d-flex flex-column\">\n\n\t\t<div class=\"anwp-pg-post-teaser__title anwp-font-heading mt-2\">\n\t\t\t<a class=\"anwp-link-without-effects\" href=\"https:\/\/koinecommerce.com\/blog-cerespain\/ancares-leoneses\/\" aria-hidden=\"true\" >\n\t\t\t\tAncares leoneses\t\t\t<\/a>\n\t\t<\/div>\n\n\t\t<div class=\"anwp-pg-post-teaser__bottom-meta d-flex flex-wrap\">\n\n\t\t\t\t\t\t\t<div class=\"anwp-pg-post-teaser__bottom-meta-item d-flex align-items-center mr-3\">\n\t\t\t\t\t<svg class=\"anwp-pg-icon anwp-pg-icon--s16 mr-1\">\n\t\t\t\t\t\t<use xlink:href=\"#icon-anwp-pg-calendar\"><\/use>\n\t\t\t\t\t<\/svg>\n\t\t\t\t\t<span class=\"posted-on m-0\"><span class=\"screen-reader-text\">Posted on<\/span><time class=\"anwp-pg-published\" datetime=\"2022-06-14T18:35:48+02:00\">14 de junio de 2022<\/time><time class=\"anwp-pg-updated\" datetime=\"2025-06-29T20:01:20+02:00\">29 de junio de 2025<\/time><\/span>\n\t\t\t\t<\/div>\n\t\t\t\t\n\t\t\t\t\t<\/div>\n\n\t\t\t\t\t<div class=\"anwp-pg-post-teaser__excerpt mb-2\">\n\t\t\t\tReserva de la Biosfera de los Ancares Leoneses.- Los Ancares leoneses est\u00e1n declarados Reserva de la Biosfera por la UNESCO en 2006. Se encuentran situados en el extremo noroccidental de ...\t\t\t<\/div>\n\t\t\n\t\t\n\t<\/div>\n\n<\/div>\n<div class=\"anwp-pg-post-teaser anwp-pg-post-teaser--inner-cover-link anwp-pg-post-teaser--layout-d d-flex flex-column swiper-slide\">\n\t<div class=\"anwp-pg-post-teaser__thumbnail position-relative\">\n\n\t\t\n\t\t\n\t\t\t\t\t<img loading=\"lazy\" class=\"anwp-pg-post-teaser__thumbnail-img d-block anwp-pg-height-250 anwp-object-cover m-0 w-100\"\n\t\t\t\talt=\"Espacios Naturales Protegidos de Castilla y Le\u00f3n\"\n\t\t\t\tsrc=\"https:\/\/koinecommerce.com\/blog-cerespain\/wp-content\/uploads\/2022\/04\/Mapa-de-Castilla-y-Leon.jpg\"\/>\n\t\t\n\t\t<div class=\"anwp-pg-post-teaser__thumbnail-bg anwp-position-cover\"><\/div>\n\n\t\t<a class=\"anwp-position-cover anwp-link-without-effects\" href=\"https:\/\/koinecommerce.com\/blog-cerespain\/espacios-naturales-protegidos-de-castilla-y-leon\/\" aria-hidden=\"true\" ><\/a>\n\t<\/div>\n\n\t<div class=\"anwp-pg-post-teaser__content flex-grow-1 pt-1 d-flex flex-column\">\n\n\t\t<div class=\"anwp-pg-post-teaser__title anwp-font-heading mt-2\">\n\t\t\t<a class=\"anwp-link-without-effects\" href=\"https:\/\/koinecommerce.com\/blog-cerespain\/espacios-naturales-protegidos-de-castilla-y-leon\/\" aria-hidden=\"true\" >\n\t\t\t\tEspacios Naturales Protegidos de Castilla y Le\u00f3n\t\t\t<\/a>\n\t\t<\/div>\n\n\t\t<div class=\"anwp-pg-post-teaser__bottom-meta d-flex flex-wrap\">\n\n\t\t\t\t\t\t\t<div class=\"anwp-pg-post-teaser__bottom-meta-item d-flex align-items-center mr-3\">\n\t\t\t\t\t<svg class=\"anwp-pg-icon anwp-pg-icon--s16 mr-1\">\n\t\t\t\t\t\t<use xlink:href=\"#icon-anwp-pg-calendar\"><\/use>\n\t\t\t\t\t<\/svg>\n\t\t\t\t\t<span class=\"posted-on m-0\"><span class=\"screen-reader-text\">Posted on<\/span><time class=\"anwp-pg-published\" datetime=\"2022-04-15T18:50:59+02:00\">15 de abril de 2022<\/time><time class=\"anwp-pg-updated\" datetime=\"2023-03-07T21:49:09+02:00\">7 de marzo de 2023<\/time><\/span>\n\t\t\t\t<\/div>\n\t\t\t\t\n\t\t\t\t\t<\/div>\n\n\t\t\t\t\t<div class=\"anwp-pg-post-teaser__excerpt mb-2\">\n\t\t\t\tEspacios Naturales Protegidos de Castilla y Le\u00f3n.- Espacios, Reservas, Monumentos, Parques y Ecosistemas Naturales Protegidos de la Comunidad Aut\u00f3noma de Castilla y Le\u00f3n.- Provincia de \u00c1VILA.- Parque Regional Sierra de ...\t\t\t<\/div>\n\t\t\n\t\t\n\t<\/div>\n\n<\/div>\n<div class=\"anwp-pg-post-teaser anwp-pg-post-teaser--inner-cover-link anwp-pg-post-teaser--layout-d d-flex flex-column swiper-slide\">\n\t<div class=\"anwp-pg-post-teaser__thumbnail position-relative\">\n\n\t\t\n\t\t\n\t\t\t\t\t<img loading=\"lazy\" class=\"anwp-pg-post-teaser__thumbnail-img d-block anwp-pg-height-250 anwp-object-cover m-0 w-100\"\n\t\t\t\talt=\"Las M\u00e9dulas\"\n\t\t\t\tsrc=\"https:\/\/koinecommerce.com\/blog-cerespain\/wp-content\/uploads\/2022\/04\/Las-Medulas.jpg\"\/>\n\t\t\n\t\t<div class=\"anwp-pg-post-teaser__thumbnail-bg anwp-position-cover\"><\/div>\n\n\t\t<a class=\"anwp-position-cover anwp-link-without-effects\" href=\"https:\/\/koinecommerce.com\/blog-cerespain\/las-medulas\/\" aria-hidden=\"true\" ><\/a>\n\t<\/div>\n\n\t<div class=\"anwp-pg-post-teaser__content flex-grow-1 pt-1 d-flex flex-column\">\n\n\t\t<div class=\"anwp-pg-post-teaser__title anwp-font-heading mt-2\">\n\t\t\t<a class=\"anwp-link-without-effects\" href=\"https:\/\/koinecommerce.com\/blog-cerespain\/las-medulas\/\" aria-hidden=\"true\" >\n\t\t\t\tLas M\u00e9dulas\t\t\t<\/a>\n\t\t<\/div>\n\n\t\t<div class=\"anwp-pg-post-teaser__bottom-meta d-flex flex-wrap\">\n\n\t\t\t\t\t\t\t<div class=\"anwp-pg-post-teaser__bottom-meta-item d-flex align-items-center mr-3\">\n\t\t\t\t\t<svg class=\"anwp-pg-icon anwp-pg-icon--s16 mr-1\">\n\t\t\t\t\t\t<use xlink:href=\"#icon-anwp-pg-calendar\"><\/use>\n\t\t\t\t\t<\/svg>\n\t\t\t\t\t<span class=\"posted-on m-0\"><span class=\"screen-reader-text\">Posted on<\/span><time class=\"anwp-pg-published\" datetime=\"2022-04-15T13:21:07+02:00\">15 de abril de 2022<\/time><time class=\"anwp-pg-updated\" datetime=\"2023-03-07T22:08:03+02:00\">7 de marzo de 2023<\/time><\/span>\n\t\t\t\t<\/div>\n\t\t\t\t\n\t\t\t\t\t<\/div>\n\n\t\t\t\t\t<div class=\"anwp-pg-post-teaser__excerpt mb-2\">\n\t\t\t\tEspacio Natural Protegido de Las M\u00e9dulas.- Las M\u00e9dulas es un Espacio Natural situado al oeste de la provincia de Le\u00f3n en la comarca de El Bierzo, en el valle del ...\t\t\t<\/div>\n\t\t\n\t\t\n\t<\/div>\n\n<\/div>\n<div class=\"anwp-pg-post-teaser anwp-pg-post-teaser--inner-cover-link anwp-pg-post-teaser--layout-d d-flex flex-column swiper-slide\">\n\t<div class=\"anwp-pg-post-teaser__thumbnail position-relative\">\n\n\t\t\n\t\t\n\t\t\t\t\t<img loading=\"lazy\" class=\"anwp-pg-post-teaser__thumbnail-img d-block anwp-pg-height-250 anwp-object-cover m-0 w-100\"\n\t\t\t\talt=\"Espacios Naturales Protegidos de Espa\u00f1a\"\n\t\t\t\tsrc=\"https:\/\/koinecommerce.com\/blog-cerespain\/wp-content\/uploads\/2021\/12\/espacios-naturales-espana.jpg\"\/>\n\t\t\n\t\t<div class=\"anwp-pg-post-teaser__thumbnail-bg anwp-position-cover\"><\/div>\n\n\t\t<a class=\"anwp-position-cover anwp-link-without-effects\" href=\"https:\/\/koinecommerce.com\/blog-cerespain\/espacios-naturales-protegidos-de-espana\/\" aria-hidden=\"true\" ><\/a>\n\t<\/div>\n\n\t<div class=\"anwp-pg-post-teaser__content flex-grow-1 pt-1 d-flex flex-column\">\n\n\t\t<div class=\"anwp-pg-post-teaser__title anwp-font-heading mt-2\">\n\t\t\t<a class=\"anwp-link-without-effects\" href=\"https:\/\/koinecommerce.com\/blog-cerespain\/espacios-naturales-protegidos-de-espana\/\" aria-hidden=\"true\" >\n\t\t\t\tEspacios Naturales Protegidos de Espa\u00f1a\t\t\t<\/a>\n\t\t<\/div>\n\n\t\t<div class=\"anwp-pg-post-teaser__bottom-meta d-flex flex-wrap\">\n\n\t\t\t\t\t\t\t<div class=\"anwp-pg-post-teaser__bottom-meta-item d-flex align-items-center mr-3\">\n\t\t\t\t\t<svg class=\"anwp-pg-icon anwp-pg-icon--s16 mr-1\">\n\t\t\t\t\t\t<use xlink:href=\"#icon-anwp-pg-calendar\"><\/use>\n\t\t\t\t\t<\/svg>\n\t\t\t\t\t<span class=\"posted-on m-0\"><span class=\"screen-reader-text\">Posted on<\/span><time class=\"anwp-pg-published\" datetime=\"2021-12-22T17:42:05+02:00\">22 de diciembre de 2021<\/time><time class=\"anwp-pg-updated\" datetime=\"2023-04-12T14:03:28+02:00\">12 de abril de 2023<\/time><\/span>\n\t\t\t\t<\/div>\n\t\t\t\t\n\t\t\t\t\t<\/div>\n\n\t\t\t\t\t<div class=\"anwp-pg-post-teaser__excerpt mb-2\">\n\t\t\t\tEspacios Naturales Protegidos.- Espacios Naturales Protegidos de Espa\u00f1a. Tenemos una gran variedad de ecosistemas y h\u00e1bitats que albergan una rica biodiversidad. Para proteger y conservar estos lugares, se han establecido ...\t\t\t<\/div>\n\t\t\n\t\t\n\t<\/div>\n\n<\/div>\n\t\t<\/div>\n\n\t\t\t\t\t\t\t\t\t<div class=\"swiper-pagination\"><\/div>\n\t\t\t\t\t\t\t\t\t<\/div>\n<\/div>\n\t\t\t\t<\/div>\n\t\t\t\t<\/div>\n\t\t\t\t\t<\/div>\n\t\t<\/div>\n\t\t\t\t\t<\/div>\n\t\t<\/section>\n\t\t\t\t\t<\/div>\n\t\t<\/div>\n\t\t\t\t\t<\/div>\n\t\t<\/section>\n\t\t\t\t<\/div>\n\t\t","protected":false},"excerpt":{"rendered":"<p>Blog Cerespain Gastronom\u00eda y turismo en Espa\u00f1a. El pa\u00eds m\u00e1s rico del mundo. \u00a1Food &amp; Tourism in Spain! Rutas Tur\u00edsticas Comarca del Matarra\u00f1a Posted on13 de marzo de 202513 de marzo de 2025 Frutas y Frutos secos Cultivo de manzanos y manzanas Posted on9 de marzo de 20259 de marzo de 2025 Hortalizas, Legumbres y&#8230;<\/p>\n","protected":false},"author":2,"featured_media":16755,"parent":0,"menu_order":0,"comment_status":"closed","ping_status":"closed","template":"","meta":{"_kad_post_transparent":"default","_kad_post_title":"hide","_kad_post_layout":"fullwidth","_kad_post_sidebar_id":"","_kad_post_content_style":"unboxed","_kad_post_vertical_padding":"hide","_kad_post_feature":"hide","_kad_post_feature_position":"","_kad_post_header":false,"_kad_post_footer":false,"_kad_post_classname":"","footnotes":""},"class_list":["post-16331","page","type-page","status-publish","has-post-thumbnail","hentry"],"yoast_head":"<!-- This site is optimized with the Yoast SEO Premium plugin v25.2 (Yoast SEO v28.4) - https:\/\/yoast.com\/product\/yoast-seo-premium-wordpress\/ -->\n<title>Blog Cerespain: Gastronom\u00eda y Turismo en Espa\u00f1a<\/title>\n<meta name=\"description\" content=\"En el blog Cerespain la gastronom\u00eda, la cultura, la naturaleza y el turismo de Espa\u00f1a. El pa\u00eds m\u00e1s rico del mundo. Food &amp; tourism in Spain.\" \/>\n<meta name=\"robots\" content=\"index, follow, max-snippet:-1, max-image-preview:large, max-video-preview:-1\" \/>\n<link rel=\"canonical\" href=\"https:\/\/koinecommerce.com\/blog-cerespain\/\" \/>\n<meta property=\"og:locale\" content=\"es_ES\" \/>\n<meta property=\"og:type\" content=\"article\" \/>\n<meta property=\"og:title\" content=\"Gastronom\u00eda y Turismo en Espa\u00f1a: el pa\u00eds m\u00e1s rico del mundo - Blog Cerespain\" \/>\n<meta property=\"og:description\" content=\"Descubre la gastronom\u00eda y el turismo en Espa\u00f1a. Conoce los m\u00e9todos de producci\u00f3n y los productos emblem\u00e1ticos. \u00a1Food &amp; Tourism in Spain!\" \/>\n<meta property=\"og:url\" content=\"https:\/\/koinecommerce.com\/blog-cerespain\/\" \/>\n<meta property=\"og:site_name\" content=\"Blog Cerespain\" \/>\n<meta property=\"article:publisher\" content=\"https:\/\/www.facebook.com\/cerespain\" \/>\n<meta property=\"article:modified_time\" content=\"2025-04-23T19:29:59+00:00\" \/>\n<meta property=\"og:image\" content=\"https:\/\/koinecommerce.com\/blog-cerespain\/wp-content\/uploads\/2022\/03\/logo-rrss.jpg\" \/>\n\t<meta property=\"og:image:width\" content=\"257\" \/>\n\t<meta property=\"og:image:height\" content=\"200\" \/>\n\t<meta property=\"og:image:type\" content=\"image\/jpeg\" \/>\n<meta name=\"twitter:card\" content=\"summary_large_image\" \/>\n<meta name=\"twitter:title\" content=\"Gastronom\u00eda y Turismo en Espa\u00f1a - Blog Cerespain\" \/>\n<meta name=\"twitter:description\" content=\"Descubre la gastronom\u00eda y el turismo en Espa\u00f1a. \u00a1El pa\u00eds m\u00e1s rico del mundo! \u00a1Food &amp; Tourism in Spain!\" \/>\n<meta name=\"twitter:image\" content=\"https:\/\/koinecommerce.com\/blog-cerespain\/wp-content\/uploads\/2022\/03\/logo-rrss.jpg\" \/>\n<meta name=\"twitter:site\" content=\"@koinecommerce\" \/>\n<meta name=\"twitter:label1\" content=\"Tiempo de lectura\" \/>\n\t<meta name=\"twitter:data1\" content=\"22 minutos\" \/>\n<script type=\"application\/ld+json\" class=\"yoast-schema-graph\">{\"@context\":\"https:\\\/\\\/schema.org\",\"@graph\":[{\"@type\":[\"Article\",\"BlogPosting\"],\"@id\":\"https:\\\/\\\/koinecommerce.com\\\/blog-cerespain\\\/#article\",\"isPartOf\":{\"@id\":\"https:\\\/\\\/koinecommerce.com\\\/blog-cerespain\\\/\"},\"author\":{\"name\":\"Laura Nu\u00f1ez\",\"@id\":\"https:\\\/\\\/koinecommerce.com\\\/blog-cerespain\\\/#\\\/schema\\\/person\\\/d2eb96e31e6e8e7cf72036d54a9f9522\"},\"headline\":\"Blog Cerespain\",\"datePublished\":\"2022-02-11T12:12:10+00:00\",\"dateModified\":\"2025-04-23T19:29:59+00:00\",\"mainEntityOfPage\":{\"@id\":\"https:\\\/\\\/koinecommerce.com\\\/blog-cerespain\\\/\"},\"wordCount\":2138,\"publisher\":{\"@id\":\"https:\\\/\\\/koinecommerce.com\\\/blog-cerespain\\\/#organization\"},\"image\":{\"@id\":\"https:\\\/\\\/koinecommerce.com\\\/blog-cerespain\\\/#primaryimage\"},\"thumbnailUrl\":\"https:\\\/\\\/koinecommerce.com\\\/blog-cerespain\\\/wp-content\\\/uploads\\\/2022\\\/03\\\/logo-rrss.jpg\",\"inLanguage\":\"es\"},{\"@type\":\"WebPage\",\"@id\":\"https:\\\/\\\/koinecommerce.com\\\/blog-cerespain\\\/\",\"url\":\"https:\\\/\\\/koinecommerce.com\\\/blog-cerespain\\\/\",\"name\":\"Blog Cerespain: Gastronom\u00eda y Turismo en Espa\u00f1a\",\"isPartOf\":{\"@id\":\"https:\\\/\\\/koinecommerce.com\\\/blog-cerespain\\\/#website\"},\"primaryImageOfPage\":{\"@id\":\"https:\\\/\\\/koinecommerce.com\\\/blog-cerespain\\\/#primaryimage\"},\"image\":{\"@id\":\"https:\\\/\\\/koinecommerce.com\\\/blog-cerespain\\\/#primaryimage\"},\"thumbnailUrl\":\"https:\\\/\\\/koinecommerce.com\\\/blog-cerespain\\\/wp-content\\\/uploads\\\/2022\\\/03\\\/logo-rrss.jpg\",\"datePublished\":\"2022-02-11T12:12:10+00:00\",\"dateModified\":\"2025-04-23T19:29:59+00:00\",\"description\":\"En el blog Cerespain la gastronom\u00eda, la cultura, la naturaleza y el turismo de Espa\u00f1a. El pa\u00eds m\u00e1s rico del mundo. Food & tourism in Spain.\",\"breadcrumb\":{\"@id\":\"https:\\\/\\\/koinecommerce.com\\\/blog-cerespain\\\/#breadcrumb\"},\"inLanguage\":\"es\",\"potentialAction\":[{\"@type\":\"ReadAction\",\"target\":[\"https:\\\/\\\/koinecommerce.com\\\/blog-cerespain\\\/\"]}]},{\"@type\":\"ImageObject\",\"inLanguage\":\"es\",\"@id\":\"https:\\\/\\\/koinecommerce.com\\\/blog-cerespain\\\/#primaryimage\",\"url\":\"https:\\\/\\\/koinecommerce.com\\\/blog-cerespain\\\/wp-content\\\/uploads\\\/2022\\\/03\\\/logo-rrss.jpg\",\"contentUrl\":\"https:\\\/\\\/koinecommerce.com\\\/blog-cerespain\\\/wp-content\\\/uploads\\\/2022\\\/03\\\/logo-rrss.jpg\",\"width\":257,\"height\":200,\"caption\":\"Gastronom\u00eda y Turismo en Espa\u00f1a.\"},{\"@type\":\"BreadcrumbList\",\"@id\":\"https:\\\/\\\/koinecommerce.com\\\/blog-cerespain\\\/#breadcrumb\",\"itemListElement\":[{\"@type\":\"ListItem\",\"position\":1,\"name\":\"Portada\",\"item\":\"https:\\\/\\\/koinecommerce.com\\\/blog-cerespain\\\/\"},{\"@type\":\"ListItem\",\"position\":2,\"name\":\"Blog Cerespain\"}]},{\"@type\":\"WebSite\",\"@id\":\"https:\\\/\\\/koinecommerce.com\\\/blog-cerespain\\\/#website\",\"url\":\"https:\\\/\\\/koinecommerce.com\\\/blog-cerespain\\\/\",\"name\":\"Blog Cerespain\",\"description\":\"Gastronom\u00eda y turismo en Espa\u00f1a, el pa\u00eds m\u00e1s rico del mundo. Food &amp; Tourism in Spain. Blog Cerespain.\",\"publisher\":{\"@id\":\"https:\\\/\\\/koinecommerce.com\\\/blog-cerespain\\\/#organization\"},\"potentialAction\":[{\"@type\":\"SearchAction\",\"target\":{\"@type\":\"EntryPoint\",\"urlTemplate\":\"https:\\\/\\\/koinecommerce.com\\\/blog-cerespain\\\/?s={search_term_string}\"},\"query-input\":{\"@type\":\"PropertyValueSpecification\",\"valueRequired\":true,\"valueName\":\"search_term_string\"}}],\"inLanguage\":\"es\"},{\"@type\":\"Organization\",\"@id\":\"https:\\\/\\\/koinecommerce.com\\\/blog-cerespain\\\/#organization\",\"name\":\"Koinecommerce\",\"url\":\"https:\\\/\\\/koinecommerce.com\\\/blog-cerespain\\\/\",\"logo\":{\"@type\":\"ImageObject\",\"inLanguage\":\"es\",\"@id\":\"https:\\\/\\\/koinecommerce.com\\\/blog-cerespain\\\/#\\\/schema\\\/logo\\\/image\\\/\",\"url\":\"https:\\\/\\\/koinecommerce.com\\\/blog-cerespain\\\/wp-content\\\/uploads\\\/2022\\\/02\\\/logo-slogan-emails.gif\",\"contentUrl\":\"https:\\\/\\\/koinecommerce.com\\\/blog-cerespain\\\/wp-content\\\/uploads\\\/2022\\\/02\\\/logo-slogan-emails.gif\",\"width\":400,\"height\":107,\"caption\":\"Koinecommerce\"},\"image\":{\"@id\":\"https:\\\/\\\/koinecommerce.com\\\/blog-cerespain\\\/#\\\/schema\\\/logo\\\/image\\\/\"},\"sameAs\":[\"https:\\\/\\\/www.facebook.com\\\/cerespain\",\"https:\\\/\\\/x.com\\\/koinecommerce\",\"https:\\\/\\\/www.instagram.com\\\/koinecommerce\\\/\",\"https:\\\/\\\/twitter.com\\\/Cerespain\"]},{\"@type\":\"Person\",\"@id\":\"https:\\\/\\\/koinecommerce.com\\\/blog-cerespain\\\/#\\\/schema\\\/person\\\/d2eb96e31e6e8e7cf72036d54a9f9522\",\"name\":\"Laura Nu\u00f1ez\",\"image\":{\"@type\":\"ImageObject\",\"inLanguage\":\"es\",\"@id\":\"https:\\\/\\\/secure.gravatar.com\\\/avatar\\\/b704a80a02ac0c6d1ac37118244691cca69ceb6414d36746696b08d7322d8558?s=96&d=mm&r=g\",\"url\":\"https:\\\/\\\/secure.gravatar.com\\\/avatar\\\/b704a80a02ac0c6d1ac37118244691cca69ceb6414d36746696b08d7322d8558?s=96&d=mm&r=g\",\"contentUrl\":\"https:\\\/\\\/secure.gravatar.com\\\/avatar\\\/b704a80a02ac0c6d1ac37118244691cca69ceb6414d36746696b08d7322d8558?s=96&d=mm&r=g\",\"caption\":\"Laura Nu\u00f1ez\"}}]}<\/script>\n<!-- \/ Yoast SEO Premium plugin. -->","yoast_head_json":{"title":"Blog Cerespain: Gastronom\u00eda y Turismo en Espa\u00f1a","description":"En el blog Cerespain la gastronom\u00eda, la cultura, la naturaleza y el turismo de Espa\u00f1a. El pa\u00eds m\u00e1s rico del mundo. Food & tourism in Spain.","robots":{"index":"index","follow":"follow","max-snippet":"max-snippet:-1","max-image-preview":"max-image-preview:large","max-video-preview":"max-video-preview:-1"},"canonical":"https:\/\/koinecommerce.com\/blog-cerespain\/","og_locale":"es_ES","og_type":"article","og_title":"Gastronom\u00eda y Turismo en Espa\u00f1a: el pa\u00eds m\u00e1s rico del mundo - Blog Cerespain","og_description":"Descubre la gastronom\u00eda y el turismo en Espa\u00f1a. Conoce los m\u00e9todos de producci\u00f3n y los productos emblem\u00e1ticos. \u00a1Food & Tourism in Spain!","og_url":"https:\/\/koinecommerce.com\/blog-cerespain\/","og_site_name":"Blog Cerespain","article_publisher":"https:\/\/www.facebook.com\/cerespain","article_modified_time":"2025-04-23T19:29:59+00:00","og_image":[{"width":257,"height":200,"url":"https:\/\/koinecommerce.com\/blog-cerespain\/wp-content\/uploads\/2022\/03\/logo-rrss.jpg","type":"image\/jpeg"}],"twitter_card":"summary_large_image","twitter_title":"Gastronom\u00eda y Turismo en Espa\u00f1a - Blog Cerespain","twitter_description":"Descubre la gastronom\u00eda y el turismo en Espa\u00f1a. \u00a1El pa\u00eds m\u00e1s rico del mundo! \u00a1Food & Tourism in Spain!","twitter_image":"https:\/\/koinecommerce.com\/blog-cerespain\/wp-content\/uploads\/2022\/03\/logo-rrss.jpg","twitter_site":"@koinecommerce","twitter_misc":{"Tiempo de lectura":"22 minutos"},"schema":{"@context":"https:\/\/schema.org","@graph":[{"@type":["Article","BlogPosting"],"@id":"https:\/\/koinecommerce.com\/blog-cerespain\/#article","isPartOf":{"@id":"https:\/\/koinecommerce.com\/blog-cerespain\/"},"author":{"name":"Laura Nu\u00f1ez","@id":"https:\/\/koinecommerce.com\/blog-cerespain\/#\/schema\/person\/d2eb96e31e6e8e7cf72036d54a9f9522"},"headline":"Blog Cerespain","datePublished":"2022-02-11T12:12:10+00:00","dateModified":"2025-04-23T19:29:59+00:00","mainEntityOfPage":{"@id":"https:\/\/koinecommerce.com\/blog-cerespain\/"},"wordCount":2138,"publisher":{"@id":"https:\/\/koinecommerce.com\/blog-cerespain\/#organization"},"image":{"@id":"https:\/\/koinecommerce.com\/blog-cerespain\/#primaryimage"},"thumbnailUrl":"https:\/\/koinecommerce.com\/blog-cerespain\/wp-content\/uploads\/2022\/03\/logo-rrss.jpg","inLanguage":"es"},{"@type":"WebPage","@id":"https:\/\/koinecommerce.com\/blog-cerespain\/","url":"https:\/\/koinecommerce.com\/blog-cerespain\/","name":"Blog Cerespain: Gastronom\u00eda y Turismo en Espa\u00f1a","isPartOf":{"@id":"https:\/\/koinecommerce.com\/blog-cerespain\/#website"},"primaryImageOfPage":{"@id":"https:\/\/koinecommerce.com\/blog-cerespain\/#primaryimage"},"image":{"@id":"https:\/\/koinecommerce.com\/blog-cerespain\/#primaryimage"},"thumbnailUrl":"https:\/\/koinecommerce.com\/blog-cerespain\/wp-content\/uploads\/2022\/03\/logo-rrss.jpg","datePublished":"2022-02-11T12:12:10+00:00","dateModified":"2025-04-23T19:29:59+00:00","description":"En el blog Cerespain la gastronom\u00eda, la cultura, la naturaleza y el turismo de Espa\u00f1a. El pa\u00eds m\u00e1s rico del mundo. Food & tourism in Spain.","breadcrumb":{"@id":"https:\/\/koinecommerce.com\/blog-cerespain\/#breadcrumb"},"inLanguage":"es","potentialAction":[{"@type":"ReadAction","target":["https:\/\/koinecommerce.com\/blog-cerespain\/"]}]},{"@type":"ImageObject","inLanguage":"es","@id":"https:\/\/koinecommerce.com\/blog-cerespain\/#primaryimage","url":"https:\/\/koinecommerce.com\/blog-cerespain\/wp-content\/uploads\/2022\/03\/logo-rrss.jpg","contentUrl":"https:\/\/koinecommerce.com\/blog-cerespain\/wp-content\/uploads\/2022\/03\/logo-rrss.jpg","width":257,"height":200,"caption":"Gastronom\u00eda y Turismo en Espa\u00f1a."},{"@type":"BreadcrumbList","@id":"https:\/\/koinecommerce.com\/blog-cerespain\/#breadcrumb","itemListElement":[{"@type":"ListItem","position":1,"name":"Portada","item":"https:\/\/koinecommerce.com\/blog-cerespain\/"},{"@type":"ListItem","position":2,"name":"Blog Cerespain"}]},{"@type":"WebSite","@id":"https:\/\/koinecommerce.com\/blog-cerespain\/#website","url":"https:\/\/koinecommerce.com\/blog-cerespain\/","name":"Blog Cerespain","description":"Gastronom\u00eda y turismo en Espa\u00f1a, el pa\u00eds m\u00e1s rico del mundo. Food &amp; Tourism in Spain. Blog Cerespain.","publisher":{"@id":"https:\/\/koinecommerce.com\/blog-cerespain\/#organization"},"potentialAction":[{"@type":"SearchAction","target":{"@type":"EntryPoint","urlTemplate":"https:\/\/koinecommerce.com\/blog-cerespain\/?s={search_term_string}"},"query-input":{"@type":"PropertyValueSpecification","valueRequired":true,"valueName":"search_term_string"}}],"inLanguage":"es"},{"@type":"Organization","@id":"https:\/\/koinecommerce.com\/blog-cerespain\/#organization","name":"Koinecommerce","url":"https:\/\/koinecommerce.com\/blog-cerespain\/","logo":{"@type":"ImageObject","inLanguage":"es","@id":"https:\/\/koinecommerce.com\/blog-cerespain\/#\/schema\/logo\/image\/","url":"https:\/\/koinecommerce.com\/blog-cerespain\/wp-content\/uploads\/2022\/02\/logo-slogan-emails.gif","contentUrl":"https:\/\/koinecommerce.com\/blog-cerespain\/wp-content\/uploads\/2022\/02\/logo-slogan-emails.gif","width":400,"height":107,"caption":"Koinecommerce"},"image":{"@id":"https:\/\/koinecommerce.com\/blog-cerespain\/#\/schema\/logo\/image\/"},"sameAs":["https:\/\/www.facebook.com\/cerespain","https:\/\/x.com\/koinecommerce","https:\/\/www.instagram.com\/koinecommerce\/","https:\/\/twitter.com\/Cerespain"]},{"@type":"Person","@id":"https:\/\/koinecommerce.com\/blog-cerespain\/#\/schema\/person\/d2eb96e31e6e8e7cf72036d54a9f9522","name":"Laura Nu\u00f1ez","image":{"@type":"ImageObject","inLanguage":"es","@id":"https:\/\/secure.gravatar.com\/avatar\/b704a80a02ac0c6d1ac37118244691cca69ceb6414d36746696b08d7322d8558?s=96&d=mm&r=g","url":"https:\/\/secure.gravatar.com\/avatar\/b704a80a02ac0c6d1ac37118244691cca69ceb6414d36746696b08d7322d8558?s=96&d=mm&r=g","contentUrl":"https:\/\/secure.gravatar.com\/avatar\/b704a80a02ac0c6d1ac37118244691cca69ceb6414d36746696b08d7322d8558?s=96&d=mm&r=g","caption":"Laura Nu\u00f1ez"}}]}},"_links":{"self":[{"href":"https:\/\/koinecommerce.com\/blog-cerespain\/wp-json\/wp\/v2\/pages\/16331","targetHints":{"allow":["GET"]}}],"collection":[{"href":"https:\/\/koinecommerce.com\/blog-cerespain\/wp-json\/wp\/v2\/pages"}],"about":[{"href":"https:\/\/koinecommerce.com\/blog-cerespain\/wp-json\/wp\/v2\/types\/page"}],"author":[{"embeddable":true,"href":"https:\/\/koinecommerce.com\/blog-cerespain\/wp-json\/wp\/v2\/users\/2"}],"replies":[{"embeddable":true,"href":"https:\/\/koinecommerce.com\/blog-cerespain\/wp-json\/wp\/v2\/comments?post=16331"}],"version-history":[{"count":557,"href":"https:\/\/koinecommerce.com\/blog-cerespain\/wp-json\/wp\/v2\/pages\/16331\/revisions"}],"predecessor-version":[{"id":20928,"href":"https:\/\/koinecommerce.com\/blog-cerespain\/wp-json\/wp\/v2\/pages\/16331\/revisions\/20928"}],"wp:featuredmedia":[{"embeddable":true,"href":"https:\/\/koinecommerce.com\/blog-cerespain\/wp-json\/wp\/v2\/media\/16755"}],"wp:attachment":[{"href":"https:\/\/koinecommerce.com\/blog-cerespain\/wp-json\/wp\/v2\/media?parent=16331"}],"curies":[{"name":"wp","href":"https:\/\/api.w.org\/{rel}","templated":true}]}}